{"id":807,"date":"2021-09-08T17:47:18","date_gmt":"2021-09-08T15:47:18","guid":{"rendered":"https:\/\/laura.ticmatic.es\/?page_id=807"},"modified":"2021-09-10T11:13:05","modified_gmt":"2021-09-10T09:13:05","slug":"terapia-para-ninos-y-adolescentes-con-conductas-disruptivas","status":"publish","type":"page","link":"https:\/\/www.laurarequena.es\/en\/servicios\/terapias-para-ninos-y-adolescentes\/terapias-para-ninos-y-adolescentes-con-otras-patologias\/terapia-para-ninos-y-adolescentes-con-conductas-disruptivas\/","title":{"rendered":"Terapia para ni\u00f1os y adolescentes con conductas disruptivas"},"content":{"rendered":"[vc_row type=&#8221;full_width_background&#8221; full_screen_row_position=&#8221;middle&#8221; column_margin=&#8221;default&#8221; column_direction=&#8221;default&#8221; column_direction_tablet=&#8221;default&#8221; column_direction_phone=&#8221;default&#8221; bg_color=&#8221;#333333&#8243; bg_image=&#8221;741&#8243; bg_position=&#8221;center center&#8221; background_image_loading=&#8221;default&#8221; bg_repeat=&#8221;no-repeat&#8221; full_height=&#8221;yes&#8221; scene_position=&#8221;center&#8221; top_padding=&#8221;0&#8243; constrain_group_1=&#8221;yes&#8221; bottom_padding=&#8221;0&#8243; text_color=&#8221;light&#8221; text_align=&#8221;left&#8221; row_border_radius=&#8221;none&#8221; row_border_radius_applies=&#8221;bg&#8221; color_overlay=&#8221;#0a0a0a&#8221; overlay_strength=&#8221;0.3&#8243; gradient_direction=&#8221;left_to_right&#8221; shape_divider_position=&#8221;bottom&#8221; bg_image_animation=&#8221;none&#8221; parallax_bg=&#8221;true&#8221; parallax_bg_speed=&#8221;fast&#8221; shape_type=&#8221;&#8221;][vc_column column_padding=&#8221;no-extra-padding&#8221; column_padding_tablet=&#8221;inherit&#8221; column_padding_phone=&#8221;inherit&#8221; column_padding_position=&#8221;all&#8221; column_element_spacing=&#8221;default&#8221; background_color_opacity=&#8221;1&#8243; background_hover_color_opacity=&#8221;1&#8243; column_shadow=&#8221;none&#8221; column_border_radius=&#8221;none&#8221; column_link_target=&#8221;_self&#8221; gradient_direction=&#8221;left_to_right&#8221; overlay_strength=&#8221;0.3&#8243; width=&#8221;1\/1&#8243; tablet_width_inherit=&#8221;default&#8221; tablet_text_alignment=&#8221;default&#8221; phone_text_alignment=&#8221;default&#8221; bg_image_animation=&#8221;none&#8221; border_type=&#8221;simple&#8221; column_border_width=&#8221;none&#8221; column_border_style=&#8221;solid&#8221;][vc_row_inner column_margin=&#8221;default&#8221; column_direction=&#8221;default&#8221; column_direction_tablet=&#8221;default&#8221; column_direction_phone=&#8221;default&#8221; text_align=&#8221;left&#8221;][vc_column_inner column_padding=&#8221;no-extra-padding&#8221; column_padding_tablet=&#8221;inherit&#8221; column_padding_phone=&#8221;inherit&#8221; column_padding_position=&#8221;all&#8221; column_element_spacing=&#8221;default&#8221; background_color_opacity=&#8221;1&#8243; background_hover_color_opacity=&#8221;1&#8243; column_shadow=&#8221;none&#8221; column_border_radius=&#8221;none&#8221; column_link_target=&#8221;_self&#8221; gradient_direction=&#8221;left_to_right&#8221; overlay_strength=&#8221;0.3&#8243; width=&#8221;1\/6&#8243; tablet_width_inherit=&#8221;default&#8221; bg_image_animation=&#8221;none&#8221; enable_animation=&#8221;true&#8221; animation=&#8221;fade-in-from-bottom&#8221; border_type=&#8221;simple&#8221; column_border_width=&#8221;none&#8221; column_border_style=&#8221;solid&#8221;][\/vc_column_inner][vc_column_inner column_padding=&#8221;no-extra-padding&#8221; column_padding_tablet=&#8221;inherit&#8221; column_padding_phone=&#8221;inherit&#8221; column_padding_position=&#8221;all&#8221; column_element_spacing=&#8221;default&#8221; centered_text=&#8221;true&#8221; background_color_opacity=&#8221;1&#8243; background_hover_color_opacity=&#8221;1&#8243; column_shadow=&#8221;none&#8221; column_border_radius=&#8221;none&#8221; column_link_target=&#8221;_self&#8221; gradient_direction=&#8221;left_to_right&#8221; overlay_strength=&#8221;0.3&#8243; width=&#8221;2\/3&#8243; tablet_width_inherit=&#8221;default&#8221; bg_image_animation=&#8221;none&#8221; enable_animation=&#8221;true&#8221; animation=&#8221;fade-in-from-bottom&#8221; border_type=&#8221;simple&#8221; column_border_width=&#8221;none&#8221; column_border_style=&#8221;solid&#8221;][vc_column_text css_animation=&#8221;none&#8221; css=&#8221;.vc_custom_1631115930439{margin-bottom: 15px !important;}&#8221;]\n<h1>Terapia para ni\u00f1os y adolescentes con conductas disruptiva<\/h1>\n[\/vc_column_text][\/vc_column_inner][vc_column_inner column_padding=&#8221;no-extra-padding&#8221; column_padding_tablet=&#8221;inherit&#8221; column_padding_phone=&#8221;inherit&#8221; column_padding_position=&#8221;all&#8221; column_element_spacing=&#8221;default&#8221; background_color_opacity=&#8221;1&#8243; background_hover_color_opacity=&#8221;1&#8243; column_shadow=&#8221;none&#8221; column_border_radius=&#8221;none&#8221; column_link_target=&#8221;_self&#8221; gradient_direction=&#8221;left_to_right&#8221; overlay_strength=&#8221;0.3&#8243; width=&#8221;1\/6&#8243; tablet_width_inherit=&#8221;default&#8221; bg_image_animation=&#8221;none&#8221; border_type=&#8221;simple&#8221; column_border_width=&#8221;none&#8221; column_border_style=&#8221;solid&#8221;][\/vc_column_inner][\/vc_row_inner][\/vc_column][\/vc_row][vc_row type=&#8221;full_width_content&#8221; full_screen_row_position=&#8221;middle&#8221; column_margin=&#8221;default&#8221; equal_height=&#8221;yes&#8221; content_placement=&#8221;middle&#8221; column_direction=&#8221;default&#8221; column_direction_tablet=&#8221;default&#8221; column_direction_phone=&#8221;default&#8221; bg_color=&#8221;#141414&#8243; full_height=&#8221;yes&#8221; columns_placement=&#8221;stretch&#8221; scene_position=&#8221;center&#8221; text_color=&#8221;light&#8221; text_align=&#8221;left&#8221; row_border_radius=&#8221;none&#8221; row_border_radius_applies=&#8221;bg&#8221; overlay_strength=&#8221;0.3&#8243; gradient_direction=&#8221;left_to_right&#8221; shape_divider_position=&#8221;bottom&#8221; bg_image_animation=&#8221;none&#8221; shape_type=&#8221;&#8221;][vc_column column_padding=&#8221;padding-10-percent&#8221; column_padding_tablet=&#8221;inherit&#8221; column_padding_phone=&#8221;inherit&#8221; column_padding_position=&#8221;all&#8221; column_element_spacing=&#8221;default&#8221; background_color_opacity=&#8221;1&#8243; background_hover_color_opacity=&#8221;1&#8243; column_shadow=&#8221;none&#8221; column_border_radius=&#8221;none&#8221; column_link_target=&#8221;_self&#8221; gradient_direction=&#8221;left_to_right&#8221; overlay_strength=&#8221;0.3&#8243; width=&#8221;1\/1&#8243; tablet_width_inherit=&#8221;default&#8221; tablet_text_alignment=&#8221;default&#8221; phone_text_alignment=&#8221;default&#8221; bg_image_animation=&#8221;none&#8221; border_type=&#8221;simple&#8221; column_border_width=&#8221;none&#8221; column_border_style=&#8221;solid&#8221;][vc_custom_heading text=&#8221;Terapia para ni\u00f1os y adolescentes&#8221; font_container=&#8221;tag:h5|text_align:left|color:%23bfbfbf&#8221; use_theme_fonts=&#8221;yes&#8221; css=&#8221;.vc_custom_1631264417522{margin-bottom: 10px !important;}&#8221;][vc_custom_heading text=&#8221;Conducta disruptiva&#8221; font_container=&#8221;tag:h2|font_size:40|text_align:left|line_height:50px&#8221; use_theme_fonts=&#8221;yes&#8221;][vc_column_text css=&#8221;.vc_custom_1631264615971{margin-top: 30px !important;margin-bottom: 30px !important;}&#8221;]Los trastornos de conducta disruptiva son trastornos en los que el ni\u00f1o o adolescente tiene dificultad para controlar sus emociones y su comportamiento. El comportamiento puede ser muy desafiante, y el ni\u00f1o o adolescente puede tener fuertes conflictos con las figuras de autoridad.<\/p>\n<p>Sus actos pueden ser agresivos y destructivos, generando m\u00faltiples problemas contra s\u00ed mismo y su entorno. Todos los ni\u00f1os pueden mostrar problemas leves de conducta, pero los que sufren este trastorno, tienen sintomatolog\u00eda m\u00e1s grave y continua con el paso del tiempo.<\/p>\n<p>El tipo de patr\u00f3n com\u00fan que caracteriza a estos trastornos suele ser la persistencia de ira, irritabilidad, discusi\u00f3n, desobediencia, resentimiento hacia los dem\u00e1s, y especialmente ante figuras de autoridad. Otros s\u00edntomas son:<\/p>\n<ul>\n<li>A menudo, discute con los adultos o con las personas con autoridad<\/li>\n<li>A menudo, desobedece de forma activa o se niega a cumplir con los pedidos o con las reglas de los adultos<\/li>\n<li>Molesta o altera a las personas de manera intencional con frecuencia<\/li>\n<li>Con frecuencia, culpa a otras personas por sus errores o mal comportamiento<\/li>\n<li>Suele ser rencoroso o vengativo<\/li>\n<li>Ha demostrado un comportamiento rencoroso o vengativo dos veces en los \u00faltimos seis meses, como m\u00ednimo<\/li>\n<\/ul>\n<p>En algunos ni\u00f1os, es posible que los s\u00edntomas primero se evidencien solo en el entorno familiar en casa, pero, con el tiempo, se extiendan hacia otros entornos, como en la escuela y con los amigos. Los padres suelen tener muchas dificultades para ellos por si solos, intentar controlar a un ni\u00f1o con este tipo de problemas.<\/p>\n<p>Las causas son la gen\u00e9tica y el entorno. Una predisposici\u00f3n natural en la forma neurobiol\u00f3gica puede ser determinante junto con el tipo de crianza, con falta de control parental, disciplina grave y contradictoria, junto con abuso o negligencia.<\/p>\n<p>El tratamiento depende del caso y se basa en intervenci\u00f3n psicosocial combinado en ocasiones con medicaci\u00f3n. Cada ni\u00f1o responde de forma distinta a los tratamientos, por lo que probar varios tratamientos e ir valorando sus resultados suele ser la opci\u00f3n m\u00e1s id\u00f3nea.<\/p>\n<p>La psicoterapia puede mejorar la relaci\u00f3n familiar, las interacciones con los dem\u00e1s, la conciencia sobre el problema en s\u00ed, un entrenamiento adecuado para los padres donde pueden aprender nuevas formas de comunicaci\u00f3n, asertividad, dejar espacio para mejor expresi\u00f3n emocional, ayudarles a gestionar mejor las emociones de sus hijos y evitar discutir siendo conscientes de que las normas deben cumplirse. Es muy importantes trabajar con estos ni\u00f1os\/as\/adolescentes en la parte emocional y necesitan sentirse escuchados.[\/vc_column_text][vc_column_text]<a href=\"http:\/\/www.laurarequena.es\/terapias-para-ninos-y-adolescentes\/\">Volver a terapia en ni\u00f1os y adolescentes<\/a>[\/vc_column_text][\/vc_column][\/vc_row]\n","protected":false},"excerpt":{"rendered":"<p>[vc_row type=&#8221;full_width_background&#8221; full_screen_row_position=&#8221;middle&#8221; column_margin=&#8221;default&#8221; column_direction=&#8221;default&#8221; column_direction_tablet=&#8221;default&#8221; column_direction_phone=&#8221;default&#8221; bg_color=&#8221;#333333&#8243; bg_image=&#8221;741&#8243; bg_position=&#8221;center center&#8221; background_image_loading=&#8221;default&#8221; bg_repeat=&#8221;no-repeat&#8221; full_height=&#8221;yes&#8221; scene_position=&#8221;center&#8221; top_padding=&#8221;0&#8243; constrain_group_1=&#8221;yes&#8221; bottom_padding=&#8221;0&#8243; text_color=&#8221;light&#8221; text_align=&#8221;left&#8221; row_border_radius=&#8221;none&#8221; row_border_radius_applies=&#8221;bg&#8221; color_overlay=&#8221;#0a0a0a&#8221; overlay_strength=&#8221;0.3&#8243; gradient_direction=&#8221;left_to_right&#8221; shape_divider_position=&#8221;bottom&#8221; bg_image_animation=&#8221;none&#8221; parallax_bg=&#8221;true&#8221; parallax_bg_speed=&#8221;fast&#8221; shape_type=&#8221;&#8221;][vc_column&#8230;<\/p>\n","protected":false},"author":4,"featured_media":0,"parent":858,"menu_order":0,"comment_status":"closed","ping_status":"closed","template":"","meta":{"_joinchat":[],"footnotes":""},"class_list":["post-807","page","type-page","status-publish"],"yoast_head":"<!-- This site is optimized with the Yoast SEO plugin v27.1.1 - https:\/\/yoast.com\/product\/yoast-seo-wordpress\/ -->\n<title>Terapia para ni\u00f1os y adolescentes con conductas disruptivas - Laura Requena<\/title>\n<meta name=\"robots\" content=\"index, follow, max-snippet:-1, max-image-preview:large, max-video-preview:-1\" \/>\n<link rel=\"canonical\" href=\"https:\/\/www.laurarequena.es\/en\/servicios\/terapias-para-ninos-y-adolescentes\/terapias-para-ninos-y-adolescentes-con-otras-patologias\/terapia-para-ninos-y-adolescentes-con-conductas-disruptivas\/\" \/>\n<meta property=\"og:locale\" content=\"en_US\" \/>\n<meta property=\"og:type\" content=\"article\" \/>\n<meta property=\"og:title\" content=\"Terapia para ni\u00f1os y adolescentes con conductas disruptivas - Laura Requena\" \/>\n<meta property=\"og:description\" content=\"[vc_row type=&#8221;full_width_background&#8221; full_screen_row_position=&#8221;middle&#8221; column_margin=&#8221;default&#8221; column_direction=&#8221;default&#8221; column_direction_tablet=&#8221;default&#8221; column_direction_phone=&#8221;default&#8221; bg_color=&#8221;#333333&#8243; bg_image=&#8221;741&#8243; bg_position=&#8221;center center&#8221; background_image_loading=&#8221;default&#8221; bg_repeat=&#8221;no-repeat&#8221; full_height=&#8221;yes&#8221; scene_position=&#8221;center&#8221; top_padding=&#8221;0&#8243; constrain_group_1=&#8221;yes&#8221; bottom_padding=&#8221;0&#8243; text_color=&#8221;light&#8221; text_align=&#8221;left&#8221; row_border_radius=&#8221;none&#8221; row_border_radius_applies=&#8221;bg&#8221; color_overlay=&#8221;#0a0a0a&#8221; overlay_strength=&#8221;0.3&#8243; gradient_direction=&#8221;left_to_right&#8221; shape_divider_position=&#8221;bottom&#8221; bg_image_animation=&#8221;none&#8221; parallax_bg=&#8221;true&#8221; parallax_bg_speed=&#8221;fast&#8221; shape_type=&#8221;&#8221;][vc_column...\" \/>\n<meta property=\"og:url\" content=\"https:\/\/www.laurarequena.es\/servicios\/terapias-para-ninos-y-adolescentes\/terapias-para-ninos-y-adolescentes-con-otras-patologias\/terapia-para-ninos-y-adolescentes-con-conductas-disruptivas\/\" \/>\n<meta property=\"og:site_name\" content=\"Laura Requena\" \/>\n<meta property=\"article:modified_time\" content=\"2021-09-10T09:13:05+00:00\" \/>\n<meta name=\"twitter:card\" content=\"summary_large_image\" \/>\n<meta name=\"twitter:label1\" content=\"Est. reading time\" \/>\n\t<meta name=\"twitter:data1\" content=\"3 minutes\" \/>\n<script type=\"application\/ld+json\" class=\"yoast-schema-graph\">{\"@context\":\"https:\/\/schema.org\",\"@graph\":[{\"@type\":\"WebPage\",\"@id\":\"https:\/\/www.laurarequena.es\/servicios\/terapias-para-ninos-y-adolescentes\/terapias-para-ninos-y-adolescentes-con-otras-patologias\/terapia-para-ninos-y-adolescentes-con-conductas-disruptivas\/\",\"url\":\"https:\/\/www.laurarequena.es\/servicios\/terapias-para-ninos-y-adolescentes\/terapias-para-ninos-y-adolescentes-con-otras-patologias\/terapia-para-ninos-y-adolescentes-con-conductas-disruptivas\/\",\"name\":\"Terapia para ni\u00f1os y adolescentes con conductas disruptivas - Laura Requena\",\"isPartOf\":{\"@id\":\"https:\/\/www.laurarequena.es\/#website\"},\"datePublished\":\"2021-09-08T15:47:18+00:00\",\"dateModified\":\"2021-09-10T09:13:05+00:00\",\"breadcrumb\":{\"@id\":\"https:\/\/www.laurarequena.es\/servicios\/terapias-para-ninos-y-adolescentes\/terapias-para-ninos-y-adolescentes-con-otras-patologias\/terapia-para-ninos-y-adolescentes-con-conductas-disruptivas\/#breadcrumb\"},\"inLanguage\":\"en-US\",\"potentialAction\":[{\"@type\":\"ReadAction\",\"target\":[\"https:\/\/www.laurarequena.es\/servicios\/terapias-para-ninos-y-adolescentes\/terapias-para-ninos-y-adolescentes-con-otras-patologias\/terapia-para-ninos-y-adolescentes-con-conductas-disruptivas\/\"]}]},{\"@type\":\"BreadcrumbList\",\"@id\":\"https:\/\/www.laurarequena.es\/servicios\/terapias-para-ninos-y-adolescentes\/terapias-para-ninos-y-adolescentes-con-otras-patologias\/terapia-para-ninos-y-adolescentes-con-conductas-disruptivas\/#breadcrumb\",\"itemListElement\":[{\"@type\":\"ListItem\",\"position\":1,\"name\":\"Portada\",\"item\":\"https:\/\/www.laurarequena.es\/\"},{\"@type\":\"ListItem\",\"position\":2,\"name\":\"Servicios\",\"item\":\"https:\/\/www.laurarequena.es\/servicios\/\"},{\"@type\":\"ListItem\",\"position\":3,\"name\":\"Terapias para ni\u00f1os y adolescentes\",\"item\":\"https:\/\/www.laurarequena.es\/servicios\/terapias-para-ninos-y-adolescentes\/\"},{\"@type\":\"ListItem\",\"position\":4,\"name\":\"Terapias para ni\u00f1os y adolescentes con otras patolog\u00edas\",\"item\":\"https:\/\/www.laurarequena.es\/en\/services\/therapies-for-children-and-adolescents\/terapias-para-ninos-y-adolescentes-con-otras-patologias\/\"},{\"@type\":\"ListItem\",\"position\":5,\"name\":\"Terapia para ni\u00f1os y adolescentes con conductas disruptivas\"}]},{\"@type\":\"WebSite\",\"@id\":\"https:\/\/www.laurarequena.es\/#website\",\"url\":\"https:\/\/www.laurarequena.es\/\",\"name\":\"Laura Requena\",\"description\":\"\",\"publisher\":{\"@id\":\"https:\/\/www.laurarequena.es\/#organization\"},\"potentialAction\":[{\"@type\":\"SearchAction\",\"target\":{\"@type\":\"EntryPoint\",\"urlTemplate\":\"https:\/\/www.laurarequena.es\/?s={search_term_string}\"},\"query-input\":{\"@type\":\"PropertyValueSpecification\",\"valueRequired\":true,\"valueName\":\"search_term_string\"}}],\"inLanguage\":\"en-US\"},{\"@type\":\"Organization\",\"@id\":\"https:\/\/www.laurarequena.es\/#organization\",\"name\":\"Centro de Psicoterapia Laura Requena\",\"url\":\"https:\/\/www.laurarequena.es\/\",\"logo\":{\"@type\":\"ImageObject\",\"inLanguage\":\"en-US\",\"@id\":\"https:\/\/www.laurarequena.es\/#\/schema\/logo\/image\/\",\"url\":\"http:\/\/www.laurarequena.es\/wp-content\/uploads\/navbar-laura-requena-ticmatic.png\",\"contentUrl\":\"http:\/\/www.laurarequena.es\/wp-content\/uploads\/navbar-laura-requena-ticmatic.png\",\"width\":1780,\"height\":443,\"caption\":\"Centro de Psicoterapia Laura Requena\"},\"image\":{\"@id\":\"https:\/\/www.laurarequena.es\/#\/schema\/logo\/image\/\"}}]}<\/script>\n<!-- \/ Yoast SEO plugin. -->","yoast_head_json":{"title":"Terapia para ni\u00f1os y adolescentes con conductas disruptivas - Laura Requena","robots":{"index":"index","follow":"follow","max-snippet":"max-snippet:-1","max-image-preview":"max-image-preview:large","max-video-preview":"max-video-preview:-1"},"canonical":"https:\/\/www.laurarequena.es\/en\/servicios\/terapias-para-ninos-y-adolescentes\/terapias-para-ninos-y-adolescentes-con-otras-patologias\/terapia-para-ninos-y-adolescentes-con-conductas-disruptivas\/","og_locale":"en_US","og_type":"article","og_title":"Terapia para ni\u00f1os y adolescentes con conductas disruptivas - Laura Requena","og_description":"[vc_row type=&#8221;full_width_background&#8221; full_screen_row_position=&#8221;middle&#8221; column_margin=&#8221;default&#8221; column_direction=&#8221;default&#8221; column_direction_tablet=&#8221;default&#8221; column_direction_phone=&#8221;default&#8221; bg_color=&#8221;#333333&#8243; bg_image=&#8221;741&#8243; bg_position=&#8221;center center&#8221; background_image_loading=&#8221;default&#8221; bg_repeat=&#8221;no-repeat&#8221; full_height=&#8221;yes&#8221; scene_position=&#8221;center&#8221; top_padding=&#8221;0&#8243; constrain_group_1=&#8221;yes&#8221; bottom_padding=&#8221;0&#8243; text_color=&#8221;light&#8221; text_align=&#8221;left&#8221; row_border_radius=&#8221;none&#8221; row_border_radius_applies=&#8221;bg&#8221; color_overlay=&#8221;#0a0a0a&#8221; overlay_strength=&#8221;0.3&#8243; gradient_direction=&#8221;left_to_right&#8221; shape_divider_position=&#8221;bottom&#8221; bg_image_animation=&#8221;none&#8221; parallax_bg=&#8221;true&#8221; parallax_bg_speed=&#8221;fast&#8221; shape_type=&#8221;&#8221;][vc_column...","og_url":"https:\/\/www.laurarequena.es\/servicios\/terapias-para-ninos-y-adolescentes\/terapias-para-ninos-y-adolescentes-con-otras-patologias\/terapia-para-ninos-y-adolescentes-con-conductas-disruptivas\/","og_site_name":"Laura Requena","article_modified_time":"2021-09-10T09:13:05+00:00","twitter_card":"summary_large_image","twitter_misc":{"Est. reading time":"3 minutes"},"schema":{"@context":"https:\/\/schema.org","@graph":[{"@type":"WebPage","@id":"https:\/\/www.laurarequena.es\/servicios\/terapias-para-ninos-y-adolescentes\/terapias-para-ninos-y-adolescentes-con-otras-patologias\/terapia-para-ninos-y-adolescentes-con-conductas-disruptivas\/","url":"https:\/\/www.laurarequena.es\/servicios\/terapias-para-ninos-y-adolescentes\/terapias-para-ninos-y-adolescentes-con-otras-patologias\/terapia-para-ninos-y-adolescentes-con-conductas-disruptivas\/","name":"Terapia para ni\u00f1os y adolescentes con conductas disruptivas - Laura Requena","isPartOf":{"@id":"https:\/\/www.laurarequena.es\/#website"},"datePublished":"2021-09-08T15:47:18+00:00","dateModified":"2021-09-10T09:13:05+00:00","breadcrumb":{"@id":"https:\/\/www.laurarequena.es\/servicios\/terapias-para-ninos-y-adolescentes\/terapias-para-ninos-y-adolescentes-con-otras-patologias\/terapia-para-ninos-y-adolescentes-con-conductas-disruptivas\/#breadcrumb"},"inLanguage":"en-US","potentialAction":[{"@type":"ReadAction","target":["https:\/\/www.laurarequena.es\/servicios\/terapias-para-ninos-y-adolescentes\/terapias-para-ninos-y-adolescentes-con-otras-patologias\/terapia-para-ninos-y-adolescentes-con-conductas-disruptivas\/"]}]},{"@type":"BreadcrumbList","@id":"https:\/\/www.laurarequena.es\/servicios\/terapias-para-ninos-y-adolescentes\/terapias-para-ninos-y-adolescentes-con-otras-patologias\/terapia-para-ninos-y-adolescentes-con-conductas-disruptivas\/#breadcrumb","itemListElement":[{"@type":"ListItem","position":1,"name":"Portada","item":"https:\/\/www.laurarequena.es\/"},{"@type":"ListItem","position":2,"name":"Servicios","item":"https:\/\/www.laurarequena.es\/servicios\/"},{"@type":"ListItem","position":3,"name":"Terapias para ni\u00f1os y adolescentes","item":"https:\/\/www.laurarequena.es\/servicios\/terapias-para-ninos-y-adolescentes\/"},{"@type":"ListItem","position":4,"name":"Terapias para ni\u00f1os y adolescentes con otras patolog\u00edas","item":"https:\/\/www.laurarequena.es\/en\/services\/therapies-for-children-and-adolescents\/terapias-para-ninos-y-adolescentes-con-otras-patologias\/"},{"@type":"ListItem","position":5,"name":"Terapia para ni\u00f1os y adolescentes con conductas disruptivas"}]},{"@type":"WebSite","@id":"https:\/\/www.laurarequena.es\/#website","url":"https:\/\/www.laurarequena.es\/","name":"Laura Requena","description":"","publisher":{"@id":"https:\/\/www.laurarequena.es\/#organization"},"potentialAction":[{"@type":"SearchAction","target":{"@type":"EntryPoint","urlTemplate":"https:\/\/www.laurarequena.es\/?s={search_term_string}"},"query-input":{"@type":"PropertyValueSpecification","valueRequired":true,"valueName":"search_term_string"}}],"inLanguage":"en-US"},{"@type":"Organization","@id":"https:\/\/www.laurarequena.es\/#organization","name":"Centro de Psicoterapia Laura Requena","url":"https:\/\/www.laurarequena.es\/","logo":{"@type":"ImageObject","inLanguage":"en-US","@id":"https:\/\/www.laurarequena.es\/#\/schema\/logo\/image\/","url":"http:\/\/www.laurarequena.es\/wp-content\/uploads\/navbar-laura-requena-ticmatic.png","contentUrl":"http:\/\/www.laurarequena.es\/wp-content\/uploads\/navbar-laura-requena-ticmatic.png","width":1780,"height":443,"caption":"Centro de Psicoterapia Laura Requena"},"image":{"@id":"https:\/\/www.laurarequena.es\/#\/schema\/logo\/image\/"}}]}},"_links":{"self":[{"href":"https:\/\/www.laurarequena.es\/en\/wp-json\/wp\/v2\/pages\/807","targetHints":{"allow":["GET"]}}],"collection":[{"href":"https:\/\/www.laurarequena.es\/en\/wp-json\/wp\/v2\/pages"}],"about":[{"href":"https:\/\/www.laurarequena.es\/en\/wp-json\/wp\/v2\/types\/page"}],"author":[{"embeddable":true,"href":"https:\/\/www.laurarequena.es\/en\/wp-json\/wp\/v2\/users\/4"}],"replies":[{"embeddable":true,"href":"https:\/\/www.laurarequena.es\/en\/wp-json\/wp\/v2\/comments?post=807"}],"version-history":[{"count":4,"href":"https:\/\/www.laurarequena.es\/en\/wp-json\/wp\/v2\/pages\/807\/revisions"}],"predecessor-version":[{"id":1005,"href":"https:\/\/www.laurarequena.es\/en\/wp-json\/wp\/v2\/pages\/807\/revisions\/1005"}],"up":[{"embeddable":true,"href":"https:\/\/www.laurarequena.es\/en\/wp-json\/wp\/v2\/pages\/858"}],"wp:attachment":[{"href":"https:\/\/www.laurarequena.es\/en\/wp-json\/wp\/v2\/media?parent=807"}],"curies":[{"name":"wp","href":"https:\/\/api.w.org\/{rel}","templated":true}]}}