{"id":796,"date":"2021-09-08T17:41:35","date_gmt":"2021-09-08T15:41:35","guid":{"rendered":"https:\/\/laura.ticmatic.es\/?page_id=796"},"modified":"2021-09-10T11:14:06","modified_gmt":"2021-09-10T09:14:06","slug":"terapia-para-ninos-y-adolescentes-con-tdhatrastorno-por-deficit-e-hiperactividad","status":"publish","type":"page","link":"https:\/\/www.laurarequena.es\/en\/servicios\/terapias-para-ninos-y-adolescentes\/terapias-para-ninos-y-adolescentes-con-otras-patologias\/terapia-para-ninos-y-adolescentes-con-tdhatrastorno-por-deficit-e-hiperactividad\/","title":{"rendered":"Terapia para ni\u00f1os y adolescentes con TDHA(trastorno por d\u00e9ficit e hiperactividad)"},"content":{"rendered":"[vc_row type=&#8221;full_width_background&#8221; full_screen_row_position=&#8221;middle&#8221; column_margin=&#8221;default&#8221; column_direction=&#8221;default&#8221; column_direction_tablet=&#8221;default&#8221; column_direction_phone=&#8221;default&#8221; bg_color=&#8221;#333333&#8243; bg_image=&#8221;741&#8243; bg_position=&#8221;center center&#8221; background_image_loading=&#8221;default&#8221; bg_repeat=&#8221;no-repeat&#8221; full_height=&#8221;yes&#8221; scene_position=&#8221;center&#8221; top_padding=&#8221;0&#8243; constrain_group_1=&#8221;yes&#8221; bottom_padding=&#8221;0&#8243; text_color=&#8221;light&#8221; text_align=&#8221;left&#8221; row_border_radius=&#8221;none&#8221; row_border_radius_applies=&#8221;bg&#8221; color_overlay=&#8221;#0a0a0a&#8221; overlay_strength=&#8221;0.3&#8243; gradient_direction=&#8221;left_to_right&#8221; shape_divider_position=&#8221;bottom&#8221; bg_image_animation=&#8221;none&#8221; parallax_bg=&#8221;true&#8221; parallax_bg_speed=&#8221;fast&#8221; shape_type=&#8221;&#8221;][vc_column column_padding=&#8221;no-extra-padding&#8221; column_padding_tablet=&#8221;inherit&#8221; column_padding_phone=&#8221;inherit&#8221; column_padding_position=&#8221;all&#8221; column_element_spacing=&#8221;default&#8221; background_color_opacity=&#8221;1&#8243; background_hover_color_opacity=&#8221;1&#8243; column_shadow=&#8221;none&#8221; column_border_radius=&#8221;none&#8221; column_link_target=&#8221;_self&#8221; gradient_direction=&#8221;left_to_right&#8221; overlay_strength=&#8221;0.3&#8243; width=&#8221;1\/1&#8243; tablet_width_inherit=&#8221;default&#8221; tablet_text_alignment=&#8221;default&#8221; phone_text_alignment=&#8221;default&#8221; bg_image_animation=&#8221;none&#8221; border_type=&#8221;simple&#8221; column_border_width=&#8221;none&#8221; column_border_style=&#8221;solid&#8221;][vc_row_inner column_margin=&#8221;default&#8221; column_direction=&#8221;default&#8221; column_direction_tablet=&#8221;default&#8221; column_direction_phone=&#8221;default&#8221; text_align=&#8221;left&#8221;][vc_column_inner column_padding=&#8221;no-extra-padding&#8221; column_padding_tablet=&#8221;inherit&#8221; column_padding_phone=&#8221;inherit&#8221; column_padding_position=&#8221;all&#8221; column_element_spacing=&#8221;default&#8221; background_color_opacity=&#8221;1&#8243; background_hover_color_opacity=&#8221;1&#8243; column_shadow=&#8221;none&#8221; column_border_radius=&#8221;none&#8221; column_link_target=&#8221;_self&#8221; gradient_direction=&#8221;left_to_right&#8221; overlay_strength=&#8221;0.3&#8243; width=&#8221;1\/6&#8243; tablet_width_inherit=&#8221;default&#8221; bg_image_animation=&#8221;none&#8221; enable_animation=&#8221;true&#8221; animation=&#8221;fade-in-from-bottom&#8221; border_type=&#8221;simple&#8221; column_border_width=&#8221;none&#8221; column_border_style=&#8221;solid&#8221;][\/vc_column_inner][vc_column_inner column_padding=&#8221;no-extra-padding&#8221; column_padding_tablet=&#8221;inherit&#8221; column_padding_phone=&#8221;inherit&#8221; column_padding_position=&#8221;all&#8221; column_element_spacing=&#8221;default&#8221; centered_text=&#8221;true&#8221; background_color_opacity=&#8221;1&#8243; background_hover_color_opacity=&#8221;1&#8243; column_shadow=&#8221;none&#8221; column_border_radius=&#8221;none&#8221; column_link_target=&#8221;_self&#8221; gradient_direction=&#8221;left_to_right&#8221; overlay_strength=&#8221;0.3&#8243; width=&#8221;2\/3&#8243; tablet_width_inherit=&#8221;default&#8221; bg_image_animation=&#8221;none&#8221; enable_animation=&#8221;true&#8221; animation=&#8221;fade-in-from-bottom&#8221; border_type=&#8221;simple&#8221; column_border_width=&#8221;none&#8221; column_border_style=&#8221;solid&#8221;][vc_column_text css_animation=&#8221;none&#8221; css=&#8221;.vc_custom_1631115561866{margin-bottom: 15px !important;}&#8221;]\n<h1>Terapia para ni\u00f1os y adolescentes con TDHA(trastorno por d\u00e9ficit e hiperactividad)<\/h1>\n[\/vc_column_text][\/vc_column_inner][vc_column_inner column_padding=&#8221;no-extra-padding&#8221; column_padding_tablet=&#8221;inherit&#8221; column_padding_phone=&#8221;inherit&#8221; column_padding_position=&#8221;all&#8221; column_element_spacing=&#8221;default&#8221; background_color_opacity=&#8221;1&#8243; background_hover_color_opacity=&#8221;1&#8243; column_shadow=&#8221;none&#8221; column_border_radius=&#8221;none&#8221; column_link_target=&#8221;_self&#8221; gradient_direction=&#8221;left_to_right&#8221; overlay_strength=&#8221;0.3&#8243; width=&#8221;1\/6&#8243; tablet_width_inherit=&#8221;default&#8221; bg_image_animation=&#8221;none&#8221; border_type=&#8221;simple&#8221; column_border_width=&#8221;none&#8221; column_border_style=&#8221;solid&#8221;][\/vc_column_inner][\/vc_row_inner][\/vc_column][\/vc_row][vc_row type=&#8221;full_width_content&#8221; full_screen_row_position=&#8221;middle&#8221; column_margin=&#8221;default&#8221; equal_height=&#8221;yes&#8221; content_placement=&#8221;middle&#8221; column_direction=&#8221;default&#8221; column_direction_tablet=&#8221;default&#8221; column_direction_phone=&#8221;default&#8221; bg_color=&#8221;#141414&#8243; full_height=&#8221;yes&#8221; columns_placement=&#8221;stretch&#8221; scene_position=&#8221;center&#8221; text_color=&#8221;light&#8221; text_align=&#8221;left&#8221; row_border_radius=&#8221;none&#8221; row_border_radius_applies=&#8221;bg&#8221; overlay_strength=&#8221;0.3&#8243; gradient_direction=&#8221;left_to_right&#8221; shape_divider_position=&#8221;bottom&#8221; bg_image_animation=&#8221;none&#8221; shape_type=&#8221;&#8221;][vc_column column_padding=&#8221;padding-10-percent&#8221; column_padding_tablet=&#8221;inherit&#8221; column_padding_phone=&#8221;inherit&#8221; column_padding_position=&#8221;all&#8221; column_element_spacing=&#8221;default&#8221; background_color_opacity=&#8221;1&#8243; background_hover_color_opacity=&#8221;1&#8243; column_shadow=&#8221;none&#8221; column_border_radius=&#8221;none&#8221; column_link_target=&#8221;_self&#8221; gradient_direction=&#8221;left_to_right&#8221; overlay_strength=&#8221;0.3&#8243; width=&#8221;1\/1&#8243; tablet_width_inherit=&#8221;default&#8221; tablet_text_alignment=&#8221;default&#8221; phone_text_alignment=&#8221;default&#8221; bg_image_animation=&#8221;none&#8221; border_type=&#8221;simple&#8221; column_border_width=&#8221;none&#8221; column_border_style=&#8221;solid&#8221;][vc_custom_heading text=&#8221;Terapia en ni\u00f1os y adolescentes&#8221; font_container=&#8221;tag:h5|text_align:left|color:%23bfbfbf&#8221; use_theme_fonts=&#8221;yes&#8221; css=&#8221;.vc_custom_1631114475618{margin-bottom: 10px !important;}&#8221;][vc_custom_heading text=&#8221;TDHA(trastorno por d\u00e9ficit e hiperactividad)&#8221; font_container=&#8221;tag:h2|font_size:40|text_align:left|line_height:50px&#8221; use_theme_fonts=&#8221;yes&#8221;][vc_column_text css=&#8221;.vc_custom_1631264737988{margin-top: 30px !important;margin-bottom: 30px !important;}&#8221;]Las caracter\u00edsticas principales de TDAH son patrones persistentes de inatenci\u00f3n y\/o hiperactividad\/impulsividad significantemente mayor de lo esperado para un ni\u00f1o en fase de desarrollo. Este trastorno puede estar manifestado de muchas maneras, incluyendo falta de atenci\u00f3n en el colegio, a nivel ocupacional si se refiere a adultos o en situaciones sociales.<\/p>\n<p>Es por lo tanto un trastorno del desarrollo de las funciones ejecutivas y del autocontrol, debido a deficiencias en el intervalo de atenci\u00f3n y de control de los impulsos acompa\u00f1ado o no de hiperactividad.<\/p>\n<p>El TDAH puede hacer que resulte m\u00e1s dif\u00edcil controlar el comportamiento; por lo tanto, los ni\u00f1os y adolescentes tal vez se metan en problemas con m\u00e1s frecuencia; y adem\u00e1s puede afectar la relaci\u00f3n con otras personas.<\/p>\n<p>El TDAH afecta a millones de ni\u00f1os y a menudo contin\u00faa en la edad adulta, aunque algunos s\u00edntomas disminuyen con la edad. Incluye una combinaci\u00f3n de problemas persistentes, tales como dificultad para mantener la atenci\u00f3n, hiperactividad y comportamiento impulsivo.<\/p>\n<p>Los s\u00edntomas m\u00e1s comunes son:<\/p>\n<ul>\n<li>tengan dificultad para escuchar y prestar atenci\u00f3n<\/li>\n<li>necesiten muchos recordatorios para hacer las cosas<\/li>\n<li>se distraigan f\u00e1cilmente<\/li>\n<li>parezcan distra\u00eddas<\/li>\n<li>sean desorganizadas y pierdan las cosas<\/li>\n<li>no se sienten tranquilas ni esperen su turno o no sean pacientes<\/li>\n<li>hagan la tarea escolar u otras tareas a las apuradas o cometan errores por descuido<\/li>\n<li>interrumpan mucho y hablen o griten las respuestas en la clase<\/li>\n<li>hagan cosas que no debieran, incluso aunque sepan que no es correcto<\/li>\n<li>se sientan inquietas, ansiosas, frustradas y aburridas<\/li>\n<li>Dificultades con la baja autoestima y bajo rendimiento escolar.<\/li>\n<\/ul>\n<p>Si una persona presenta muchos de estos s\u00edntomas y estos problemas aparecen la mayor parte del tiempo, es posible que tenga TDAH. Aunque el tratamiento no cura el\u00a0TDAH, puede ayudar mucho con los s\u00edntomas. El tratamiento com\u00fanmente involucra medicamentos e intervenciones conductuales. El diagn\u00f3stico y tratamiento tempranos pueden hacer una gran diferencia en el resultado.<\/p>\n<p>Las causas del TDAH no est\u00e1n claras y las investigaciones contin\u00faan. Los factores que pueden estar involucrados en el desarrollo del TDAH incluyen la gen\u00e9tica, el medio ambiente o problemas con el sistema nervioso central en momentos clave del desarrollo.<\/p>\n<p>Hay factores de riesgo como tener padres o hermanos con este trastorno, la exposici\u00f3n al consumo de drogas, tabaquismo o alcohol durante el embarazo, nacimiento prematuro o exposici\u00f3n a toxinas tales como el plomo.<\/p>\n<p>El tratamiento se puede basar en medicaci\u00f3n que mejoran la capacidad del cerebro en prestar atenci\u00f3n y ser m\u00e1s paciente; pautas y orientaci\u00f3n familiar junto con u n entrenamiento familiar en qu\u00e9 pueden hacer para que la convivencia sea mejor; y proporcionar psicoterapia para aprender habilidades en la atenci\u00f3n, comprender y gestionar mejor sus sentimientos y emociones, y adquirir un mayor autocontrol y autoestima.[\/vc_column_text][vc_column_text]<a href=\"http:\/\/www.laurarequena.es\/terapias-para-ninos-y-adolescentes\/\">Volver a terapia en ni\u00f1os y adolescentes<\/a>[\/vc_column_text][\/vc_column][\/vc_row]\n","protected":false},"excerpt":{"rendered":"<p>[vc_row type=&#8221;full_width_background&#8221; full_screen_row_position=&#8221;middle&#8221; column_margin=&#8221;default&#8221; column_direction=&#8221;default&#8221; column_direction_tablet=&#8221;default&#8221; column_direction_phone=&#8221;default&#8221; bg_color=&#8221;#333333&#8243; bg_image=&#8221;741&#8243; bg_position=&#8221;center center&#8221; background_image_loading=&#8221;default&#8221; bg_repeat=&#8221;no-repeat&#8221; full_height=&#8221;yes&#8221; scene_position=&#8221;center&#8221; top_padding=&#8221;0&#8243; constrain_group_1=&#8221;yes&#8221; bottom_padding=&#8221;0&#8243; text_color=&#8221;light&#8221; text_align=&#8221;left&#8221; row_border_radius=&#8221;none&#8221; row_border_radius_applies=&#8221;bg&#8221; color_overlay=&#8221;#0a0a0a&#8221; overlay_strength=&#8221;0.3&#8243; gradient_direction=&#8221;left_to_right&#8221; shape_divider_position=&#8221;bottom&#8221; bg_image_animation=&#8221;none&#8221; parallax_bg=&#8221;true&#8221; parallax_bg_speed=&#8221;fast&#8221; shape_type=&#8221;&#8221;][vc_column&#8230;<\/p>\n","protected":false},"author":4,"featured_media":0,"parent":858,"menu_order":0,"comment_status":"closed","ping_status":"closed","template":"","meta":{"_joinchat":[],"footnotes":""},"class_list":["post-796","page","type-page","status-publish"],"yoast_head":"<!-- This site is optimized with the Yoast SEO plugin v27.1.1 - https:\/\/yoast.com\/product\/yoast-seo-wordpress\/ -->\n<title>Terapia para ni\u00f1os y adolescentes con TDHA(trastorno por d\u00e9ficit e hiperactividad) - Laura Requena<\/title>\n<meta name=\"robots\" content=\"index, follow, max-snippet:-1, max-image-preview:large, max-video-preview:-1\" \/>\n<link rel=\"canonical\" href=\"https:\/\/www.laurarequena.es\/en\/servicios\/terapias-para-ninos-y-adolescentes\/terapias-para-ninos-y-adolescentes-con-otras-patologias\/terapia-para-ninos-y-adolescentes-con-tdhatrastorno-por-deficit-e-hiperactividad\/\" \/>\n<meta property=\"og:locale\" content=\"en_US\" \/>\n<meta property=\"og:type\" content=\"article\" \/>\n<meta property=\"og:title\" content=\"Terapia para ni\u00f1os y adolescentes con TDHA(trastorno por d\u00e9ficit e hiperactividad) - Laura Requena\" \/>\n<meta property=\"og:description\" content=\"[vc_row type=&#8221;full_width_background&#8221; full_screen_row_position=&#8221;middle&#8221; column_margin=&#8221;default&#8221; column_direction=&#8221;default&#8221; column_direction_tablet=&#8221;default&#8221; column_direction_phone=&#8221;default&#8221; bg_color=&#8221;#333333&#8243; bg_image=&#8221;741&#8243; bg_position=&#8221;center center&#8221; background_image_loading=&#8221;default&#8221; bg_repeat=&#8221;no-repeat&#8221; full_height=&#8221;yes&#8221; scene_position=&#8221;center&#8221; top_padding=&#8221;0&#8243; constrain_group_1=&#8221;yes&#8221; bottom_padding=&#8221;0&#8243; text_color=&#8221;light&#8221; text_align=&#8221;left&#8221; row_border_radius=&#8221;none&#8221; row_border_radius_applies=&#8221;bg&#8221; color_overlay=&#8221;#0a0a0a&#8221; overlay_strength=&#8221;0.3&#8243; gradient_direction=&#8221;left_to_right&#8221; shape_divider_position=&#8221;bottom&#8221; bg_image_animation=&#8221;none&#8221; parallax_bg=&#8221;true&#8221; parallax_bg_speed=&#8221;fast&#8221; shape_type=&#8221;&#8221;][vc_column...\" \/>\n<meta property=\"og:url\" content=\"https:\/\/www.laurarequena.es\/servicios\/terapias-para-ninos-y-adolescentes\/terapias-para-ninos-y-adolescentes-con-otras-patologias\/terapia-para-ninos-y-adolescentes-con-tdhatrastorno-por-deficit-e-hiperactividad\/\" \/>\n<meta property=\"og:site_name\" content=\"Laura Requena\" \/>\n<meta property=\"article:modified_time\" content=\"2021-09-10T09:14:06+00:00\" \/>\n<meta name=\"twitter:card\" content=\"summary_large_image\" \/>\n<meta name=\"twitter:label1\" content=\"Est. reading time\" \/>\n\t<meta name=\"twitter:data1\" content=\"3 minutes\" \/>\n<script type=\"application\/ld+json\" class=\"yoast-schema-graph\">{\"@context\":\"https:\/\/schema.org\",\"@graph\":[{\"@type\":\"WebPage\",\"@id\":\"https:\/\/www.laurarequena.es\/servicios\/terapias-para-ninos-y-adolescentes\/terapias-para-ninos-y-adolescentes-con-otras-patologias\/terapia-para-ninos-y-adolescentes-con-tdhatrastorno-por-deficit-e-hiperactividad\/\",\"url\":\"https:\/\/www.laurarequena.es\/servicios\/terapias-para-ninos-y-adolescentes\/terapias-para-ninos-y-adolescentes-con-otras-patologias\/terapia-para-ninos-y-adolescentes-con-tdhatrastorno-por-deficit-e-hiperactividad\/\",\"name\":\"Terapia para ni\u00f1os y adolescentes con TDHA(trastorno por d\u00e9ficit e hiperactividad) - Laura Requena\",\"isPartOf\":{\"@id\":\"https:\/\/www.laurarequena.es\/#website\"},\"datePublished\":\"2021-09-08T15:41:35+00:00\",\"dateModified\":\"2021-09-10T09:14:06+00:00\",\"breadcrumb\":{\"@id\":\"https:\/\/www.laurarequena.es\/servicios\/terapias-para-ninos-y-adolescentes\/terapias-para-ninos-y-adolescentes-con-otras-patologias\/terapia-para-ninos-y-adolescentes-con-tdhatrastorno-por-deficit-e-hiperactividad\/#breadcrumb\"},\"inLanguage\":\"en-US\",\"potentialAction\":[{\"@type\":\"ReadAction\",\"target\":[\"https:\/\/www.laurarequena.es\/servicios\/terapias-para-ninos-y-adolescentes\/terapias-para-ninos-y-adolescentes-con-otras-patologias\/terapia-para-ninos-y-adolescentes-con-tdhatrastorno-por-deficit-e-hiperactividad\/\"]}]},{\"@type\":\"BreadcrumbList\",\"@id\":\"https:\/\/www.laurarequena.es\/servicios\/terapias-para-ninos-y-adolescentes\/terapias-para-ninos-y-adolescentes-con-otras-patologias\/terapia-para-ninos-y-adolescentes-con-tdhatrastorno-por-deficit-e-hiperactividad\/#breadcrumb\",\"itemListElement\":[{\"@type\":\"ListItem\",\"position\":1,\"name\":\"Portada\",\"item\":\"https:\/\/www.laurarequena.es\/\"},{\"@type\":\"ListItem\",\"position\":2,\"name\":\"Servicios\",\"item\":\"https:\/\/www.laurarequena.es\/servicios\/\"},{\"@type\":\"ListItem\",\"position\":3,\"name\":\"Terapias para ni\u00f1os y adolescentes\",\"item\":\"https:\/\/www.laurarequena.es\/servicios\/terapias-para-ninos-y-adolescentes\/\"},{\"@type\":\"ListItem\",\"position\":4,\"name\":\"Terapias para ni\u00f1os y adolescentes con otras patolog\u00edas\",\"item\":\"https:\/\/www.laurarequena.es\/en\/services\/therapies-for-children-and-adolescents\/terapias-para-ninos-y-adolescentes-con-otras-patologias\/\"},{\"@type\":\"ListItem\",\"position\":5,\"name\":\"Terapia para ni\u00f1os y adolescentes con TDHA(trastorno por d\u00e9ficit e hiperactividad)\"}]},{\"@type\":\"WebSite\",\"@id\":\"https:\/\/www.laurarequena.es\/#website\",\"url\":\"https:\/\/www.laurarequena.es\/\",\"name\":\"Laura Requena\",\"description\":\"\",\"publisher\":{\"@id\":\"https:\/\/www.laurarequena.es\/#organization\"},\"potentialAction\":[{\"@type\":\"SearchAction\",\"target\":{\"@type\":\"EntryPoint\",\"urlTemplate\":\"https:\/\/www.laurarequena.es\/?s={search_term_string}\"},\"query-input\":{\"@type\":\"PropertyValueSpecification\",\"valueRequired\":true,\"valueName\":\"search_term_string\"}}],\"inLanguage\":\"en-US\"},{\"@type\":\"Organization\",\"@id\":\"https:\/\/www.laurarequena.es\/#organization\",\"name\":\"Centro de Psicoterapia Laura Requena\",\"url\":\"https:\/\/www.laurarequena.es\/\",\"logo\":{\"@type\":\"ImageObject\",\"inLanguage\":\"en-US\",\"@id\":\"https:\/\/www.laurarequena.es\/#\/schema\/logo\/image\/\",\"url\":\"http:\/\/www.laurarequena.es\/wp-content\/uploads\/navbar-laura-requena-ticmatic.png\",\"contentUrl\":\"http:\/\/www.laurarequena.es\/wp-content\/uploads\/navbar-laura-requena-ticmatic.png\",\"width\":1780,\"height\":443,\"caption\":\"Centro de Psicoterapia Laura Requena\"},\"image\":{\"@id\":\"https:\/\/www.laurarequena.es\/#\/schema\/logo\/image\/\"}}]}<\/script>\n<!-- \/ Yoast SEO plugin. -->","yoast_head_json":{"title":"Terapia para ni\u00f1os y adolescentes con TDHA(trastorno por d\u00e9ficit e hiperactividad) - Laura Requena","robots":{"index":"index","follow":"follow","max-snippet":"max-snippet:-1","max-image-preview":"max-image-preview:large","max-video-preview":"max-video-preview:-1"},"canonical":"https:\/\/www.laurarequena.es\/en\/servicios\/terapias-para-ninos-y-adolescentes\/terapias-para-ninos-y-adolescentes-con-otras-patologias\/terapia-para-ninos-y-adolescentes-con-tdhatrastorno-por-deficit-e-hiperactividad\/","og_locale":"en_US","og_type":"article","og_title":"Terapia para ni\u00f1os y adolescentes con TDHA(trastorno por d\u00e9ficit e hiperactividad) - Laura Requena","og_description":"[vc_row type=&#8221;full_width_background&#8221; full_screen_row_position=&#8221;middle&#8221; column_margin=&#8221;default&#8221; column_direction=&#8221;default&#8221; column_direction_tablet=&#8221;default&#8221; column_direction_phone=&#8221;default&#8221; bg_color=&#8221;#333333&#8243; bg_image=&#8221;741&#8243; bg_position=&#8221;center center&#8221; background_image_loading=&#8221;default&#8221; bg_repeat=&#8221;no-repeat&#8221; full_height=&#8221;yes&#8221; scene_position=&#8221;center&#8221; top_padding=&#8221;0&#8243; constrain_group_1=&#8221;yes&#8221; bottom_padding=&#8221;0&#8243; text_color=&#8221;light&#8221; text_align=&#8221;left&#8221; row_border_radius=&#8221;none&#8221; row_border_radius_applies=&#8221;bg&#8221; color_overlay=&#8221;#0a0a0a&#8221; overlay_strength=&#8221;0.3&#8243; gradient_direction=&#8221;left_to_right&#8221; shape_divider_position=&#8221;bottom&#8221; bg_image_animation=&#8221;none&#8221; parallax_bg=&#8221;true&#8221; parallax_bg_speed=&#8221;fast&#8221; shape_type=&#8221;&#8221;][vc_column...","og_url":"https:\/\/www.laurarequena.es\/servicios\/terapias-para-ninos-y-adolescentes\/terapias-para-ninos-y-adolescentes-con-otras-patologias\/terapia-para-ninos-y-adolescentes-con-tdhatrastorno-por-deficit-e-hiperactividad\/","og_site_name":"Laura Requena","article_modified_time":"2021-09-10T09:14:06+00:00","twitter_card":"summary_large_image","twitter_misc":{"Est. reading time":"3 minutes"},"schema":{"@context":"https:\/\/schema.org","@graph":[{"@type":"WebPage","@id":"https:\/\/www.laurarequena.es\/servicios\/terapias-para-ninos-y-adolescentes\/terapias-para-ninos-y-adolescentes-con-otras-patologias\/terapia-para-ninos-y-adolescentes-con-tdhatrastorno-por-deficit-e-hiperactividad\/","url":"https:\/\/www.laurarequena.es\/servicios\/terapias-para-ninos-y-adolescentes\/terapias-para-ninos-y-adolescentes-con-otras-patologias\/terapia-para-ninos-y-adolescentes-con-tdhatrastorno-por-deficit-e-hiperactividad\/","name":"Terapia para ni\u00f1os y adolescentes con TDHA(trastorno por d\u00e9ficit e hiperactividad) - Laura Requena","isPartOf":{"@id":"https:\/\/www.laurarequena.es\/#website"},"datePublished":"2021-09-08T15:41:35+00:00","dateModified":"2021-09-10T09:14:06+00:00","breadcrumb":{"@id":"https:\/\/www.laurarequena.es\/servicios\/terapias-para-ninos-y-adolescentes\/terapias-para-ninos-y-adolescentes-con-otras-patologias\/terapia-para-ninos-y-adolescentes-con-tdhatrastorno-por-deficit-e-hiperactividad\/#breadcrumb"},"inLanguage":"en-US","potentialAction":[{"@type":"ReadAction","target":["https:\/\/www.laurarequena.es\/servicios\/terapias-para-ninos-y-adolescentes\/terapias-para-ninos-y-adolescentes-con-otras-patologias\/terapia-para-ninos-y-adolescentes-con-tdhatrastorno-por-deficit-e-hiperactividad\/"]}]},{"@type":"BreadcrumbList","@id":"https:\/\/www.laurarequena.es\/servicios\/terapias-para-ninos-y-adolescentes\/terapias-para-ninos-y-adolescentes-con-otras-patologias\/terapia-para-ninos-y-adolescentes-con-tdhatrastorno-por-deficit-e-hiperactividad\/#breadcrumb","itemListElement":[{"@type":"ListItem","position":1,"name":"Portada","item":"https:\/\/www.laurarequena.es\/"},{"@type":"ListItem","position":2,"name":"Servicios","item":"https:\/\/www.laurarequena.es\/servicios\/"},{"@type":"ListItem","position":3,"name":"Terapias para ni\u00f1os y adolescentes","item":"https:\/\/www.laurarequena.es\/servicios\/terapias-para-ninos-y-adolescentes\/"},{"@type":"ListItem","position":4,"name":"Terapias para ni\u00f1os y adolescentes con otras patolog\u00edas","item":"https:\/\/www.laurarequena.es\/en\/services\/therapies-for-children-and-adolescents\/terapias-para-ninos-y-adolescentes-con-otras-patologias\/"},{"@type":"ListItem","position":5,"name":"Terapia para ni\u00f1os y adolescentes con TDHA(trastorno por d\u00e9ficit e hiperactividad)"}]},{"@type":"WebSite","@id":"https:\/\/www.laurarequena.es\/#website","url":"https:\/\/www.laurarequena.es\/","name":"Laura Requena","description":"","publisher":{"@id":"https:\/\/www.laurarequena.es\/#organization"},"potentialAction":[{"@type":"SearchAction","target":{"@type":"EntryPoint","urlTemplate":"https:\/\/www.laurarequena.es\/?s={search_term_string}"},"query-input":{"@type":"PropertyValueSpecification","valueRequired":true,"valueName":"search_term_string"}}],"inLanguage":"en-US"},{"@type":"Organization","@id":"https:\/\/www.laurarequena.es\/#organization","name":"Centro de Psicoterapia Laura Requena","url":"https:\/\/www.laurarequena.es\/","logo":{"@type":"ImageObject","inLanguage":"en-US","@id":"https:\/\/www.laurarequena.es\/#\/schema\/logo\/image\/","url":"http:\/\/www.laurarequena.es\/wp-content\/uploads\/navbar-laura-requena-ticmatic.png","contentUrl":"http:\/\/www.laurarequena.es\/wp-content\/uploads\/navbar-laura-requena-ticmatic.png","width":1780,"height":443,"caption":"Centro de Psicoterapia Laura Requena"},"image":{"@id":"https:\/\/www.laurarequena.es\/#\/schema\/logo\/image\/"}}]}},"_links":{"self":[{"href":"https:\/\/www.laurarequena.es\/en\/wp-json\/wp\/v2\/pages\/796","targetHints":{"allow":["GET"]}}],"collection":[{"href":"https:\/\/www.laurarequena.es\/en\/wp-json\/wp\/v2\/pages"}],"about":[{"href":"https:\/\/www.laurarequena.es\/en\/wp-json\/wp\/v2\/types\/page"}],"author":[{"embeddable":true,"href":"https:\/\/www.laurarequena.es\/en\/wp-json\/wp\/v2\/users\/4"}],"replies":[{"embeddable":true,"href":"https:\/\/www.laurarequena.es\/en\/wp-json\/wp\/v2\/comments?post=796"}],"version-history":[{"count":3,"href":"https:\/\/www.laurarequena.es\/en\/wp-json\/wp\/v2\/pages\/796\/revisions"}],"predecessor-version":[{"id":1006,"href":"https:\/\/www.laurarequena.es\/en\/wp-json\/wp\/v2\/pages\/796\/revisions\/1006"}],"up":[{"embeddable":true,"href":"https:\/\/www.laurarequena.es\/en\/wp-json\/wp\/v2\/pages\/858"}],"wp:attachment":[{"href":"https:\/\/www.laurarequena.es\/en\/wp-json\/wp\/v2\/media?parent=796"}],"curies":[{"name":"wp","href":"https:\/\/api.w.org\/{rel}","templated":true}]}}