{"id":695,"date":"2021-09-07T19:37:05","date_gmt":"2021-09-07T17:37:05","guid":{"rendered":"https:\/\/laura.ticmatic.es\/?page_id=695"},"modified":"2021-09-13T10:37:47","modified_gmt":"2021-09-13T08:37:47","slug":"terapia-para-adultos-con-otras-patologias","status":"publish","type":"page","link":"https:\/\/www.laurarequena.es\/en\/servicios\/terapias-para-adultos\/terapia-para-adultos-con-otras-patologias\/","title":{"rendered":"Terapia para adultos con otras patolog\u00edas"},"content":{"rendered":"[vc_row type=&#8221;full_width_background&#8221; full_screen_row_position=&#8221;middle&#8221; column_margin=&#8221;default&#8221; column_direction=&#8221;default&#8221; column_direction_tablet=&#8221;default&#8221; column_direction_phone=&#8221;default&#8221; bg_color=&#8221;#333333&#8243; bg_image=&#8221;749&#8243; bg_position=&#8221;center center&#8221; background_image_loading=&#8221;default&#8221; bg_repeat=&#8221;no-repeat&#8221; full_height=&#8221;yes&#8221; scene_position=&#8221;center&#8221; top_padding=&#8221;0&#8243; constrain_group_1=&#8221;yes&#8221; bottom_padding=&#8221;0&#8243; text_color=&#8221;light&#8221; text_align=&#8221;left&#8221; row_border_radius=&#8221;none&#8221; row_border_radius_applies=&#8221;bg&#8221; color_overlay=&#8221;#0a0a0a&#8221; overlay_strength=&#8221;0.3&#8243; gradient_direction=&#8221;left_to_right&#8221; shape_divider_position=&#8221;bottom&#8221; bg_image_animation=&#8221;none&#8221; parallax_bg=&#8221;true&#8221; parallax_bg_speed=&#8221;fast&#8221; shape_type=&#8221;&#8221;][vc_column column_padding=&#8221;no-extra-padding&#8221; column_padding_tablet=&#8221;inherit&#8221; column_padding_phone=&#8221;inherit&#8221; column_padding_position=&#8221;all&#8221; column_element_spacing=&#8221;default&#8221; background_color_opacity=&#8221;1&#8243; background_hover_color_opacity=&#8221;1&#8243; column_shadow=&#8221;none&#8221; column_border_radius=&#8221;none&#8221; column_link_target=&#8221;_self&#8221; gradient_direction=&#8221;left_to_right&#8221; overlay_strength=&#8221;0.3&#8243; width=&#8221;1\/1&#8243; tablet_width_inherit=&#8221;default&#8221; tablet_text_alignment=&#8221;default&#8221; phone_text_alignment=&#8221;default&#8221; bg_image_animation=&#8221;none&#8221; border_type=&#8221;simple&#8221; column_border_width=&#8221;none&#8221; column_border_style=&#8221;solid&#8221;][vc_row_inner column_margin=&#8221;default&#8221; column_direction=&#8221;default&#8221; column_direction_tablet=&#8221;default&#8221; column_direction_phone=&#8221;default&#8221; text_align=&#8221;left&#8221;][vc_column_inner column_padding=&#8221;no-extra-padding&#8221; column_padding_tablet=&#8221;inherit&#8221; column_padding_phone=&#8221;inherit&#8221; column_padding_position=&#8221;all&#8221; column_element_spacing=&#8221;default&#8221; background_color_opacity=&#8221;1&#8243; background_hover_color_opacity=&#8221;1&#8243; column_shadow=&#8221;none&#8221; column_border_radius=&#8221;none&#8221; column_link_target=&#8221;_self&#8221; gradient_direction=&#8221;left_to_right&#8221; overlay_strength=&#8221;0.3&#8243; width=&#8221;1\/6&#8243; tablet_width_inherit=&#8221;default&#8221; bg_image_animation=&#8221;none&#8221; enable_animation=&#8221;true&#8221; animation=&#8221;fade-in-from-bottom&#8221; border_type=&#8221;simple&#8221; column_border_width=&#8221;none&#8221; column_border_style=&#8221;solid&#8221;][\/vc_column_inner][vc_column_inner column_padding=&#8221;no-extra-padding&#8221; column_padding_tablet=&#8221;inherit&#8221; column_padding_phone=&#8221;inherit&#8221; column_padding_position=&#8221;all&#8221; column_element_spacing=&#8221;default&#8221; centered_text=&#8221;true&#8221; background_color_opacity=&#8221;1&#8243; background_hover_color_opacity=&#8221;1&#8243; column_shadow=&#8221;none&#8221; column_border_radius=&#8221;none&#8221; column_link_target=&#8221;_self&#8221; gradient_direction=&#8221;left_to_right&#8221; overlay_strength=&#8221;0.3&#8243; width=&#8221;2\/3&#8243; tablet_width_inherit=&#8221;default&#8221; bg_image_animation=&#8221;none&#8221; enable_animation=&#8221;true&#8221; animation=&#8221;fade-in-from-bottom&#8221; border_type=&#8221;simple&#8221; column_border_width=&#8221;none&#8221; column_border_style=&#8221;solid&#8221;][vc_column_text css_animation=&#8221;none&#8221; css=&#8221;.vc_custom_1631037931720{margin-bottom: 15px !important;}&#8221;]\n<h1>Terapia para adultos con otras patolog\u00edas<\/h1>\n[\/vc_column_text][\/vc_column_inner][vc_column_inner column_padding=&#8221;no-extra-padding&#8221; column_padding_tablet=&#8221;inherit&#8221; column_padding_phone=&#8221;inherit&#8221; column_padding_position=&#8221;all&#8221; column_element_spacing=&#8221;default&#8221; background_color_opacity=&#8221;1&#8243; background_hover_color_opacity=&#8221;1&#8243; column_shadow=&#8221;none&#8221; column_border_radius=&#8221;none&#8221; column_link_target=&#8221;_self&#8221; gradient_direction=&#8221;left_to_right&#8221; overlay_strength=&#8221;0.3&#8243; width=&#8221;1\/6&#8243; tablet_width_inherit=&#8221;default&#8221; bg_image_animation=&#8221;none&#8221; border_type=&#8221;simple&#8221; column_border_width=&#8221;none&#8221; column_border_style=&#8221;solid&#8221;][\/vc_column_inner][\/vc_row_inner][\/vc_column][\/vc_row][vc_row type=&#8221;in_container&#8221; full_screen_row_position=&#8221;middle&#8221; column_margin=&#8221;default&#8221; column_direction=&#8221;default&#8221; column_direction_tablet=&#8221;default&#8221; column_direction_phone=&#8221;default&#8221; scene_position=&#8221;center&#8221; top_padding=&#8221;2%&#8221; text_color=&#8221;dark&#8221; text_align=&#8221;left&#8221; row_border_radius=&#8221;none&#8221; row_border_radius_applies=&#8221;bg&#8221; overlay_strength=&#8221;0.3&#8243; gradient_direction=&#8221;left_to_right&#8221; shape_divider_position=&#8221;bottom&#8221; bg_image_animation=&#8221;none&#8221; shape_type=&#8221;&#8221;][vc_column column_padding=&#8221;no-extra-padding&#8221; column_padding_tablet=&#8221;inherit&#8221; column_padding_phone=&#8221;inherit&#8221; column_padding_position=&#8221;all&#8221; column_element_spacing=&#8221;default&#8221; background_color_opacity=&#8221;1&#8243; background_hover_color_opacity=&#8221;1&#8243; column_shadow=&#8221;none&#8221; column_border_radius=&#8221;none&#8221; column_link_target=&#8221;_self&#8221; gradient_direction=&#8221;left_to_right&#8221; overlay_strength=&#8221;0.3&#8243; width=&#8221;1\/1&#8243; tablet_width_inherit=&#8221;default&#8221; tablet_text_alignment=&#8221;default&#8221; phone_text_alignment=&#8221;default&#8221; bg_image_animation=&#8221;none&#8221; border_type=&#8221;simple&#8221; column_border_width=&#8221;none&#8221; column_border_style=&#8221;solid&#8221;][nectar_highlighted_text color_type=&#8221;regular&#8221; style=&#8221;full_text&#8221; highlight_expansion=&#8221;default&#8221;]\n<h2 style=\"text-align: center;\">Que las dificultades se conviertan en desaf\u00edos<\/h2>\n[\/nectar_highlighted_text][vc_column_text]\n<p style=\"text-align: center;\">Estos son otros de los problemas psicol\u00f3gicos que solemos tratar en consulta con el uso de diversas t\u00e9cnicas y terapias.<\/p>\n[\/vc_column_text][\/vc_column][\/vc_row][vc_row type=&#8221;in_container&#8221; full_screen_row_position=&#8221;middle&#8221; column_margin=&#8221;default&#8221; column_direction=&#8221;default&#8221; column_direction_tablet=&#8221;default&#8221; column_direction_phone=&#8221;default&#8221; bg_color=&#8221;#ffffff&#8221; scene_position=&#8221;center&#8221; top_padding=&#8221;5%&#8221; bottom_padding=&#8221;1%&#8221; text_color=&#8221;dark&#8221; text_align=&#8221;left&#8221; row_border_radius=&#8221;none&#8221; row_border_radius_applies=&#8221;bg&#8221; overlay_strength=&#8221;0.3&#8243; gradient_direction=&#8221;left_to_right&#8221; shape_divider_position=&#8221;bottom&#8221; bg_image_animation=&#8221;none&#8221; shape_type=&#8221;&#8221;][vc_column column_padding=&#8221;no-extra-padding&#8221; column_padding_tablet=&#8221;inherit&#8221; column_padding_phone=&#8221;inherit&#8221; column_padding_position=&#8221;all&#8221; column_element_spacing=&#8221;default&#8221; background_color_opacity=&#8221;1&#8243; background_hover_color_opacity=&#8221;1&#8243; column_shadow=&#8221;none&#8221; column_border_radius=&#8221;none&#8221; column_link_target=&#8221;_self&#8221; gradient_direction=&#8221;left_to_right&#8221; overlay_strength=&#8221;0.3&#8243; width=&#8221;1\/3&#8243; tablet_width_inherit=&#8221;default&#8221; tablet_text_alignment=&#8221;default&#8221; phone_text_alignment=&#8221;default&#8221; bg_image_animation=&#8221;none&#8221; border_type=&#8221;simple&#8221; column_border_width=&#8221;none&#8221; column_border_style=&#8221;solid&#8221;][fancy_box box_style=&#8221;color_box_hover&#8221; icon_family=&#8221;none&#8221; color=&#8221;extra-color-gradient-1&#8243; color_box_hover_overlay_opacity=&#8221;default&#8221; box_alignment=&#8221;left&#8221; border_radius=&#8221;default&#8221; image_loading=&#8221;default&#8221; min_height=&#8221;450&#8243; link_url=&#8221;http:\/\/www.laurarequena.es\/terapias-para-adultos\/terapia-para-adultos-con-otras-patologias\/terapia-para-adultos-inestabilidad-emocional\/&#8221;]\n<h2 style=\"text-align: center;\"><strong>Inestabilidad emocional<\/strong><\/h2>\n<p><strong>Si tienes algunos de estos s\u00edntomas de inestabilidad emocional, puedo\u00a0ayudarte:<\/strong><\/p>\n<ul>\n<li>Iniciar actividades y aburrirse pronto de ellas<\/li>\n<li>D\u00e9bil control emocional<\/li>\n<li>Baja tolerancia a la frustraci\u00f3n<\/li>\n<li>Dependencia emocional<\/li>\n<li>Dificultades de comunicaci\u00f3n<\/li>\n<li>Baja autoestima<\/li>\n<li>Variaci\u00f3n constante de humor sin motivo aparente<\/li>\n<\/ul>\n<p>&nbsp;<\/p>\n<p style=\"text-align: left;\">[nectar_cta btn_style=&#8221;see-through&#8221; heading_tag=&#8221;h5&#8243; link_type=&#8221;regular&#8221; alignment=&#8221;center&#8221; link_text=&#8221;M\u00e1s informaci\u00f3n&#8221;]\n[\/fancy_box][\/vc_column][vc_column column_padding=&#8221;no-extra-padding&#8221; column_padding_tablet=&#8221;inherit&#8221; column_padding_phone=&#8221;inherit&#8221; column_padding_position=&#8221;all&#8221; column_element_spacing=&#8221;default&#8221; background_color_opacity=&#8221;1&#8243; background_hover_color_opacity=&#8221;1&#8243; column_shadow=&#8221;none&#8221; column_border_radius=&#8221;none&#8221; column_link_target=&#8221;_self&#8221; gradient_direction=&#8221;left_to_right&#8221; overlay_strength=&#8221;0.3&#8243; width=&#8221;1\/3&#8243; tablet_width_inherit=&#8221;default&#8221; tablet_text_alignment=&#8221;default&#8221; phone_text_alignment=&#8221;default&#8221; bg_image_animation=&#8221;none&#8221; border_type=&#8221;simple&#8221; column_border_width=&#8221;none&#8221; column_border_style=&#8221;solid&#8221;][fancy_box box_style=&#8221;color_box_hover&#8221; icon_family=&#8221;none&#8221; color=&#8221;extra-color-gradient-1&#8243; color_box_hover_overlay_opacity=&#8221;default&#8221; box_alignment=&#8221;left&#8221; border_radius=&#8221;default&#8221; image_loading=&#8221;default&#8221; min_height=&#8221;450&#8243; link_url=&#8221;http:\/\/www.laurarequena.es\/terapias-para-adultos\/terapia-para-adultos-con-otras-patologias\/terapia-para-adultos-con-angustia\/&#8221;]\n<h2 style=\"font-weight: 400; text-align: center;\"><strong>Angustia<\/strong><\/h2>\n<p><strong>Puedo ayudarte a mejorar estos s\u00edntomas de angustia:<\/strong><\/p>\n<ul>\n<li>Estado emocional desagradable e insoportable<\/li>\n<li>Dolor tor\u00e1cico<\/li>\n<li>Dificultad respiratoria<\/li>\n<li>Mareos y nauseas<\/li>\n<li>Miedo a morir<\/li>\n<li>Palpitaciones y escalofr\u00edos<\/li>\n<li>Temblores y agitaci\u00f3n<\/li>\n<\/ul>\n<p style=\"text-align: left;\">[nectar_cta btn_style=&#8221;see-through&#8221; heading_tag=&#8221;h5&#8243; link_type=&#8221;regular&#8221; alignment=&#8221;center&#8221; link_text=&#8221;M\u00e1s informaci\u00f3n&#8221;]\n[\/fancy_box][\/vc_column][vc_column column_padding=&#8221;no-extra-padding&#8221; column_padding_tablet=&#8221;inherit&#8221; column_padding_phone=&#8221;inherit&#8221; column_padding_position=&#8221;all&#8221; column_element_spacing=&#8221;default&#8221; background_color_opacity=&#8221;1&#8243; background_hover_color_opacity=&#8221;1&#8243; column_shadow=&#8221;none&#8221; column_border_radius=&#8221;none&#8221; column_link_target=&#8221;_self&#8221; gradient_direction=&#8221;left_to_right&#8221; overlay_strength=&#8221;0.3&#8243; width=&#8221;1\/3&#8243; tablet_width_inherit=&#8221;default&#8221; tablet_text_alignment=&#8221;default&#8221; phone_text_alignment=&#8221;default&#8221; bg_image_animation=&#8221;none&#8221; border_type=&#8221;simple&#8221; column_border_width=&#8221;none&#8221; column_border_style=&#8221;solid&#8221;][fancy_box box_style=&#8221;color_box_hover&#8221; icon_family=&#8221;none&#8221; color=&#8221;extra-color-gradient-1&#8243; color_box_hover_overlay_opacity=&#8221;default&#8221; box_alignment=&#8221;left&#8221; border_radius=&#8221;default&#8221; image_loading=&#8221;default&#8221; min_height=&#8221;450&#8243; link_url=&#8221;http:\/\/www.laurarequena.es\/terapias-para-adultos\/terapia-para-adultos-con-otras-patologias\/terapia-para-adultos-con-ruptura-de-pareja-separacion-o-divorcio\/&#8221;]\n<h2 style=\"text-align: center;\"><strong>Ruptura, separaci\u00f3n o divorcio<\/strong><\/h2>\n<p><strong>Puedo orientarte si tienes\u00a0estos\u00a0problemas tras una ruptura, separaci\u00f3n o divorcio :<\/strong><\/p>\n<ul>\n<li>Estr\u00e9s alto y malestar emocional<\/li>\n<li>Vivirlo como un fracaso personal<\/li>\n<li>Culpa<\/li>\n<li>Trastorno de estr\u00e9s postraum\u00e1tico<\/li>\n<li>No sentirse capaz de afrontarlos solo\/a<\/li>\n<\/ul>\n<p style=\"text-align: left;\">[nectar_cta btn_style=&#8221;see-through&#8221; heading_tag=&#8221;h5&#8243; link_type=&#8221;regular&#8221; alignment=&#8221;center&#8221; link_text=&#8221;M\u00e1s informaci\u00f3n&#8221;]\n[\/fancy_box][\/vc_column][\/vc_row][vc_row type=&#8221;in_container&#8221; full_screen_row_position=&#8221;middle&#8221; column_margin=&#8221;default&#8221; column_direction=&#8221;default&#8221; column_direction_tablet=&#8221;default&#8221; column_direction_phone=&#8221;default&#8221; bg_color=&#8221;#ffffff&#8221; scene_position=&#8221;center&#8221; top_padding=&#8221;5%&#8221; bottom_padding=&#8221;1%&#8221; text_color=&#8221;dark&#8221; text_align=&#8221;left&#8221; row_border_radius=&#8221;none&#8221; row_border_radius_applies=&#8221;bg&#8221; overlay_strength=&#8221;0.3&#8243; gradient_direction=&#8221;left_to_right&#8221; shape_divider_position=&#8221;bottom&#8221; bg_image_animation=&#8221;none&#8221; shape_type=&#8221;&#8221;][vc_column column_padding=&#8221;no-extra-padding&#8221; column_padding_tablet=&#8221;inherit&#8221; column_padding_phone=&#8221;inherit&#8221; column_padding_position=&#8221;all&#8221; column_element_spacing=&#8221;default&#8221; background_color_opacity=&#8221;1&#8243; background_hover_color_opacity=&#8221;1&#8243; column_shadow=&#8221;none&#8221; column_border_radius=&#8221;none&#8221; column_link_target=&#8221;_self&#8221; gradient_direction=&#8221;left_to_right&#8221; overlay_strength=&#8221;0.3&#8243; width=&#8221;1\/3&#8243; tablet_width_inherit=&#8221;default&#8221; tablet_text_alignment=&#8221;default&#8221; phone_text_alignment=&#8221;default&#8221; bg_image_animation=&#8221;none&#8221; border_type=&#8221;simple&#8221; column_border_width=&#8221;none&#8221; column_border_style=&#8221;solid&#8221;][fancy_box box_style=&#8221;color_box_hover&#8221; icon_family=&#8221;none&#8221; color=&#8221;extra-color-gradient-1&#8243; color_box_hover_overlay_opacity=&#8221;default&#8221; box_alignment=&#8221;left&#8221; border_radius=&#8221;default&#8221; image_loading=&#8221;default&#8221; min_height=&#8221;450&#8243; link_url=&#8221;http:\/\/www.laurarequena.es\/terapias-para-adultos\/terapia-para-adultos-con-otras-patologias\/terapia-para-adultos-con-estres\/&#8221;]\n<h2 style=\"text-align: center;\"><strong>Estr\u00e9s<\/strong><\/h2>\n<p><strong>Puedo apoyarte en reducir estos s\u00edntomas de estr\u00e9s:<\/strong><\/p>\n<ul>\n<li>Diarrea o estre\u00f1imiento<\/li>\n<li>Mala memoria<\/li>\n<li>Dolores y achaques frecuentes<\/li>\n<li>Dolores de cabeza<\/li>\n<li>Falta de energ\u00eda o concentraci\u00f3n<\/li>\n<li>Problemas sexuales<\/li>\n<li>Cuello o mand\u00edbula r\u00edgidos<\/li>\n<li>Cansancio<\/li>\n<\/ul>\n<p>&nbsp;<\/p>\n<p style=\"text-align: left;\">[nectar_cta btn_style=&#8221;see-through&#8221; heading_tag=&#8221;h5&#8243; link_type=&#8221;regular&#8221; alignment=&#8221;center&#8221; link_text=&#8221;M\u00e1s informaci\u00f3n&#8221;]\n[\/fancy_box][\/vc_column][vc_column column_padding=&#8221;no-extra-padding&#8221; column_padding_tablet=&#8221;inherit&#8221; column_padding_phone=&#8221;inherit&#8221; column_padding_position=&#8221;all&#8221; column_element_spacing=&#8221;default&#8221; background_color_opacity=&#8221;1&#8243; background_hover_color_opacity=&#8221;1&#8243; column_shadow=&#8221;none&#8221; column_border_radius=&#8221;none&#8221; column_link_target=&#8221;_self&#8221; gradient_direction=&#8221;left_to_right&#8221; overlay_strength=&#8221;0.3&#8243; width=&#8221;1\/3&#8243; tablet_width_inherit=&#8221;default&#8221; tablet_text_alignment=&#8221;default&#8221; phone_text_alignment=&#8221;default&#8221; bg_image_animation=&#8221;none&#8221; border_type=&#8221;simple&#8221; column_border_width=&#8221;none&#8221; column_border_style=&#8221;solid&#8221;][fancy_box box_style=&#8221;color_box_hover&#8221; icon_family=&#8221;none&#8221; color=&#8221;extra-color-gradient-1&#8243; color_box_hover_overlay_opacity=&#8221;default&#8221; box_alignment=&#8221;left&#8221; border_radius=&#8221;default&#8221; image_loading=&#8221;default&#8221; min_height=&#8221;450&#8243; link_url=&#8221;http:\/\/www.laurarequena.es\/terapias-para-adultos\/terapia-para-adultos-con-otras-patologias\/terapia-de-agresividad\/&#8221;]\n<h2 style=\"font-weight: 400; text-align: center;\"><strong>Agresividad<\/strong><\/h2>\n<p>&nbsp;<\/p>\n<p><strong>Puedo contribuir a la mejora de estos s\u00edntomas agresividad como:<\/strong><\/p>\n<ul>\n<li>Sentimientos de odio<\/li>\n<li>Deseos de da\u00f1ar a otros<\/li>\n<li>Comportamiento destructivo<\/li>\n<li>Personalidad reactiva<\/li>\n<li>Baja tolerancia al estr\u00e9s<\/li>\n<li>Escasas relaciones sociales<\/li>\n<\/ul>\n<p style=\"text-align: left;\">[nectar_cta btn_style=&#8221;see-through&#8221; heading_tag=&#8221;h5&#8243; link_type=&#8221;regular&#8221; alignment=&#8221;center&#8221; link_text=&#8221;M\u00e1s informaci\u00f3n&#8221;]\n[\/fancy_box][\/vc_column][vc_column column_padding=&#8221;no-extra-padding&#8221; column_padding_tablet=&#8221;inherit&#8221; column_padding_phone=&#8221;inherit&#8221; column_padding_position=&#8221;all&#8221; column_element_spacing=&#8221;default&#8221; background_color_opacity=&#8221;1&#8243; background_hover_color_opacity=&#8221;1&#8243; column_shadow=&#8221;none&#8221; column_border_radius=&#8221;none&#8221; column_link_target=&#8221;_self&#8221; gradient_direction=&#8221;left_to_right&#8221; overlay_strength=&#8221;0.3&#8243; width=&#8221;1\/3&#8243; tablet_width_inherit=&#8221;default&#8221; tablet_text_alignment=&#8221;default&#8221; phone_text_alignment=&#8221;default&#8221; bg_image_animation=&#8221;none&#8221; border_type=&#8221;simple&#8221; column_border_width=&#8221;none&#8221; column_border_style=&#8221;solid&#8221;][fancy_box box_style=&#8221;color_box_hover&#8221; icon_family=&#8221;none&#8221; color=&#8221;extra-color-gradient-1&#8243; color_box_hover_overlay_opacity=&#8221;default&#8221; box_alignment=&#8221;left&#8221; border_radius=&#8221;default&#8221; image_loading=&#8221;default&#8221; min_height=&#8221;450&#8243; link_url=&#8221;http:\/\/www.laurarequena.es\/terapias-para-adultos\/terapia-para-adultos-con-otras-patologias\/terapia-de-falta-de-control-de-los-impulsos\/&#8221;]\n<h2 style=\"text-align: center;\"><strong>Falta de control de los impulsos<\/strong><\/h2>\n<p>&nbsp;<\/p>\n<p><strong>Puedo contribuir a reducir los s\u00edntomas de falta de control de los impulsos como:<\/strong><\/p>\n<ul>\n<li>Hacer las cosas sin pensar<\/li>\n<li>No resistir el impulso de hacer algo<\/li>\n<li>Sensaci\u00f3n de tensi\u00f3n y luego liberaci\u00f3n tras tener el impulso<\/li>\n<li>Ejemplos como compras compulsivas, tirarse del pelo, robar objetos, ataques incontrolables de ira o la fascinaci\u00f3n por el fuego.<\/li>\n<\/ul>\n<p style=\"text-align: left;\">[nectar_cta btn_style=&#8221;see-through&#8221; heading_tag=&#8221;h5&#8243; link_type=&#8221;regular&#8221; alignment=&#8221;center&#8221; link_text=&#8221;M\u00e1s informaci\u00f3n&#8221;]\n[\/fancy_box][\/vc_column][\/vc_row][vc_row type=&#8221;in_container&#8221; full_screen_row_position=&#8221;middle&#8221; column_margin=&#8221;default&#8221; column_direction=&#8221;default&#8221; column_direction_tablet=&#8221;default&#8221; column_direction_phone=&#8221;default&#8221; bg_color=&#8221;#ffffff&#8221; scene_position=&#8221;center&#8221; top_padding=&#8221;5%&#8221; bottom_padding=&#8221;1%&#8221; text_color=&#8221;dark&#8221; text_align=&#8221;left&#8221; row_border_radius=&#8221;none&#8221; row_border_radius_applies=&#8221;bg&#8221; overlay_strength=&#8221;0.3&#8243; gradient_direction=&#8221;left_to_right&#8221; shape_divider_position=&#8221;bottom&#8221; bg_image_animation=&#8221;none&#8221; shape_type=&#8221;&#8221;][vc_column column_padding=&#8221;no-extra-padding&#8221; column_padding_tablet=&#8221;inherit&#8221; column_padding_phone=&#8221;inherit&#8221; column_padding_position=&#8221;all&#8221; column_element_spacing=&#8221;default&#8221; background_color_opacity=&#8221;1&#8243; background_hover_color_opacity=&#8221;1&#8243; column_shadow=&#8221;none&#8221; column_border_radius=&#8221;none&#8221; column_link_target=&#8221;_self&#8221; gradient_direction=&#8221;left_to_right&#8221; overlay_strength=&#8221;0.3&#8243; width=&#8221;1\/3&#8243; tablet_width_inherit=&#8221;default&#8221; tablet_text_alignment=&#8221;default&#8221; phone_text_alignment=&#8221;default&#8221; bg_image_animation=&#8221;none&#8221; border_type=&#8221;simple&#8221; column_border_width=&#8221;none&#8221; column_border_style=&#8221;solid&#8221;][fancy_box box_style=&#8221;color_box_hover&#8221; icon_family=&#8221;none&#8221; color=&#8221;extra-color-gradient-1&#8243; color_box_hover_overlay_opacity=&#8221;default&#8221; box_alignment=&#8221;left&#8221; border_radius=&#8221;default&#8221; image_loading=&#8221;default&#8221; min_height=&#8221;450&#8243; link_url=&#8221;http:\/\/www.laurarequena.es\/terapias-para-adultos\/terapia-para-adultos-con-otras-patologias\/terapia-de-compulsiones-obsesiones-pensamientos-intrusivos-y-trastorno-obsesivo-compulsivo\/&#8221;]\n<h2 style=\"text-align: center;\"><strong>Compulsiones, <\/strong><strong>obsesiones y TOC<\/strong><\/h2>\n<p>&nbsp;<\/p>\n<p><strong>S\u00edntomas de Compulsiones, obsesiones y TOC<\/strong><\/p>\n<ul>\n<li>Pensamientos intrusivos y no deseados<\/li>\n<li>Gran nivel de ansiedad<\/li>\n<li>Rituales y necesidad de hacer algo de manera repetida para sentirse mejor.<\/li>\n<li>Miedos<\/li>\n<\/ul>\n<p>&nbsp;<\/p>\n<p style=\"text-align: left;\">[nectar_cta btn_style=&#8221;see-through&#8221; heading_tag=&#8221;h5&#8243; link_type=&#8221;regular&#8221; alignment=&#8221;center&#8221; link_text=&#8221;M\u00e1s informaci\u00f3n&#8221;]\n[\/fancy_box][\/vc_column][vc_column column_padding=&#8221;no-extra-padding&#8221; column_padding_tablet=&#8221;inherit&#8221; column_padding_phone=&#8221;inherit&#8221; column_padding_position=&#8221;all&#8221; column_element_spacing=&#8221;default&#8221; background_color_opacity=&#8221;1&#8243; background_hover_color_opacity=&#8221;1&#8243; column_shadow=&#8221;none&#8221; column_border_radius=&#8221;none&#8221; column_link_target=&#8221;_self&#8221; gradient_direction=&#8221;left_to_right&#8221; overlay_strength=&#8221;0.3&#8243; width=&#8221;1\/3&#8243; tablet_width_inherit=&#8221;default&#8221; tablet_text_alignment=&#8221;default&#8221; phone_text_alignment=&#8221;default&#8221; bg_image_animation=&#8221;none&#8221; border_type=&#8221;simple&#8221; column_border_width=&#8221;none&#8221; column_border_style=&#8221;solid&#8221;][fancy_box box_style=&#8221;color_box_hover&#8221; icon_family=&#8221;none&#8221; color=&#8221;extra-color-gradient-1&#8243; color_box_hover_overlay_opacity=&#8221;default&#8221; box_alignment=&#8221;left&#8221; border_radius=&#8221;default&#8221; image_loading=&#8221;default&#8221; min_height=&#8221;450&#8243; link_url=&#8221;http:\/\/www.laurarequena.es\/terapias-para-adultos\/terapia-para-adultos-con-otras-patologias\/terapia-de-transtornos-de-alimentacion\/&#8221;]\n<h2 style=\"font-weight: 400; text-align: center;\"><strong>Trastorno de alimentaci\u00f3n<\/strong><\/h2>\n<p><strong>S\u00edntomas de trastorno de alimentaci\u00f3n <\/strong><\/p>\n<ul>\n<li>Desordenes en la forma de consumir alimentos<\/li>\n<li>Dificultad en reconocer las propias emociones<\/li>\n<li>Compensar con laxantes, atracones o v\u00f3mitos para evitar las emociones negativas<\/li>\n<li>Problemas de regulaci\u00f3n emocional<\/li>\n<li>Baja autoestima y traumas<\/li>\n<\/ul>\n<p>&nbsp;<\/p>\n<p style=\"text-align: left;\">[nectar_cta btn_style=&#8221;see-through&#8221; heading_tag=&#8221;h5&#8243; link_type=&#8221;regular&#8221; alignment=&#8221;center&#8221; link_text=&#8221;M\u00e1s informaci\u00f3n&#8221;]\n[\/fancy_box][\/vc_column][vc_column column_padding=&#8221;no-extra-padding&#8221; column_padding_tablet=&#8221;inherit&#8221; column_padding_phone=&#8221;inherit&#8221; column_padding_position=&#8221;all&#8221; column_element_spacing=&#8221;default&#8221; background_color_opacity=&#8221;1&#8243; background_hover_color_opacity=&#8221;1&#8243; column_shadow=&#8221;none&#8221; column_border_radius=&#8221;none&#8221; column_link_target=&#8221;_self&#8221; gradient_direction=&#8221;left_to_right&#8221; overlay_strength=&#8221;0.3&#8243; width=&#8221;1\/3&#8243; tablet_width_inherit=&#8221;default&#8221; tablet_text_alignment=&#8221;default&#8221; phone_text_alignment=&#8221;default&#8221; bg_image_animation=&#8221;none&#8221; border_type=&#8221;simple&#8221; column_border_width=&#8221;none&#8221; column_border_style=&#8221;solid&#8221;][fancy_box box_style=&#8221;color_box_hover&#8221; icon_family=&#8221;none&#8221; color=&#8221;extra-color-gradient-1&#8243; color_box_hover_overlay_opacity=&#8221;default&#8221; box_alignment=&#8221;left&#8221; border_radius=&#8221;default&#8221; image_loading=&#8221;default&#8221; min_height=&#8221;450&#8243; link_url=&#8221;http:\/\/www.laurarequena.es\/terapias-para-adultos\/terapia-para-adultos-con-autolesiones\/&#8221;]\n<h2 style=\"text-align: center;\"><strong>Autolesiones en adultos<\/strong><\/h2>\n<p><strong>S\u00edntomas de autolesiones en adultos<\/strong><\/p>\n<ul>\n<li>Heridas que no cicatrizan<\/li>\n<li>Cortes, ara\u00f1azos, mordeduras, hematomas<\/li>\n<li>Inestabilidad emocional e impulsividad<\/li>\n<li>Desesperanza<\/li>\n<li>Impotencia<\/li>\n<li>Autolesionarse para aliviar el dolor psicol\u00f3gico<\/li>\n<\/ul>\n<p>&nbsp;<\/p>\n<p style=\"text-align: left;\">[nectar_cta btn_style=&#8221;see-through&#8221; heading_tag=&#8221;h5&#8243; link_type=&#8221;regular&#8221; alignment=&#8221;center&#8221; link_text=&#8221;M\u00e1s informaci\u00f3n&#8221;]\n[\/fancy_box][\/vc_column][\/vc_row][vc_row type=&#8221;in_container&#8221; full_screen_row_position=&#8221;middle&#8221; column_margin=&#8221;default&#8221; column_direction=&#8221;default&#8221; column_direction_tablet=&#8221;default&#8221; column_direction_phone=&#8221;default&#8221; bg_color=&#8221;#ffffff&#8221; scene_position=&#8221;center&#8221; top_padding=&#8221;5%&#8221; bottom_padding=&#8221;1%&#8221; text_color=&#8221;dark&#8221; text_align=&#8221;left&#8221; row_border_radius=&#8221;none&#8221; row_border_radius_applies=&#8221;bg&#8221; overlay_strength=&#8221;0.3&#8243; gradient_direction=&#8221;left_to_right&#8221; shape_divider_position=&#8221;bottom&#8221; bg_image_animation=&#8221;none&#8221; shape_type=&#8221;&#8221;][vc_column column_padding=&#8221;no-extra-padding&#8221; column_padding_tablet=&#8221;inherit&#8221; column_padding_phone=&#8221;inherit&#8221; column_padding_position=&#8221;all&#8221; column_element_spacing=&#8221;default&#8221; background_color_opacity=&#8221;1&#8243; background_hover_color_opacity=&#8221;1&#8243; column_shadow=&#8221;none&#8221; column_border_radius=&#8221;none&#8221; column_link_target=&#8221;_self&#8221; gradient_direction=&#8221;left_to_right&#8221; overlay_strength=&#8221;0.3&#8243; width=&#8221;1\/3&#8243; tablet_width_inherit=&#8221;default&#8221; tablet_text_alignment=&#8221;default&#8221; phone_text_alignment=&#8221;default&#8221; bg_image_animation=&#8221;none&#8221; border_type=&#8221;simple&#8221; column_border_width=&#8221;none&#8221; column_border_style=&#8221;solid&#8221;][fancy_box box_style=&#8221;color_box_hover&#8221; icon_family=&#8221;none&#8221; color=&#8221;extra-color-gradient-1&#8243; color_box_hover_overlay_opacity=&#8221;default&#8221; box_alignment=&#8221;left&#8221; border_radius=&#8221;default&#8221; image_loading=&#8221;default&#8221; min_height=&#8221;450&#8243; link_url=&#8221;http:\/\/www.laurarequena.es\/terapias-para-adultos\/terapia-para-adultos-con-otras-patologias\/terapia-de-adicciones\/&#8221;]\n<h2 style=\"text-align: center;\"><strong>Adicciones<\/strong><\/h2>\n<ul>\n<li style=\"list-style-type: none;\">\n<ul>\n<li style=\"list-style-type: none;\"><\/li>\n<\/ul>\n<\/li>\n<\/ul>\n<p><strong>S\u00edntomas de adicciones <\/strong><\/p>\n<ul>\n<li>Deterioro de la vida en general<\/li>\n<li>Deseos autom\u00e1ticos relacionados con la adicci\u00f3n<\/li>\n<li>Obsesiones<\/li>\n<li>Negaci\u00f3n de la adicci\u00f3n<\/li>\n<li>Perdida de autocontrol<\/li>\n<li>Problemas en el manejo de las emociones y sentimientos<\/li>\n<\/ul>\n<p style=\"text-align: left;\">[nectar_cta btn_style=&#8221;see-through&#8221; heading_tag=&#8221;h5&#8243; link_type=&#8221;regular&#8221; alignment=&#8221;center&#8221; link_text=&#8221;M\u00e1s informaci\u00f3n&#8221;]\n[\/fancy_box][\/vc_column][vc_column column_padding=&#8221;no-extra-padding&#8221; column_padding_tablet=&#8221;inherit&#8221; column_padding_phone=&#8221;inherit&#8221; column_padding_position=&#8221;all&#8221; column_element_spacing=&#8221;default&#8221; background_color_opacity=&#8221;1&#8243; background_hover_color_opacity=&#8221;1&#8243; column_shadow=&#8221;none&#8221; column_border_radius=&#8221;none&#8221; column_link_target=&#8221;_self&#8221; gradient_direction=&#8221;left_to_right&#8221; overlay_strength=&#8221;0.3&#8243; width=&#8221;1\/3&#8243; tablet_width_inherit=&#8221;default&#8221; tablet_text_alignment=&#8221;default&#8221; phone_text_alignment=&#8221;default&#8221; bg_image_animation=&#8221;none&#8221; border_type=&#8221;simple&#8221; column_border_width=&#8221;none&#8221; column_border_style=&#8221;solid&#8221;][fancy_box box_style=&#8221;color_box_hover&#8221; icon_family=&#8221;none&#8221; color=&#8221;extra-color-gradient-1&#8243; color_box_hover_overlay_opacity=&#8221;default&#8221; box_alignment=&#8221;left&#8221; border_radius=&#8221;default&#8221; image_loading=&#8221;default&#8221; min_height=&#8221;450&#8243; link_url=&#8221;http:\/\/www.laurarequena.es\/terapias-para-adultos\/terapia-para-adultos-con-otras-patologias\/terapia-para-adultos-con-transtornos-del-sueno\/&#8221;]\n<h2 style=\"font-weight: 400; text-align: center;\"><strong>Trastorno del sue\u00f1o<\/strong><\/h2>\n<p><strong>S\u00edntomas de trastornos del sue\u00f1o <\/strong><\/p>\n<ul>\n<li>Insomnio<\/li>\n<li>S\u00edndrome de piernas inquietas<\/li>\n<li>Apnea del sue\u00f1o<\/li>\n<li>Terrores nocturnos<\/li>\n<li>Pesadillas y sonambulismo<\/li>\n<\/ul>\n<p>&nbsp;<\/p>\n<p style=\"text-align: left;\">[nectar_cta btn_style=&#8221;see-through&#8221; heading_tag=&#8221;h5&#8243; link_type=&#8221;regular&#8221; alignment=&#8221;center&#8221; link_text=&#8221;M\u00e1s informaci\u00f3n&#8221;]\n[\/fancy_box][\/vc_column][vc_column column_padding=&#8221;no-extra-padding&#8221; column_padding_tablet=&#8221;inherit&#8221; column_padding_phone=&#8221;inherit&#8221; column_padding_position=&#8221;all&#8221; column_element_spacing=&#8221;default&#8221; background_color_opacity=&#8221;1&#8243; background_hover_color_opacity=&#8221;1&#8243; column_shadow=&#8221;none&#8221; column_border_radius=&#8221;none&#8221; column_link_target=&#8221;_self&#8221; gradient_direction=&#8221;left_to_right&#8221; overlay_strength=&#8221;0.3&#8243; width=&#8221;1\/3&#8243; tablet_width_inherit=&#8221;default&#8221; tablet_text_alignment=&#8221;default&#8221; phone_text_alignment=&#8221;default&#8221; bg_image_animation=&#8221;none&#8221; border_type=&#8221;simple&#8221; column_border_width=&#8221;none&#8221; column_border_style=&#8221;solid&#8221;][fancy_box box_style=&#8221;color_box_hover&#8221; icon_family=&#8221;none&#8221; color=&#8221;extra-color-gradient-1&#8243; color_box_hover_overlay_opacity=&#8221;default&#8221; box_alignment=&#8221;left&#8221; border_radius=&#8221;default&#8221; image_loading=&#8221;default&#8221; min_height=&#8221;450&#8243; link_url=&#8221;http:\/\/www.laurarequena.es\/terapias-para-adultos\/terapia-para-adultos-con-otras-patologias\/terapia-de-transtornos-de-la-personalidad\/&#8221;]\n<h2 style=\"text-align: center;\"><strong>Trastornos de personalidad<\/strong><\/h2>\n<p><strong>S\u00edntomas de trastornos de personalidad<\/strong><\/p>\n<ul>\n<li>Excesiva emocionalidad<\/li>\n<li>Autolesiones<\/li>\n<li>Inestabilidad emocional<\/li>\n<li>Rigidez e inflexibilidad emocional<\/li>\n<li>Falta de adaptabilidad a los cambios<\/li>\n<\/ul>\n<p>&nbsp;<\/p>\n<p style=\"text-align: left;\">[nectar_cta btn_style=&#8221;see-through&#8221; heading_tag=&#8221;h5&#8243; link_type=&#8221;regular&#8221; alignment=&#8221;center&#8221; link_text=&#8221;M\u00e1s informaci\u00f3n&#8221;]\n[\/fancy_box][\/vc_column][\/vc_row][vc_row type=&#8221;in_container&#8221; full_screen_row_position=&#8221;middle&#8221; column_margin=&#8221;default&#8221; column_direction=&#8221;default&#8221; column_direction_tablet=&#8221;default&#8221; column_direction_phone=&#8221;default&#8221; bg_color=&#8221;#ffffff&#8221; scene_position=&#8221;center&#8221; top_padding=&#8221;5%&#8221; bottom_padding=&#8221;1%&#8221; text_color=&#8221;dark&#8221; text_align=&#8221;left&#8221; row_border_radius=&#8221;none&#8221; row_border_radius_applies=&#8221;bg&#8221; overlay_strength=&#8221;0.3&#8243; gradient_direction=&#8221;left_to_right&#8221; shape_divider_position=&#8221;bottom&#8221; bg_image_animation=&#8221;none&#8221; shape_type=&#8221;&#8221;][vc_column column_padding=&#8221;no-extra-padding&#8221; column_padding_tablet=&#8221;inherit&#8221; column_padding_phone=&#8221;inherit&#8221; column_padding_position=&#8221;all&#8221; column_element_spacing=&#8221;default&#8221; background_color_opacity=&#8221;1&#8243; background_hover_color_opacity=&#8221;1&#8243; column_shadow=&#8221;none&#8221; column_border_radius=&#8221;none&#8221; column_link_target=&#8221;_self&#8221; gradient_direction=&#8221;left_to_right&#8221; overlay_strength=&#8221;0.3&#8243; width=&#8221;1\/3&#8243; tablet_width_inherit=&#8221;default&#8221; tablet_text_alignment=&#8221;default&#8221; phone_text_alignment=&#8221;default&#8221; bg_image_animation=&#8221;none&#8221; border_type=&#8221;simple&#8221; column_border_width=&#8221;none&#8221; column_border_style=&#8221;solid&#8221;][fancy_box box_style=&#8221;color_box_hover&#8221; icon_family=&#8221;none&#8221; color=&#8221;extra-color-gradient-1&#8243; color_box_hover_overlay_opacity=&#8221;default&#8221; box_alignment=&#8221;left&#8221; border_radius=&#8221;default&#8221; image_loading=&#8221;default&#8221; min_height=&#8221;450&#8243; link_url=&#8221;http:\/\/www.laurarequena.es\/terapias-para-adultos\/terapia-para-adultos-con-otras-patologias\/terapia-de-enfermedades-cronicas\/&#8221;]\n<h2 style=\"text-align: center;\"><strong>Enfermedad cr\u00f3nica<\/strong><\/h2>\n<p>Apoyo psicol\u00f3gico en enfermedad cr\u00f3nica<\/p>\n<ul>\n<li>Enfermedades cardiovasculares<\/li>\n<li>C\u00e1ncer<\/li>\n<li>Diabetes<\/li>\n<li>Esclerosis m\u00faltiple<\/li>\n<li>Fibromialgia<\/li>\n<li>Enfermedades inflamatorias intestinales como la colitis ulcerosa o enfermedad de Crohn entre otras<\/li>\n<\/ul>\n<p>&nbsp;<\/p>\n<p style=\"text-align: left;\">[nectar_cta btn_style=&#8221;see-through&#8221; heading_tag=&#8221;h5&#8243; link_type=&#8221;regular&#8221; alignment=&#8221;center&#8221; link_text=&#8221;M\u00e1s informaci\u00f3n&#8221;]\n[\/fancy_box][\/vc_column][vc_column column_padding=&#8221;no-extra-padding&#8221; column_padding_tablet=&#8221;inherit&#8221; column_padding_phone=&#8221;inherit&#8221; column_padding_position=&#8221;all&#8221; column_element_spacing=&#8221;default&#8221; background_color_opacity=&#8221;1&#8243; background_hover_color_opacity=&#8221;1&#8243; column_shadow=&#8221;none&#8221; column_border_radius=&#8221;none&#8221; column_link_target=&#8221;_self&#8221; gradient_direction=&#8221;left_to_right&#8221; overlay_strength=&#8221;0.3&#8243; width=&#8221;1\/3&#8243; tablet_width_inherit=&#8221;default&#8221; tablet_text_alignment=&#8221;default&#8221; phone_text_alignment=&#8221;default&#8221; bg_image_animation=&#8221;none&#8221; border_type=&#8221;simple&#8221; column_border_width=&#8221;none&#8221; column_border_style=&#8221;solid&#8221;][fancy_box box_style=&#8221;color_box_hover&#8221; icon_family=&#8221;none&#8221; color=&#8221;extra-color-gradient-1&#8243; color_box_hover_overlay_opacity=&#8221;default&#8221; box_alignment=&#8221;left&#8221; border_radius=&#8221;default&#8221; image_loading=&#8221;default&#8221; min_height=&#8221;450&#8243; link_url=&#8221;http:\/\/www.laurarequena.es\/terapias-para-adultos\/terapia-para-adultos-con-otras-patologias\/terapia-de-crisis-vitales\/&#8221;]\n<h2 style=\"font-weight: 400; text-align: center;\"><strong>Crisis vitales<\/strong><\/h2>\n<p>&nbsp;<\/p>\n<p>Se\u00f1ales de Crisis vitales<\/p>\n<ul>\n<li>Cuestionarte profundo sobre aspectos de tu vida<\/li>\n<li>S\u00edntomas de ansiedad, des\u00e1nimo y confusi\u00f3n<\/li>\n<li>Cambios a nivel laboral, abandono de los hijos del lugar familiar, entre otros.<\/li>\n<li>Emociones negativas fuente del malestar psicol\u00f3gico.<\/li>\n<\/ul>\n<p style=\"text-align: left;\">[nectar_cta btn_style=&#8221;see-through&#8221; heading_tag=&#8221;h5&#8243; link_type=&#8221;regular&#8221; alignment=&#8221;center&#8221; link_text=&#8221;M\u00e1s informaci\u00f3n&#8221;]\n[\/fancy_box][\/vc_column][vc_column column_padding=&#8221;no-extra-padding&#8221; column_padding_tablet=&#8221;inherit&#8221; column_padding_phone=&#8221;inherit&#8221; column_padding_position=&#8221;all&#8221; column_element_spacing=&#8221;default&#8221; background_color_opacity=&#8221;1&#8243; background_hover_color_opacity=&#8221;1&#8243; column_shadow=&#8221;none&#8221; column_border_radius=&#8221;none&#8221; column_link_target=&#8221;_self&#8221; gradient_direction=&#8221;left_to_right&#8221; overlay_strength=&#8221;0.3&#8243; width=&#8221;1\/3&#8243; tablet_width_inherit=&#8221;default&#8221; tablet_text_alignment=&#8221;default&#8221; phone_text_alignment=&#8221;default&#8221; bg_image_animation=&#8221;none&#8221; border_type=&#8221;simple&#8221; column_border_width=&#8221;none&#8221; column_border_style=&#8221;solid&#8221;][fancy_box box_style=&#8221;color_box_hover&#8221; icon_family=&#8221;none&#8221; color=&#8221;extra-color-gradient-1&#8243; color_box_hover_overlay_opacity=&#8221;default&#8221; box_alignment=&#8221;left&#8221; border_radius=&#8221;default&#8221; image_loading=&#8221;default&#8221; min_height=&#8221;450&#8243; link_url=&#8221;http:\/\/www.laurarequena.es\/terapias-para-adultos\/terapia-para-adultos-con-otras-patologias\/terapia-de-estres-postraumatico\/&#8221;]\n<h2 style=\"text-align: center;\"><strong>Estr\u00e9s postraum\u00e1tico<\/strong><\/h2>\n<p>&nbsp;<\/p>\n<p>S\u00edntomas de Estr\u00e9s postraum\u00e1tico<\/p>\n<ul>\n<li>Haber sufrido uno o varios eventos traum\u00e1ticos<\/li>\n<li>Recuerdos angustiantes e involuntarios sobre el evento<\/li>\n<li>Sue\u00f1os perturbadores<\/li>\n<li>Angustia emocional y problemas de memoria<\/li>\n<li>Evitar pensar y\/o hablar sobre el suceso<\/li>\n<li>Desesperanza y dificultad en sentir emociones<\/li>\n<\/ul>\n<p style=\"text-align: left;\">[nectar_cta btn_style=&#8221;see-through&#8221; heading_tag=&#8221;h5&#8243; link_type=&#8221;regular&#8221; alignment=&#8221;center&#8221; link_text=&#8221;M\u00e1s informaci\u00f3n&#8221;]\n[\/fancy_box][\/vc_column][\/vc_row][vc_row type=&#8221;in_container&#8221; full_screen_row_position=&#8221;middle&#8221; column_margin=&#8221;default&#8221; column_direction=&#8221;default&#8221; column_direction_tablet=&#8221;default&#8221; column_direction_phone=&#8221;default&#8221; bg_color=&#8221;#ffffff&#8221; scene_position=&#8221;center&#8221; top_padding=&#8221;5%&#8221; bottom_padding=&#8221;1%&#8221; text_color=&#8221;dark&#8221; text_align=&#8221;left&#8221; row_border_radius=&#8221;none&#8221; row_border_radius_applies=&#8221;bg&#8221; overlay_strength=&#8221;0.3&#8243; gradient_direction=&#8221;left_to_right&#8221; shape_divider_position=&#8221;bottom&#8221; bg_image_animation=&#8221;none&#8221; shape_type=&#8221;&#8221;][vc_column column_padding=&#8221;no-extra-padding&#8221; column_padding_tablet=&#8221;inherit&#8221; column_padding_phone=&#8221;inherit&#8221; column_padding_position=&#8221;all&#8221; column_element_spacing=&#8221;default&#8221; background_color_opacity=&#8221;1&#8243; background_hover_color_opacity=&#8221;1&#8243; column_shadow=&#8221;none&#8221; column_border_radius=&#8221;none&#8221; column_link_target=&#8221;_self&#8221; gradient_direction=&#8221;left_to_right&#8221; overlay_strength=&#8221;0.3&#8243; width=&#8221;1\/3&#8243; tablet_width_inherit=&#8221;default&#8221; tablet_text_alignment=&#8221;default&#8221; phone_text_alignment=&#8221;default&#8221; bg_image_animation=&#8221;none&#8221; border_type=&#8221;simple&#8221; column_border_width=&#8221;none&#8221; column_border_style=&#8221;solid&#8221;][fancy_box box_style=&#8221;color_box_hover&#8221; icon_family=&#8221;none&#8221; color=&#8221;extra-color-gradient-1&#8243; color_box_hover_overlay_opacity=&#8221;default&#8221; box_alignment=&#8221;left&#8221; border_radius=&#8221;default&#8221; image_loading=&#8221;default&#8221; min_height=&#8221;450&#8243; link_url=&#8221;http:\/\/www.laurarequena.es\/terapias-para-adultos\/terapia-para-adultos-con-otras-patologias\/terapia-de-fobias\/&#8221;]\n<h2 style=\"text-align: center;\"><strong>Fobia<\/strong><\/h2>\n<p>&nbsp;<\/p>\n<p>S\u00edntomas de fobias<\/p>\n<ul>\n<li>Miedo intenso y desproporcionado a situaciones u objetos<\/li>\n<li>Sudoraci\u00f3n, respiraci\u00f3n anormal<\/li>\n<li>Escalofr\u00edos, dolor en el pecho y sequedad de boca<\/li>\n<li>Mareos, dolor de cabeza<\/li>\n<li>Evitaci\u00f3n de situaciones que generan el miedo o ansiedad<\/li>\n<\/ul>\n<p>&nbsp;<\/p>\n<p>&nbsp;<\/p>\n<p style=\"text-align: left;\">[nectar_cta btn_style=&#8221;see-through&#8221; heading_tag=&#8221;h5&#8243; link_type=&#8221;regular&#8221; alignment=&#8221;center&#8221; link_text=&#8221;M\u00e1s informaci\u00f3n&#8221;]\n[\/fancy_box][\/vc_column][vc_column column_padding=&#8221;no-extra-padding&#8221; column_padding_tablet=&#8221;inherit&#8221; column_padding_phone=&#8221;inherit&#8221; column_padding_position=&#8221;all&#8221; column_element_spacing=&#8221;default&#8221; background_color_opacity=&#8221;1&#8243; background_hover_color_opacity=&#8221;1&#8243; column_shadow=&#8221;none&#8221; column_border_radius=&#8221;none&#8221; column_link_target=&#8221;_self&#8221; gradient_direction=&#8221;left_to_right&#8221; overlay_strength=&#8221;0.3&#8243; width=&#8221;1\/3&#8243; tablet_width_inherit=&#8221;default&#8221; tablet_text_alignment=&#8221;default&#8221; phone_text_alignment=&#8221;default&#8221; bg_image_animation=&#8221;none&#8221; border_type=&#8221;simple&#8221; column_border_width=&#8221;none&#8221; column_border_style=&#8221;solid&#8221;][fancy_box box_style=&#8221;color_box_hover&#8221; icon_family=&#8221;none&#8221; color=&#8221;extra-color-gradient-1&#8243; color_box_hover_overlay_opacity=&#8221;default&#8221; box_alignment=&#8221;left&#8221; border_radius=&#8221;default&#8221; image_loading=&#8221;default&#8221; min_height=&#8221;450&#8243; link_url=&#8221;http:\/\/www.laurarequena.es\/terapias-para-adultos\/terapia-para-adultos-con-otras-patologias\/terapia-de-ataques-de-panico\/&#8221;]\n<h2 style=\"font-weight: 400; text-align: center;\"><strong>Ataques de p\u00e1nico<\/strong><\/h2>\n<p>S\u00edntomas de ataques de p\u00e1nico<\/p>\n<ul>\n<li>Sensaci\u00f3n de peligro o fatalidad<\/li>\n<li>Sudor y palpitaciones<\/li>\n<li>Escalofr\u00edos y dolor de cabeza<\/li>\n<li>Mareos, sentimientos de no estar en la realidad<\/li>\n<li>Desmayos y miedo a perder el control o a la muerte<\/li>\n<\/ul>\n<p>&nbsp;<\/p>\n<p style=\"text-align: left;\">[nectar_cta btn_style=&#8221;see-through&#8221; heading_tag=&#8221;h5&#8243; link_type=&#8221;regular&#8221; alignment=&#8221;center&#8221; link_text=&#8221;M\u00e1s informaci\u00f3n&#8221;]\n[\/fancy_box][\/vc_column][vc_column column_padding=&#8221;no-extra-padding&#8221; column_padding_tablet=&#8221;inherit&#8221; column_padding_phone=&#8221;inherit&#8221; column_padding_position=&#8221;all&#8221; column_element_spacing=&#8221;default&#8221; background_color_opacity=&#8221;1&#8243; background_hover_color_opacity=&#8221;1&#8243; column_shadow=&#8221;none&#8221; column_border_radius=&#8221;none&#8221; column_link_target=&#8221;_self&#8221; gradient_direction=&#8221;left_to_right&#8221; overlay_strength=&#8221;0.3&#8243; width=&#8221;1\/3&#8243; tablet_width_inherit=&#8221;default&#8221; tablet_text_alignment=&#8221;default&#8221; phone_text_alignment=&#8221;default&#8221; bg_image_animation=&#8221;none&#8221; border_type=&#8221;simple&#8221; column_border_width=&#8221;none&#8221; column_border_style=&#8221;solid&#8221;][fancy_box box_style=&#8221;color_box_hover&#8221; icon_family=&#8221;none&#8221; color=&#8221;extra-color-gradient-1&#8243; color_box_hover_overlay_opacity=&#8221;default&#8221; box_alignment=&#8221;left&#8221; border_radius=&#8221;default&#8221; image_loading=&#8221;default&#8221; min_height=&#8221;450&#8243; link_url=&#8221;http:\/\/www.laurarequena.es\/terapias-para-adultos\/terapia-para-adultos-con-otras-patologias\/terapia-de-celos-patologicos\/&#8221;]\n<h2 style=\"text-align: center;\"><strong>Celos patol\u00f3gicos<\/strong><\/h2>\n<p>S\u00edntomas de celos patol\u00f3gicos<\/p>\n<ul>\n<li>Comprobaci\u00f3n del m\u00f3vil de la pareja<\/li>\n<li>Pensamientos obsesivos e irracionales de infidelidad<\/li>\n<li>Dependencia emocional y sufrimiento intenso<\/li>\n<li>Control excesivo de lo que hace la pareja<\/li>\n<li>Ansiedad si la pareja tarda m\u00e1s de lo habitual<\/li>\n<\/ul>\n<p>&nbsp;<\/p>\n<p style=\"text-align: left;\">[nectar_cta btn_style=&#8221;see-through&#8221; heading_tag=&#8221;h5&#8243; link_type=&#8221;regular&#8221; alignment=&#8221;center&#8221; link_text=&#8221;M\u00e1s informaci\u00f3n&#8221;]\n[\/fancy_box][\/vc_column][\/vc_row][vc_row type=&#8221;in_container&#8221; full_screen_row_position=&#8221;middle&#8221; column_margin=&#8221;default&#8221; column_direction=&#8221;default&#8221; column_direction_tablet=&#8221;default&#8221; column_direction_phone=&#8221;default&#8221; bg_color=&#8221;#ffffff&#8221; scene_position=&#8221;center&#8221; top_padding=&#8221;5%&#8221; bottom_padding=&#8221;1%&#8221; text_color=&#8221;dark&#8221; text_align=&#8221;left&#8221; row_border_radius=&#8221;none&#8221; row_border_radius_applies=&#8221;bg&#8221; overlay_strength=&#8221;0.3&#8243; gradient_direction=&#8221;left_to_right&#8221; shape_divider_position=&#8221;bottom&#8221; bg_image_animation=&#8221;none&#8221; shape_type=&#8221;&#8221;][vc_column column_padding=&#8221;no-extra-padding&#8221; column_padding_tablet=&#8221;inherit&#8221; column_padding_phone=&#8221;inherit&#8221; column_padding_position=&#8221;all&#8221; column_element_spacing=&#8221;default&#8221; background_color_opacity=&#8221;1&#8243; background_hover_color_opacity=&#8221;1&#8243; column_shadow=&#8221;none&#8221; column_border_radius=&#8221;none&#8221; column_link_target=&#8221;_self&#8221; gradient_direction=&#8221;left_to_right&#8221; overlay_strength=&#8221;0.3&#8243; width=&#8221;1\/3&#8243; tablet_width_inherit=&#8221;default&#8221; tablet_text_alignment=&#8221;default&#8221; phone_text_alignment=&#8221;default&#8221; bg_image_animation=&#8221;none&#8221; border_type=&#8221;simple&#8221; column_border_width=&#8221;none&#8221; column_border_style=&#8221;solid&#8221;][fancy_box box_style=&#8221;color_box_hover&#8221; icon_family=&#8221;none&#8221; color=&#8221;extra-color-gradient-1&#8243; color_box_hover_overlay_opacity=&#8221;default&#8221; box_alignment=&#8221;left&#8221; border_radius=&#8221;default&#8221; image_loading=&#8221;default&#8221; min_height=&#8221;450&#8243; link_url=&#8221;http:\/\/www.laurarequena.es\/terapias-para-adultos\/terapia-para-adultos-con-otras-patologias\/terapia-para-adultos-con-problemas-de-autoestima\/&#8221;]\n<h2 style=\"text-align: center;\"><strong>Problemas de Autoestima<\/strong><\/h2>\n<p>&nbsp;<\/p>\n<p>S\u00edntomas de problemas de autoestima<\/p>\n<ul>\n<li>Necesidad de aprobaci\u00f3n de los otros<\/li>\n<li>Dificultad en tomar decisiones por uno mismo<\/li>\n<li>Miedo a afrontar nuevas situaciones o retos<\/li>\n<li>Tendencia a pasar desapercibidos en situaciones sociales<\/li>\n<li>Autocritica excesiva y actitud de derrota ante la vida<\/li>\n<li>Dar demasiada importancia a la opini\u00f3n de otras personas sobre uno mismo.<\/li>\n<\/ul>\n<p>&nbsp;<\/p>\n<p>&nbsp;<\/p>\n<p style=\"text-align: left;\">[nectar_cta btn_style=&#8221;see-through&#8221; heading_tag=&#8221;h5&#8243; link_type=&#8221;regular&#8221; alignment=&#8221;center&#8221; link_text=&#8221;M\u00e1s informaci\u00f3n&#8221;]\n[\/fancy_box][\/vc_column][vc_column column_padding=&#8221;no-extra-padding&#8221; column_padding_tablet=&#8221;inherit&#8221; column_padding_phone=&#8221;inherit&#8221; column_padding_position=&#8221;all&#8221; column_element_spacing=&#8221;default&#8221; background_color_opacity=&#8221;1&#8243; background_hover_color_opacity=&#8221;1&#8243; column_shadow=&#8221;none&#8221; column_border_radius=&#8221;none&#8221; column_link_target=&#8221;_self&#8221; gradient_direction=&#8221;left_to_right&#8221; overlay_strength=&#8221;0.3&#8243; width=&#8221;1\/3&#8243; tablet_width_inherit=&#8221;default&#8221; tablet_text_alignment=&#8221;default&#8221; phone_text_alignment=&#8221;default&#8221; bg_image_animation=&#8221;none&#8221; border_type=&#8221;simple&#8221; column_border_width=&#8221;none&#8221; column_border_style=&#8221;solid&#8221;][fancy_box box_style=&#8221;color_box_hover&#8221; icon_family=&#8221;none&#8221; color=&#8221;extra-color-gradient-1&#8243; color_box_hover_overlay_opacity=&#8221;default&#8221; box_alignment=&#8221;left&#8221; border_radius=&#8221;default&#8221; image_loading=&#8221;default&#8221; min_height=&#8221;450&#8243; link_url=&#8221;http:\/\/www.laurarequena.es\/terapias-para-adultos\/terapia-para-adultos-con-otras-patologias\/terapia-con-timidez-social-y-amorosa\/&#8221;]\n<h2 style=\"font-weight: 400; text-align: center;\"><strong>Timidez<\/strong><\/h2>\n<p>S\u00edntomas de timidez (social y amorosa)<\/p>\n<ul>\n<li>Preocupaci\u00f3n excesiva por la posibilidad de convertirse en el centro de la atenci\u00f3n de un grupo de personas.<\/li>\n<li>Miedo a que alguien observe lo que est\u00e1 haciendo.<\/li>\n<li>Aversi\u00f3n a realizar gestiones o incluso a hacer llamadas telef\u00f3nicas.<\/li>\n<li>Dificultades para emprender una reclamaci\u00f3n, aunque tenga la raz\u00f3n y el derecho.<\/li>\n<li>Miedo a hablar o realizar presentaciones en p\u00fablico.<\/li>\n<li>Miedo a estar solo\/a con la persona que le atrae y evitaci\u00f3n de acercamiento amoroso.<\/li>\n<\/ul>\n<p>&nbsp;<\/p>\n<p style=\"text-align: left;\">[nectar_cta btn_style=&#8221;see-through&#8221; heading_tag=&#8221;h5&#8243; link_type=&#8221;regular&#8221; alignment=&#8221;center&#8221; link_text=&#8221;M\u00e1s informaci\u00f3n&#8221;]\n[\/fancy_box][\/vc_column][\/vc_row]\n","protected":false},"excerpt":{"rendered":"<p>[vc_row type=&#8221;full_width_background&#8221; full_screen_row_position=&#8221;middle&#8221; column_margin=&#8221;default&#8221; column_direction=&#8221;default&#8221; column_direction_tablet=&#8221;default&#8221; column_direction_phone=&#8221;default&#8221; bg_color=&#8221;#333333&#8243; bg_image=&#8221;749&#8243; bg_position=&#8221;center center&#8221; background_image_loading=&#8221;default&#8221; bg_repeat=&#8221;no-repeat&#8221; full_height=&#8221;yes&#8221; scene_position=&#8221;center&#8221; top_padding=&#8221;0&#8243; constrain_group_1=&#8221;yes&#8221; bottom_padding=&#8221;0&#8243; text_color=&#8221;light&#8221; text_align=&#8221;left&#8221; row_border_radius=&#8221;none&#8221; row_border_radius_applies=&#8221;bg&#8221; color_overlay=&#8221;#0a0a0a&#8221; overlay_strength=&#8221;0.3&#8243; gradient_direction=&#8221;left_to_right&#8221; shape_divider_position=&#8221;bottom&#8221; bg_image_animation=&#8221;none&#8221; parallax_bg=&#8221;true&#8221; parallax_bg_speed=&#8221;fast&#8221; shape_type=&#8221;&#8221;][vc_column&#8230;<\/p>\n","protected":false},"author":4,"featured_media":0,"parent":285,"menu_order":0,"comment_status":"closed","ping_status":"closed","template":"","meta":{"_joinchat":[],"footnotes":""},"class_list":["post-695","page","type-page","status-publish"],"yoast_head":"<!-- This site is optimized with the Yoast SEO plugin v27.1.1 - https:\/\/yoast.com\/product\/yoast-seo-wordpress\/ -->\n<title>Terapia para adultos con otras patolog\u00edas - Laura Requena<\/title>\n<meta name=\"robots\" content=\"index, follow, max-snippet:-1, max-image-preview:large, max-video-preview:-1\" \/>\n<link rel=\"canonical\" href=\"https:\/\/www.laurarequena.es\/en\/servicios\/terapias-para-adultos\/terapia-para-adultos-con-otras-patologias\/\" \/>\n<meta property=\"og:locale\" content=\"en_US\" \/>\n<meta property=\"og:type\" content=\"article\" \/>\n<meta property=\"og:title\" content=\"Terapia para adultos con otras patolog\u00edas - Laura Requena\" \/>\n<meta property=\"og:description\" content=\"[vc_row type=&#8221;full_width_background&#8221; full_screen_row_position=&#8221;middle&#8221; column_margin=&#8221;default&#8221; column_direction=&#8221;default&#8221; column_direction_tablet=&#8221;default&#8221; column_direction_phone=&#8221;default&#8221; bg_color=&#8221;#333333&#8243; bg_image=&#8221;749&#8243; bg_position=&#8221;center center&#8221; background_image_loading=&#8221;default&#8221; bg_repeat=&#8221;no-repeat&#8221; full_height=&#8221;yes&#8221; scene_position=&#8221;center&#8221; top_padding=&#8221;0&#8243; constrain_group_1=&#8221;yes&#8221; bottom_padding=&#8221;0&#8243; text_color=&#8221;light&#8221; text_align=&#8221;left&#8221; row_border_radius=&#8221;none&#8221; row_border_radius_applies=&#8221;bg&#8221; color_overlay=&#8221;#0a0a0a&#8221; overlay_strength=&#8221;0.3&#8243; gradient_direction=&#8221;left_to_right&#8221; shape_divider_position=&#8221;bottom&#8221; bg_image_animation=&#8221;none&#8221; parallax_bg=&#8221;true&#8221; parallax_bg_speed=&#8221;fast&#8221; shape_type=&#8221;&#8221;][vc_column...\" \/>\n<meta property=\"og:url\" content=\"https:\/\/www.laurarequena.es\/servicios\/terapias-para-adultos\/terapia-para-adultos-con-otras-patologias\/\" \/>\n<meta property=\"og:site_name\" content=\"Laura Requena\" \/>\n<meta property=\"article:modified_time\" content=\"2021-09-13T08:37:47+00:00\" \/>\n<meta name=\"twitter:card\" content=\"summary_large_image\" \/>\n<meta name=\"twitter:label1\" content=\"Est. reading time\" \/>\n\t<meta name=\"twitter:data1\" content=\"9 minutes\" \/>\n<script type=\"application\/ld+json\" class=\"yoast-schema-graph\">{\"@context\":\"https:\/\/schema.org\",\"@graph\":[{\"@type\":\"WebPage\",\"@id\":\"https:\/\/www.laurarequena.es\/servicios\/terapias-para-adultos\/terapia-para-adultos-con-otras-patologias\/\",\"url\":\"https:\/\/www.laurarequena.es\/servicios\/terapias-para-adultos\/terapia-para-adultos-con-otras-patologias\/\",\"name\":\"Terapia para adultos con otras patolog\u00edas - Laura Requena\",\"isPartOf\":{\"@id\":\"https:\/\/www.laurarequena.es\/#website\"},\"datePublished\":\"2021-09-07T17:37:05+00:00\",\"dateModified\":\"2021-09-13T08:37:47+00:00\",\"breadcrumb\":{\"@id\":\"https:\/\/www.laurarequena.es\/servicios\/terapias-para-adultos\/terapia-para-adultos-con-otras-patologias\/#breadcrumb\"},\"inLanguage\":\"en-US\",\"potentialAction\":[{\"@type\":\"ReadAction\",\"target\":[\"https:\/\/www.laurarequena.es\/servicios\/terapias-para-adultos\/terapia-para-adultos-con-otras-patologias\/\"]}]},{\"@type\":\"BreadcrumbList\",\"@id\":\"https:\/\/www.laurarequena.es\/servicios\/terapias-para-adultos\/terapia-para-adultos-con-otras-patologias\/#breadcrumb\",\"itemListElement\":[{\"@type\":\"ListItem\",\"position\":1,\"name\":\"Portada\",\"item\":\"https:\/\/www.laurarequena.es\/\"},{\"@type\":\"ListItem\",\"position\":2,\"name\":\"Servicios\",\"item\":\"https:\/\/www.laurarequena.es\/servicios\/\"},{\"@type\":\"ListItem\",\"position\":3,\"name\":\"Terapias para adultos\",\"item\":\"https:\/\/www.laurarequena.es\/servicios\/terapias-para-adultos\/\"},{\"@type\":\"ListItem\",\"position\":4,\"name\":\"Terapia para adultos con otras patolog\u00edas\"}]},{\"@type\":\"WebSite\",\"@id\":\"https:\/\/www.laurarequena.es\/#website\",\"url\":\"https:\/\/www.laurarequena.es\/\",\"name\":\"Laura Requena\",\"description\":\"\",\"publisher\":{\"@id\":\"https:\/\/www.laurarequena.es\/#organization\"},\"potentialAction\":[{\"@type\":\"SearchAction\",\"target\":{\"@type\":\"EntryPoint\",\"urlTemplate\":\"https:\/\/www.laurarequena.es\/?s={search_term_string}\"},\"query-input\":{\"@type\":\"PropertyValueSpecification\",\"valueRequired\":true,\"valueName\":\"search_term_string\"}}],\"inLanguage\":\"en-US\"},{\"@type\":\"Organization\",\"@id\":\"https:\/\/www.laurarequena.es\/#organization\",\"name\":\"Centro de Psicoterapia Laura Requena\",\"url\":\"https:\/\/www.laurarequena.es\/\",\"logo\":{\"@type\":\"ImageObject\",\"inLanguage\":\"en-US\",\"@id\":\"https:\/\/www.laurarequena.es\/#\/schema\/logo\/image\/\",\"url\":\"http:\/\/www.laurarequena.es\/wp-content\/uploads\/navbar-laura-requena-ticmatic.png\",\"contentUrl\":\"http:\/\/www.laurarequena.es\/wp-content\/uploads\/navbar-laura-requena-ticmatic.png\",\"width\":1780,\"height\":443,\"caption\":\"Centro de Psicoterapia Laura Requena\"},\"image\":{\"@id\":\"https:\/\/www.laurarequena.es\/#\/schema\/logo\/image\/\"}}]}<\/script>\n<!-- \/ Yoast SEO plugin. -->","yoast_head_json":{"title":"Terapia para adultos con otras patolog\u00edas - Laura Requena","robots":{"index":"index","follow":"follow","max-snippet":"max-snippet:-1","max-image-preview":"max-image-preview:large","max-video-preview":"max-video-preview:-1"},"canonical":"https:\/\/www.laurarequena.es\/en\/servicios\/terapias-para-adultos\/terapia-para-adultos-con-otras-patologias\/","og_locale":"en_US","og_type":"article","og_title":"Terapia para adultos con otras patolog\u00edas - Laura Requena","og_description":"[vc_row type=&#8221;full_width_background&#8221; full_screen_row_position=&#8221;middle&#8221; column_margin=&#8221;default&#8221; column_direction=&#8221;default&#8221; column_direction_tablet=&#8221;default&#8221; column_direction_phone=&#8221;default&#8221; bg_color=&#8221;#333333&#8243; bg_image=&#8221;749&#8243; bg_position=&#8221;center center&#8221; background_image_loading=&#8221;default&#8221; bg_repeat=&#8221;no-repeat&#8221; full_height=&#8221;yes&#8221; scene_position=&#8221;center&#8221; top_padding=&#8221;0&#8243; constrain_group_1=&#8221;yes&#8221; bottom_padding=&#8221;0&#8243; text_color=&#8221;light&#8221; text_align=&#8221;left&#8221; row_border_radius=&#8221;none&#8221; row_border_radius_applies=&#8221;bg&#8221; color_overlay=&#8221;#0a0a0a&#8221; overlay_strength=&#8221;0.3&#8243; gradient_direction=&#8221;left_to_right&#8221; shape_divider_position=&#8221;bottom&#8221; bg_image_animation=&#8221;none&#8221; parallax_bg=&#8221;true&#8221; parallax_bg_speed=&#8221;fast&#8221; shape_type=&#8221;&#8221;][vc_column...","og_url":"https:\/\/www.laurarequena.es\/servicios\/terapias-para-adultos\/terapia-para-adultos-con-otras-patologias\/","og_site_name":"Laura Requena","article_modified_time":"2021-09-13T08:37:47+00:00","twitter_card":"summary_large_image","twitter_misc":{"Est. reading time":"9 minutes"},"schema":{"@context":"https:\/\/schema.org","@graph":[{"@type":"WebPage","@id":"https:\/\/www.laurarequena.es\/servicios\/terapias-para-adultos\/terapia-para-adultos-con-otras-patologias\/","url":"https:\/\/www.laurarequena.es\/servicios\/terapias-para-adultos\/terapia-para-adultos-con-otras-patologias\/","name":"Terapia para adultos con otras patolog\u00edas - Laura Requena","isPartOf":{"@id":"https:\/\/www.laurarequena.es\/#website"},"datePublished":"2021-09-07T17:37:05+00:00","dateModified":"2021-09-13T08:37:47+00:00","breadcrumb":{"@id":"https:\/\/www.laurarequena.es\/servicios\/terapias-para-adultos\/terapia-para-adultos-con-otras-patologias\/#breadcrumb"},"inLanguage":"en-US","potentialAction":[{"@type":"ReadAction","target":["https:\/\/www.laurarequena.es\/servicios\/terapias-para-adultos\/terapia-para-adultos-con-otras-patologias\/"]}]},{"@type":"BreadcrumbList","@id":"https:\/\/www.laurarequena.es\/servicios\/terapias-para-adultos\/terapia-para-adultos-con-otras-patologias\/#breadcrumb","itemListElement":[{"@type":"ListItem","position":1,"name":"Portada","item":"https:\/\/www.laurarequena.es\/"},{"@type":"ListItem","position":2,"name":"Servicios","item":"https:\/\/www.laurarequena.es\/servicios\/"},{"@type":"ListItem","position":3,"name":"Terapias para adultos","item":"https:\/\/www.laurarequena.es\/servicios\/terapias-para-adultos\/"},{"@type":"ListItem","position":4,"name":"Terapia para adultos con otras patolog\u00edas"}]},{"@type":"WebSite","@id":"https:\/\/www.laurarequena.es\/#website","url":"https:\/\/www.laurarequena.es\/","name":"Laura Requena","description":"","publisher":{"@id":"https:\/\/www.laurarequena.es\/#organization"},"potentialAction":[{"@type":"SearchAction","target":{"@type":"EntryPoint","urlTemplate":"https:\/\/www.laurarequena.es\/?s={search_term_string}"},"query-input":{"@type":"PropertyValueSpecification","valueRequired":true,"valueName":"search_term_string"}}],"inLanguage":"en-US"},{"@type":"Organization","@id":"https:\/\/www.laurarequena.es\/#organization","name":"Centro de Psicoterapia Laura Requena","url":"https:\/\/www.laurarequena.es\/","logo":{"@type":"ImageObject","inLanguage":"en-US","@id":"https:\/\/www.laurarequena.es\/#\/schema\/logo\/image\/","url":"http:\/\/www.laurarequena.es\/wp-content\/uploads\/navbar-laura-requena-ticmatic.png","contentUrl":"http:\/\/www.laurarequena.es\/wp-content\/uploads\/navbar-laura-requena-ticmatic.png","width":1780,"height":443,"caption":"Centro de Psicoterapia Laura Requena"},"image":{"@id":"https:\/\/www.laurarequena.es\/#\/schema\/logo\/image\/"}}]}},"_links":{"self":[{"href":"https:\/\/www.laurarequena.es\/en\/wp-json\/wp\/v2\/pages\/695","targetHints":{"allow":["GET"]}}],"collection":[{"href":"https:\/\/www.laurarequena.es\/en\/wp-json\/wp\/v2\/pages"}],"about":[{"href":"https:\/\/www.laurarequena.es\/en\/wp-json\/wp\/v2\/types\/page"}],"author":[{"embeddable":true,"href":"https:\/\/www.laurarequena.es\/en\/wp-json\/wp\/v2\/users\/4"}],"replies":[{"embeddable":true,"href":"https:\/\/www.laurarequena.es\/en\/wp-json\/wp\/v2\/comments?post=695"}],"version-history":[{"count":45,"href":"https:\/\/www.laurarequena.es\/en\/wp-json\/wp\/v2\/pages\/695\/revisions"}],"predecessor-version":[{"id":1186,"href":"https:\/\/www.laurarequena.es\/en\/wp-json\/wp\/v2\/pages\/695\/revisions\/1186"}],"up":[{"embeddable":true,"href":"https:\/\/www.laurarequena.es\/en\/wp-json\/wp\/v2\/pages\/285"}],"wp:attachment":[{"href":"https:\/\/www.laurarequena.es\/en\/wp-json\/wp\/v2\/media?parent=695"}],"curies":[{"name":"wp","href":"https:\/\/api.w.org\/{rel}","templated":true}]}}