{"id":464,"date":"2021-09-03T11:39:46","date_gmt":"2021-09-03T09:39:46","guid":{"rendered":"https:\/\/laura.ticmatic.es\/?page_id=464"},"modified":"2021-09-21T18:14:12","modified_gmt":"2021-09-21T16:14:12","slug":"terapia-para-adultos-con-ansiedad","status":"publish","type":"page","link":"https:\/\/www.laurarequena.es\/en\/servicios\/terapias-para-adultos\/terapia-para-adultos-con-ansiedad\/","title":{"rendered":"Terapia para adultos con ansiedad"},"content":{"rendered":"[vc_row type=&#8221;full_width_background&#8221; full_screen_row_position=&#8221;middle&#8221; column_margin=&#8221;default&#8221; column_direction=&#8221;default&#8221; column_direction_tablet=&#8221;default&#8221; column_direction_phone=&#8221;default&#8221; bg_color=&#8221;#333333&#8243; bg_image=&#8221;739&#8243; bg_position=&#8221;center center&#8221; background_image_loading=&#8221;default&#8221; bg_repeat=&#8221;no-repeat&#8221; full_height=&#8221;yes&#8221; scene_position=&#8221;center&#8221; top_padding=&#8221;0&#8243; constrain_group_1=&#8221;yes&#8221; bottom_padding=&#8221;0&#8243; text_color=&#8221;light&#8221; text_align=&#8221;left&#8221; row_border_radius=&#8221;none&#8221; row_border_radius_applies=&#8221;bg&#8221; color_overlay=&#8221;#0a0a0a&#8221; overlay_strength=&#8221;0.3&#8243; gradient_direction=&#8221;left_to_right&#8221; shape_divider_position=&#8221;bottom&#8221; bg_image_animation=&#8221;none&#8221; parallax_bg=&#8221;true&#8221; parallax_bg_speed=&#8221;fast&#8221; shape_type=&#8221;&#8221;][vc_column column_padding=&#8221;no-extra-padding&#8221; column_padding_tablet=&#8221;inherit&#8221; column_padding_phone=&#8221;inherit&#8221; column_padding_position=&#8221;all&#8221; column_element_spacing=&#8221;default&#8221; background_color_opacity=&#8221;1&#8243; background_hover_color_opacity=&#8221;1&#8243; column_shadow=&#8221;none&#8221; column_border_radius=&#8221;none&#8221; column_link_target=&#8221;_self&#8221; gradient_direction=&#8221;left_to_right&#8221; overlay_strength=&#8221;0.3&#8243; width=&#8221;1\/1&#8243; tablet_width_inherit=&#8221;default&#8221; tablet_text_alignment=&#8221;default&#8221; phone_text_alignment=&#8221;default&#8221; bg_image_animation=&#8221;none&#8221; border_type=&#8221;simple&#8221; column_border_width=&#8221;none&#8221; column_border_style=&#8221;solid&#8221;][vc_row_inner column_margin=&#8221;default&#8221; column_direction=&#8221;default&#8221; column_direction_tablet=&#8221;default&#8221; column_direction_phone=&#8221;default&#8221; text_align=&#8221;left&#8221;][vc_column_inner column_padding=&#8221;no-extra-padding&#8221; column_padding_tablet=&#8221;inherit&#8221; column_padding_phone=&#8221;inherit&#8221; column_padding_position=&#8221;all&#8221; column_element_spacing=&#8221;default&#8221; background_color_opacity=&#8221;1&#8243; background_hover_color_opacity=&#8221;1&#8243; column_shadow=&#8221;none&#8221; column_border_radius=&#8221;none&#8221; column_link_target=&#8221;_self&#8221; gradient_direction=&#8221;left_to_right&#8221; overlay_strength=&#8221;0.3&#8243; width=&#8221;1\/6&#8243; tablet_width_inherit=&#8221;default&#8221; bg_image_animation=&#8221;none&#8221; enable_animation=&#8221;true&#8221; animation=&#8221;fade-in-from-bottom&#8221; border_type=&#8221;simple&#8221; column_border_width=&#8221;none&#8221; column_border_style=&#8221;solid&#8221;][\/vc_column_inner][vc_column_inner column_padding=&#8221;no-extra-padding&#8221; column_padding_tablet=&#8221;inherit&#8221; column_padding_phone=&#8221;inherit&#8221; column_padding_position=&#8221;all&#8221; column_element_spacing=&#8221;default&#8221; centered_text=&#8221;true&#8221; background_color_opacity=&#8221;1&#8243; background_hover_color_opacity=&#8221;1&#8243; column_shadow=&#8221;none&#8221; column_border_radius=&#8221;none&#8221; column_link_target=&#8221;_self&#8221; gradient_direction=&#8221;left_to_right&#8221; overlay_strength=&#8221;0.3&#8243; width=&#8221;2\/3&#8243; tablet_width_inherit=&#8221;default&#8221; bg_image_animation=&#8221;none&#8221; enable_animation=&#8221;true&#8221; animation=&#8221;fade-in-from-bottom&#8221; border_type=&#8221;simple&#8221; column_border_width=&#8221;none&#8221; column_border_style=&#8221;solid&#8221;][vc_column_text css_animation=&#8221;none&#8221; css=&#8221;.vc_custom_1630669374600{margin-bottom: 15px !important;}&#8221;]\n<h1>Terapia para adultos con ansiedad<\/h1>\n[\/vc_column_text][\/vc_column_inner][vc_column_inner column_padding=&#8221;no-extra-padding&#8221; column_padding_tablet=&#8221;inherit&#8221; column_padding_phone=&#8221;inherit&#8221; column_padding_position=&#8221;all&#8221; column_element_spacing=&#8221;default&#8221; background_color_opacity=&#8221;1&#8243; background_hover_color_opacity=&#8221;1&#8243; column_shadow=&#8221;none&#8221; column_border_radius=&#8221;none&#8221; column_link_target=&#8221;_self&#8221; gradient_direction=&#8221;left_to_right&#8221; overlay_strength=&#8221;0.3&#8243; width=&#8221;1\/6&#8243; tablet_width_inherit=&#8221;default&#8221; bg_image_animation=&#8221;none&#8221; border_type=&#8221;simple&#8221; column_border_width=&#8221;none&#8221; column_border_style=&#8221;solid&#8221;][\/vc_column_inner][\/vc_row_inner][\/vc_column][\/vc_row][vc_row type=&#8221;full_width_content&#8221; full_screen_row_position=&#8221;middle&#8221; column_margin=&#8221;default&#8221; equal_height=&#8221;yes&#8221; content_placement=&#8221;middle&#8221; column_direction=&#8221;default&#8221; column_direction_tablet=&#8221;default&#8221; column_direction_phone=&#8221;default&#8221; bg_color=&#8221;#141414&#8243; full_height=&#8221;yes&#8221; columns_placement=&#8221;stretch&#8221; scene_position=&#8221;center&#8221; text_color=&#8221;light&#8221; text_align=&#8221;left&#8221; row_border_radius=&#8221;none&#8221; row_border_radius_applies=&#8221;bg&#8221; overlay_strength=&#8221;0.3&#8243; gradient_direction=&#8221;left_to_right&#8221; shape_divider_position=&#8221;bottom&#8221; bg_image_animation=&#8221;none&#8221; shape_type=&#8221;&#8221;][vc_column column_padding=&#8221;padding-10-percent&#8221; column_padding_tablet=&#8221;inherit&#8221; column_padding_phone=&#8221;inherit&#8221; column_padding_position=&#8221;all&#8221; column_element_spacing=&#8221;default&#8221; background_color_opacity=&#8221;1&#8243; background_hover_color_opacity=&#8221;1&#8243; column_shadow=&#8221;none&#8221; column_border_radius=&#8221;none&#8221; column_link_target=&#8221;_self&#8221; gradient_direction=&#8221;left_to_right&#8221; overlay_strength=&#8221;0.3&#8243; width=&#8221;1\/1&#8243; tablet_width_inherit=&#8221;default&#8221; tablet_text_alignment=&#8221;default&#8221; phone_text_alignment=&#8221;default&#8221; bg_image_animation=&#8221;none&#8221; border_type=&#8221;simple&#8221; column_border_width=&#8221;none&#8221; column_border_style=&#8221;solid&#8221;][vc_row_inner column_margin=&#8221;default&#8221; column_direction=&#8221;default&#8221; column_direction_tablet=&#8221;default&#8221; column_direction_phone=&#8221;default&#8221; text_align=&#8221;left&#8221;][vc_column_inner column_padding=&#8221;no-extra-padding&#8221; column_padding_tablet=&#8221;inherit&#8221; column_padding_phone=&#8221;inherit&#8221; column_padding_position=&#8221;all&#8221; column_element_spacing=&#8221;default&#8221; background_color_opacity=&#8221;1&#8243; background_hover_color_opacity=&#8221;1&#8243; column_shadow=&#8221;none&#8221; column_border_radius=&#8221;none&#8221; column_link_target=&#8221;_self&#8221; gradient_direction=&#8221;left_to_right&#8221; overlay_strength=&#8221;0.3&#8243; width=&#8221;1\/1&#8243; tablet_width_inherit=&#8221;default&#8221; bg_image_animation=&#8221;none&#8221; enable_animation=&#8221;true&#8221; animation=&#8221;fade-in-from-bottom&#8221; border_type=&#8221;simple&#8221; column_border_width=&#8221;none&#8221; column_border_style=&#8221;solid&#8221;][vc_custom_heading text=&#8221;Terapia para adultos&#8221; font_container=&#8221;tag:h5|text_align:left|color:%23bfbfbf&#8221; use_theme_fonts=&#8221;yes&#8221; css=&#8221;.vc_custom_1631266519038{margin-bottom: 10px !important;}&#8221;][\/vc_column_inner][\/vc_row_inner][vc_row_inner column_margin=&#8221;default&#8221; column_direction=&#8221;default&#8221; column_direction_tablet=&#8221;default&#8221; column_direction_phone=&#8221;default&#8221; text_align=&#8221;left&#8221;][vc_column_inner column_padding=&#8221;no-extra-padding&#8221; column_padding_tablet=&#8221;inherit&#8221; column_padding_phone=&#8221;inherit&#8221; column_padding_position=&#8221;all&#8221; column_element_spacing=&#8221;default&#8221; background_color_opacity=&#8221;1&#8243; background_hover_color_opacity=&#8221;1&#8243; column_shadow=&#8221;none&#8221; column_border_radius=&#8221;none&#8221; column_link_target=&#8221;_self&#8221; gradient_direction=&#8221;left_to_right&#8221; overlay_strength=&#8221;0.3&#8243; width=&#8221;1\/1&#8243; tablet_width_inherit=&#8221;default&#8221; bg_image_animation=&#8221;none&#8221; enable_animation=&#8221;true&#8221; animation=&#8221;fade-in-from-bottom&#8221; border_type=&#8221;simple&#8221; column_border_width=&#8221;none&#8221; column_border_style=&#8221;solid&#8221; delay=&#8221;100&#8243;][vc_custom_heading text=&#8221;Ansiedad&#8221; font_container=&#8221;tag:h2|font_size:40|text_align:left|line_height:50px&#8221; use_theme_fonts=&#8221;yes&#8221;][\/vc_column_inner][\/vc_row_inner][vc_row_inner column_margin=&#8221;default&#8221; column_direction=&#8221;default&#8221; column_direction_tablet=&#8221;default&#8221; column_direction_phone=&#8221;default&#8221; text_align=&#8221;left&#8221;][vc_column_inner column_padding=&#8221;no-extra-padding&#8221; column_padding_tablet=&#8221;inherit&#8221; column_padding_phone=&#8221;inherit&#8221; column_padding_position=&#8221;all&#8221; column_element_spacing=&#8221;default&#8221; background_color_opacity=&#8221;1&#8243; background_hover_color_opacity=&#8221;1&#8243; column_shadow=&#8221;none&#8221; column_border_radius=&#8221;none&#8221; column_link_target=&#8221;_self&#8221; gradient_direction=&#8221;left_to_right&#8221; overlay_strength=&#8221;0.3&#8243; width=&#8221;1\/1&#8243; tablet_width_inherit=&#8221;default&#8221; bg_image_animation=&#8221;none&#8221; enable_animation=&#8221;true&#8221; animation=&#8221;fade-in-from-bottom&#8221; border_type=&#8221;simple&#8221; column_border_width=&#8221;none&#8221; column_border_style=&#8221;solid&#8221; delay=&#8221;200&#8243;][vc_column_text css=&#8221;.vc_custom_1631208000378{margin-top: 30px !important;margin-bottom: 30px !important;}&#8221;]<strong>SINTOMATOLOG\u00cdA:<\/strong><\/p>\n<p>La ansiedad abarca m\u00faltiples s\u00edntomas que pueden variar en funci\u00f3n de la persona y ser m\u00e1s o menos intensos, donde podemos encontrarnos f\u00e1cilmente fatigados, irritados, con dificultad para concentrarnos, sufrir tensi\u00f3n muscular, problemas estomacales, sudores, temblor de voz, dolores de cabeza frecuentes, manos u pies fr\u00edos, despersonalizaci\u00f3n, inquietud o sentirse nervioso de manera habitual; hasta poder tener problemas de sue\u00f1o como dificultad para dormir o continuar durmiendo.<\/p>\n<p>Puedes adem\u00e1s sentirte que te es dif\u00edcil controlar las preocupaciones y que todo esto est\u00e1 dificultando tu vida diaria, tu vida social y profesional.<\/p>\n<p>Si esto es as\u00ed, es importante realizar un tratamiento espec\u00edfico que te ayude a encontrar y gestionar mejor aquello que est\u00e1 generando este problema psicol\u00f3gico que a la larga tambi\u00e9n tiene consecuencias f\u00edsicas.<\/p>\n<p>La farmacolog\u00eda puede ayudar a la terapia y al rev\u00e9s.<\/p>\n<p>Una forma de tratamiento no es mejor que la otra.<\/p>\n<p>Las dos modalidades de tratamiento pueden ser utilizadas en forma secuencial o pueden ir asociadas.<\/p>\n<p>Si hay sintomatolog\u00eda, la mejor opci\u00f3n para obtener una orientaci\u00f3n terap\u00e9utica personalizada es acudir al psic\u00f3logo o servicios de salud mental para valorar el origen y la intensidad del trastorno, y su repercusi\u00f3n sobre el rendimiento, actividades y calidad de vida.[\/vc_column_text][\/vc_column_inner][\/vc_row_inner][vc_column_text]<a href=\"http:\/\/www.laurarequena.es\/terapias-para-adultos\/\">Volver a terapia para adultos<\/a>[\/vc_column_text][\/vc_column][\/vc_row]\n","protected":false},"excerpt":{"rendered":"<p>[vc_row type=&#8221;full_width_background&#8221; full_screen_row_position=&#8221;middle&#8221; column_margin=&#8221;default&#8221; column_direction=&#8221;default&#8221; column_direction_tablet=&#8221;default&#8221; column_direction_phone=&#8221;default&#8221; bg_color=&#8221;#333333&#8243; bg_image=&#8221;739&#8243; bg_position=&#8221;center center&#8221; background_image_loading=&#8221;default&#8221; bg_repeat=&#8221;no-repeat&#8221; full_height=&#8221;yes&#8221; scene_position=&#8221;center&#8221; top_padding=&#8221;0&#8243; constrain_group_1=&#8221;yes&#8221; bottom_padding=&#8221;0&#8243; text_color=&#8221;light&#8221; text_align=&#8221;left&#8221; row_border_radius=&#8221;none&#8221; row_border_radius_applies=&#8221;bg&#8221; color_overlay=&#8221;#0a0a0a&#8221; overlay_strength=&#8221;0.3&#8243; gradient_direction=&#8221;left_to_right&#8221; shape_divider_position=&#8221;bottom&#8221; bg_image_animation=&#8221;none&#8221; parallax_bg=&#8221;true&#8221; parallax_bg_speed=&#8221;fast&#8221; shape_type=&#8221;&#8221;][vc_column&#8230;<\/p>\n","protected":false},"author":4,"featured_media":0,"parent":285,"menu_order":0,"comment_status":"closed","ping_status":"closed","template":"","meta":{"_joinchat":[],"footnotes":""},"class_list":["post-464","page","type-page","status-publish"],"yoast_head":"<!-- This site is optimized with the Yoast SEO plugin v27.1.1 - https:\/\/yoast.com\/product\/yoast-seo-wordpress\/ -->\n<title>Terapia para adultos con ansiedad, Laura Requena, Vitoria Gasteiz.<\/title>\n<meta name=\"description\" content=\"Trabajamos con terapias para adultos con ansiedad. Laura Requena, psic\u00f3loga, Vitoria Gasteiz. Pide cita al 658490030.\" \/>\n<meta name=\"robots\" content=\"index, follow, max-snippet:-1, max-image-preview:large, max-video-preview:-1\" \/>\n<link rel=\"canonical\" href=\"https:\/\/www.laurarequena.es\/en\/servicios\/terapias-para-adultos\/terapia-para-adultos-con-ansiedad\/\" \/>\n<meta property=\"og:locale\" content=\"en_US\" \/>\n<meta property=\"og:type\" content=\"article\" \/>\n<meta property=\"og:title\" content=\"Terapia para adultos con ansiedad, Laura Requena, Vitoria Gasteiz.\" \/>\n<meta property=\"og:description\" content=\"Trabajamos con terapias para adultos con ansiedad. Laura Requena, psic\u00f3loga, Vitoria Gasteiz. Pide cita al 658490030.\" \/>\n<meta property=\"og:url\" content=\"https:\/\/www.laurarequena.es\/servicios\/terapias-para-adultos\/terapia-para-adultos-con-ansiedad\/\" \/>\n<meta property=\"og:site_name\" content=\"Laura Requena\" \/>\n<meta property=\"article:modified_time\" content=\"2021-09-21T16:14:12+00:00\" \/>\n<meta name=\"twitter:card\" content=\"summary_large_image\" \/>\n<meta name=\"twitter:label1\" content=\"Est. reading time\" \/>\n\t<meta name=\"twitter:data1\" content=\"3 minutes\" \/>\n<script type=\"application\/ld+json\" class=\"yoast-schema-graph\">{\"@context\":\"https:\/\/schema.org\",\"@graph\":[{\"@type\":\"WebPage\",\"@id\":\"https:\/\/www.laurarequena.es\/servicios\/terapias-para-adultos\/terapia-para-adultos-con-ansiedad\/\",\"url\":\"https:\/\/www.laurarequena.es\/servicios\/terapias-para-adultos\/terapia-para-adultos-con-ansiedad\/\",\"name\":\"Terapia para adultos con ansiedad, Laura Requena, Vitoria Gasteiz.\",\"isPartOf\":{\"@id\":\"https:\/\/www.laurarequena.es\/#website\"},\"datePublished\":\"2021-09-03T09:39:46+00:00\",\"dateModified\":\"2021-09-21T16:14:12+00:00\",\"description\":\"Trabajamos con terapias para adultos con ansiedad. Laura Requena, psic\u00f3loga, Vitoria Gasteiz. Pide cita al 658490030.\",\"breadcrumb\":{\"@id\":\"https:\/\/www.laurarequena.es\/servicios\/terapias-para-adultos\/terapia-para-adultos-con-ansiedad\/#breadcrumb\"},\"inLanguage\":\"en-US\",\"potentialAction\":[{\"@type\":\"ReadAction\",\"target\":[\"https:\/\/www.laurarequena.es\/servicios\/terapias-para-adultos\/terapia-para-adultos-con-ansiedad\/\"]}]},{\"@type\":\"BreadcrumbList\",\"@id\":\"https:\/\/www.laurarequena.es\/servicios\/terapias-para-adultos\/terapia-para-adultos-con-ansiedad\/#breadcrumb\",\"itemListElement\":[{\"@type\":\"ListItem\",\"position\":1,\"name\":\"Portada\",\"item\":\"https:\/\/www.laurarequena.es\/\"},{\"@type\":\"ListItem\",\"position\":2,\"name\":\"Servicios\",\"item\":\"https:\/\/www.laurarequena.es\/servicios\/\"},{\"@type\":\"ListItem\",\"position\":3,\"name\":\"Terapias para adultos\",\"item\":\"https:\/\/www.laurarequena.es\/servicios\/terapias-para-adultos\/\"},{\"@type\":\"ListItem\",\"position\":4,\"name\":\"Terapia para adultos con ansiedad\"}]},{\"@type\":\"WebSite\",\"@id\":\"https:\/\/www.laurarequena.es\/#website\",\"url\":\"https:\/\/www.laurarequena.es\/\",\"name\":\"Laura Requena\",\"description\":\"\",\"publisher\":{\"@id\":\"https:\/\/www.laurarequena.es\/#organization\"},\"potentialAction\":[{\"@type\":\"SearchAction\",\"target\":{\"@type\":\"EntryPoint\",\"urlTemplate\":\"https:\/\/www.laurarequena.es\/?s={search_term_string}\"},\"query-input\":{\"@type\":\"PropertyValueSpecification\",\"valueRequired\":true,\"valueName\":\"search_term_string\"}}],\"inLanguage\":\"en-US\"},{\"@type\":\"Organization\",\"@id\":\"https:\/\/www.laurarequena.es\/#organization\",\"name\":\"Centro de Psicoterapia Laura Requena\",\"url\":\"https:\/\/www.laurarequena.es\/\",\"logo\":{\"@type\":\"ImageObject\",\"inLanguage\":\"en-US\",\"@id\":\"https:\/\/www.laurarequena.es\/#\/schema\/logo\/image\/\",\"url\":\"http:\/\/www.laurarequena.es\/wp-content\/uploads\/navbar-laura-requena-ticmatic.png\",\"contentUrl\":\"http:\/\/www.laurarequena.es\/wp-content\/uploads\/navbar-laura-requena-ticmatic.png\",\"width\":1780,\"height\":443,\"caption\":\"Centro de Psicoterapia Laura Requena\"},\"image\":{\"@id\":\"https:\/\/www.laurarequena.es\/#\/schema\/logo\/image\/\"}}]}<\/script>\n<!-- \/ Yoast SEO plugin. -->","yoast_head_json":{"title":"Terapia para adultos con ansiedad, Laura Requena, Vitoria Gasteiz.","description":"Trabajamos con terapias para adultos con ansiedad. Laura Requena, psic\u00f3loga, Vitoria Gasteiz. Pide cita al 658490030.","robots":{"index":"index","follow":"follow","max-snippet":"max-snippet:-1","max-image-preview":"max-image-preview:large","max-video-preview":"max-video-preview:-1"},"canonical":"https:\/\/www.laurarequena.es\/en\/servicios\/terapias-para-adultos\/terapia-para-adultos-con-ansiedad\/","og_locale":"en_US","og_type":"article","og_title":"Terapia para adultos con ansiedad, Laura Requena, Vitoria Gasteiz.","og_description":"Trabajamos con terapias para adultos con ansiedad. Laura Requena, psic\u00f3loga, Vitoria Gasteiz. Pide cita al 658490030.","og_url":"https:\/\/www.laurarequena.es\/servicios\/terapias-para-adultos\/terapia-para-adultos-con-ansiedad\/","og_site_name":"Laura Requena","article_modified_time":"2021-09-21T16:14:12+00:00","twitter_card":"summary_large_image","twitter_misc":{"Est. reading time":"3 minutes"},"schema":{"@context":"https:\/\/schema.org","@graph":[{"@type":"WebPage","@id":"https:\/\/www.laurarequena.es\/servicios\/terapias-para-adultos\/terapia-para-adultos-con-ansiedad\/","url":"https:\/\/www.laurarequena.es\/servicios\/terapias-para-adultos\/terapia-para-adultos-con-ansiedad\/","name":"Terapia para adultos con ansiedad, Laura Requena, Vitoria Gasteiz.","isPartOf":{"@id":"https:\/\/www.laurarequena.es\/#website"},"datePublished":"2021-09-03T09:39:46+00:00","dateModified":"2021-09-21T16:14:12+00:00","description":"Trabajamos con terapias para adultos con ansiedad. Laura Requena, psic\u00f3loga, Vitoria Gasteiz. Pide cita al 658490030.","breadcrumb":{"@id":"https:\/\/www.laurarequena.es\/servicios\/terapias-para-adultos\/terapia-para-adultos-con-ansiedad\/#breadcrumb"},"inLanguage":"en-US","potentialAction":[{"@type":"ReadAction","target":["https:\/\/www.laurarequena.es\/servicios\/terapias-para-adultos\/terapia-para-adultos-con-ansiedad\/"]}]},{"@type":"BreadcrumbList","@id":"https:\/\/www.laurarequena.es\/servicios\/terapias-para-adultos\/terapia-para-adultos-con-ansiedad\/#breadcrumb","itemListElement":[{"@type":"ListItem","position":1,"name":"Portada","item":"https:\/\/www.laurarequena.es\/"},{"@type":"ListItem","position":2,"name":"Servicios","item":"https:\/\/www.laurarequena.es\/servicios\/"},{"@type":"ListItem","position":3,"name":"Terapias para adultos","item":"https:\/\/www.laurarequena.es\/servicios\/terapias-para-adultos\/"},{"@type":"ListItem","position":4,"name":"Terapia para adultos con ansiedad"}]},{"@type":"WebSite","@id":"https:\/\/www.laurarequena.es\/#website","url":"https:\/\/www.laurarequena.es\/","name":"Laura Requena","description":"","publisher":{"@id":"https:\/\/www.laurarequena.es\/#organization"},"potentialAction":[{"@type":"SearchAction","target":{"@type":"EntryPoint","urlTemplate":"https:\/\/www.laurarequena.es\/?s={search_term_string}"},"query-input":{"@type":"PropertyValueSpecification","valueRequired":true,"valueName":"search_term_string"}}],"inLanguage":"en-US"},{"@type":"Organization","@id":"https:\/\/www.laurarequena.es\/#organization","name":"Centro de Psicoterapia Laura Requena","url":"https:\/\/www.laurarequena.es\/","logo":{"@type":"ImageObject","inLanguage":"en-US","@id":"https:\/\/www.laurarequena.es\/#\/schema\/logo\/image\/","url":"http:\/\/www.laurarequena.es\/wp-content\/uploads\/navbar-laura-requena-ticmatic.png","contentUrl":"http:\/\/www.laurarequena.es\/wp-content\/uploads\/navbar-laura-requena-ticmatic.png","width":1780,"height":443,"caption":"Centro de Psicoterapia Laura Requena"},"image":{"@id":"https:\/\/www.laurarequena.es\/#\/schema\/logo\/image\/"}}]}},"_links":{"self":[{"href":"https:\/\/www.laurarequena.es\/en\/wp-json\/wp\/v2\/pages\/464","targetHints":{"allow":["GET"]}}],"collection":[{"href":"https:\/\/www.laurarequena.es\/en\/wp-json\/wp\/v2\/pages"}],"about":[{"href":"https:\/\/www.laurarequena.es\/en\/wp-json\/wp\/v2\/types\/page"}],"author":[{"embeddable":true,"href":"https:\/\/www.laurarequena.es\/en\/wp-json\/wp\/v2\/users\/4"}],"replies":[{"embeddable":true,"href":"https:\/\/www.laurarequena.es\/en\/wp-json\/wp\/v2\/comments?post=464"}],"version-history":[{"count":14,"href":"https:\/\/www.laurarequena.es\/en\/wp-json\/wp\/v2\/pages\/464\/revisions"}],"predecessor-version":[{"id":1047,"href":"https:\/\/www.laurarequena.es\/en\/wp-json\/wp\/v2\/pages\/464\/revisions\/1047"}],"up":[{"embeddable":true,"href":"https:\/\/www.laurarequena.es\/en\/wp-json\/wp\/v2\/pages\/285"}],"wp:attachment":[{"href":"https:\/\/www.laurarequena.es\/en\/wp-json\/wp\/v2\/media?parent=464"}],"curies":[{"name":"wp","href":"https:\/\/api.w.org\/{rel}","templated":true}]}}