{"id":1163,"date":"2021-09-10T19:52:33","date_gmt":"2021-09-10T17:52:33","guid":{"rendered":"http:\/\/www.laurarequena.es\/?page_id=1163"},"modified":"2021-09-21T17:01:55","modified_gmt":"2021-09-21T15:01:55","slug":"metodo-de-trabajo-para-conducta-suicida-con-terapia-cognitivo-conductual","status":"publish","type":"page","link":"https:\/\/www.laurarequena.es\/en\/metodo-de-trabajo\/metodo-de-trabajo-para-conducta-suicida-con-terapia-cognitivo-conductual\/","title":{"rendered":"M\u00e9todo de trabajo para la conducta suicida con terapia cognitivo conductual"},"content":{"rendered":"[vc_row type=&#8221;full_width_background&#8221; full_screen_row_position=&#8221;middle&#8221; column_margin=&#8221;default&#8221; column_direction=&#8221;default&#8221; column_direction_tablet=&#8221;default&#8221; column_direction_phone=&#8221;default&#8221; bg_color=&#8221;#333333&#8243; bg_image=&#8221;1289&#8243; bg_position=&#8221;center center&#8221; background_image_loading=&#8221;default&#8221; bg_repeat=&#8221;no-repeat&#8221; full_height=&#8221;yes&#8221; scene_position=&#8221;center&#8221; top_padding=&#8221;0&#8243; constrain_group_1=&#8221;yes&#8221; bottom_padding=&#8221;0&#8243; text_color=&#8221;light&#8221; text_align=&#8221;left&#8221; row_border_radius=&#8221;none&#8221; row_border_radius_applies=&#8221;bg&#8221; color_overlay=&#8221;#0a0a0a&#8221; overlay_strength=&#8221;0.3&#8243; gradient_direction=&#8221;left_to_right&#8221; shape_divider_position=&#8221;bottom&#8221; bg_image_animation=&#8221;none&#8221; parallax_bg=&#8221;true&#8221; parallax_bg_speed=&#8221;fast&#8221; shape_type=&#8221;&#8221;][vc_column column_padding=&#8221;no-extra-padding&#8221; column_padding_tablet=&#8221;inherit&#8221; column_padding_phone=&#8221;inherit&#8221; column_padding_position=&#8221;all&#8221; column_element_spacing=&#8221;default&#8221; background_color_opacity=&#8221;1&#8243; background_hover_color_opacity=&#8221;1&#8243; column_shadow=&#8221;none&#8221; column_border_radius=&#8221;none&#8221; column_link_target=&#8221;_self&#8221; gradient_direction=&#8221;left_to_right&#8221; overlay_strength=&#8221;0.3&#8243; width=&#8221;1\/1&#8243; tablet_width_inherit=&#8221;default&#8221; tablet_text_alignment=&#8221;default&#8221; phone_text_alignment=&#8221;default&#8221; bg_image_animation=&#8221;none&#8221; border_type=&#8221;simple&#8221; column_border_width=&#8221;none&#8221; column_border_style=&#8221;solid&#8221;][vc_row_inner column_margin=&#8221;default&#8221; column_direction=&#8221;default&#8221; column_direction_tablet=&#8221;default&#8221; column_direction_phone=&#8221;default&#8221; text_align=&#8221;left&#8221;][vc_column_inner column_padding=&#8221;no-extra-padding&#8221; column_padding_tablet=&#8221;inherit&#8221; column_padding_phone=&#8221;inherit&#8221; column_padding_position=&#8221;all&#8221; column_element_spacing=&#8221;default&#8221; background_color_opacity=&#8221;1&#8243; background_hover_color_opacity=&#8221;1&#8243; column_shadow=&#8221;none&#8221; column_border_radius=&#8221;none&#8221; column_link_target=&#8221;_self&#8221; gradient_direction=&#8221;left_to_right&#8221; overlay_strength=&#8221;0.3&#8243; width=&#8221;1\/6&#8243; tablet_width_inherit=&#8221;default&#8221; bg_image_animation=&#8221;none&#8221; enable_animation=&#8221;true&#8221; animation=&#8221;fade-in-from-bottom&#8221; border_type=&#8221;simple&#8221; column_border_width=&#8221;none&#8221; column_border_style=&#8221;solid&#8221;][\/vc_column_inner][vc_column_inner column_padding=&#8221;no-extra-padding&#8221; column_padding_tablet=&#8221;inherit&#8221; column_padding_phone=&#8221;inherit&#8221; column_padding_position=&#8221;all&#8221; column_element_spacing=&#8221;default&#8221; centered_text=&#8221;true&#8221; background_color_opacity=&#8221;1&#8243; background_hover_color_opacity=&#8221;1&#8243; column_shadow=&#8221;none&#8221; column_border_radius=&#8221;none&#8221; column_link_target=&#8221;_self&#8221; gradient_direction=&#8221;left_to_right&#8221; overlay_strength=&#8221;0.3&#8243; width=&#8221;2\/3&#8243; tablet_width_inherit=&#8221;default&#8221; bg_image_animation=&#8221;none&#8221; enable_animation=&#8221;true&#8221; animation=&#8221;fade-in-from-bottom&#8221; border_type=&#8221;simple&#8221; column_border_width=&#8221;none&#8221; column_border_style=&#8221;solid&#8221;][vc_column_text css_animation=&#8221;none&#8221; css=&#8221;.vc_custom_1631721042151{margin-bottom: 15px !important;}&#8221;]\n<h1 style=\"text-align: center;\">M\u00e9todo de trabajo para la conducta suicida con terapia cognitivo conductual<\/h1>\n[\/vc_column_text][\/vc_column_inner][vc_column_inner column_padding=&#8221;no-extra-padding&#8221; column_padding_tablet=&#8221;inherit&#8221; column_padding_phone=&#8221;inherit&#8221; column_padding_position=&#8221;all&#8221; column_element_spacing=&#8221;default&#8221; background_color_opacity=&#8221;1&#8243; background_hover_color_opacity=&#8221;1&#8243; column_shadow=&#8221;none&#8221; column_border_radius=&#8221;none&#8221; column_link_target=&#8221;_self&#8221; gradient_direction=&#8221;left_to_right&#8221; overlay_strength=&#8221;0.3&#8243; width=&#8221;1\/6&#8243; tablet_width_inherit=&#8221;default&#8221; bg_image_animation=&#8221;none&#8221; border_type=&#8221;simple&#8221; column_border_width=&#8221;none&#8221; column_border_style=&#8221;solid&#8221;][\/vc_column_inner][\/vc_row_inner][\/vc_column][\/vc_row][vc_row type=&#8221;in_container&#8221; full_screen_row_position=&#8221;middle&#8221; column_margin=&#8221;default&#8221; column_direction=&#8221;default&#8221; column_direction_tablet=&#8221;default&#8221; column_direction_phone=&#8221;default&#8221; scene_position=&#8221;center&#8221; top_padding=&#8221;4%&#8221; bottom_padding=&#8221;4%&#8221; text_color=&#8221;dark&#8221; text_align=&#8221;left&#8221; row_border_radius=&#8221;none&#8221; row_border_radius_applies=&#8221;bg&#8221; overlay_strength=&#8221;0.3&#8243; gradient_direction=&#8221;left_to_right&#8221; shape_divider_position=&#8221;bottom&#8221; bg_image_animation=&#8221;none&#8221; shape_type=&#8221;&#8221;][vc_column column_padding=&#8221;no-extra-padding&#8221; column_padding_tablet=&#8221;inherit&#8221; column_padding_phone=&#8221;inherit&#8221; column_padding_position=&#8221;all&#8221; column_element_spacing=&#8221;default&#8221; background_color_opacity=&#8221;1&#8243; background_hover_color_opacity=&#8221;1&#8243; column_shadow=&#8221;none&#8221; column_border_radius=&#8221;none&#8221; column_link_target=&#8221;_self&#8221; gradient_direction=&#8221;left_to_right&#8221; overlay_strength=&#8221;0.3&#8243; width=&#8221;1\/1&#8243; tablet_width_inherit=&#8221;default&#8221; tablet_text_alignment=&#8221;default&#8221; phone_text_alignment=&#8221;default&#8221; bg_image_animation=&#8221;none&#8221; border_type=&#8221;simple&#8221; column_border_width=&#8221;none&#8221; column_border_style=&#8221;solid&#8221;][vc_column_text]La intervenci\u00f3n cognitiva para la conducta suicida naci\u00f3 en el modelo cognitivo de los trastornos emocionales, en depresi\u00f3n en particular, as\u00ed como la extensa literatura que une la desesperanza con la conducta suicida.<\/p>\n<p>El modelo te\u00f3rico de la Terapia Cognitiva (TC), parte del supuesto b\u00e1sico de que las personas suelen padecer psicopatolog\u00edas no por las situaciones en s\u00ed, sino por la interpretaci\u00f3n que suelen hacer de estas.<\/p>\n<p>En el caso de la conducta suicida, el modelo afirma que es una expresi\u00f3n extrema del deseo de escape de lo que parece ser un problema irresoluble o una situaci\u00f3n insoportable y se deriva de tres componentes de la triada cognitiva negativa: yo defectuoso, un mundo agresivo y despiadado, y un futuro desolador y desesperanzado.<\/p>\n<p>A lo anterior se agregan ciertos errores cognitivos dominantes y unas estructuras cognitivas relativamente estables denominados esquemas disfuncionales activos, por tanto, el objetivo de la evaluaci\u00f3n en esta terapia, inicialmente se centra en la identificaci\u00f3n de pensamientos autom\u00e1ticos, distorsiones cognitivas y creencias centrales que se activan inmediatamente antes del intento de suicidio.<\/p>\n<p>El foco de la terapia cognitiva enfocada a la prevenci\u00f3n de suicidio tiene como finalidad reducir la conducta suicida con los siguientes elementos claves:<\/p>\n<ul>\n<li>El desarrollo de medios eficaces para hacer frente a la desesperanza y a la conducta objeto suicida.<\/li>\n<li>Involucrar a los pacientes r\u00e1pidamente en el tratamiento para reducir la deserci\u00f3n.<\/li>\n<li>Amentar el uso adaptativo de los servicios de salud.<\/li>\n<li>Aumentar el uso adaptativo del apoyo o soporte social.<\/li>\n<\/ul>\n[\/vc_column_text][\/vc_column][\/vc_row][vc_row type=&#8221;in_container&#8221; full_screen_row_position=&#8221;middle&#8221; column_margin=&#8221;default&#8221; column_direction=&#8221;default&#8221; column_direction_tablet=&#8221;default&#8221; column_direction_phone=&#8221;default&#8221; scene_position=&#8221;center&#8221; bottom_padding=&#8221;4%&#8221; text_color=&#8221;dark&#8221; text_align=&#8221;left&#8221; row_border_radius=&#8221;none&#8221; row_border_radius_applies=&#8221;bg&#8221; overlay_strength=&#8221;0.3&#8243; gradient_direction=&#8221;left_to_right&#8221; shape_divider_position=&#8221;bottom&#8221; bg_image_animation=&#8221;none&#8221; shape_type=&#8221;&#8221;][vc_column column_padding=&#8221;no-extra-padding&#8221; column_padding_tablet=&#8221;inherit&#8221; column_padding_phone=&#8221;inherit&#8221; column_padding_position=&#8221;all&#8221; column_element_spacing=&#8221;default&#8221; background_color_opacity=&#8221;1&#8243; background_hover_color_opacity=&#8221;1&#8243; column_shadow=&#8221;none&#8221; column_border_radius=&#8221;none&#8221; column_link_target=&#8221;_self&#8221; gradient_direction=&#8221;left_to_right&#8221; overlay_strength=&#8221;0.3&#8243; width=&#8221;1\/1&#8243; tablet_width_inherit=&#8221;default&#8221; tablet_text_alignment=&#8221;default&#8221; phone_text_alignment=&#8221;default&#8221; bg_image_animation=&#8221;none&#8221; border_type=&#8221;simple&#8221; column_border_width=&#8221;none&#8221; column_border_style=&#8221;solid&#8221;][vc_custom_heading text=&#8221;Ofrezco para el tratamiento de la conducta suicida, la terapia cognitivo conductual, para:&#8221; use_theme_fonts=&#8221;yes&#8221;][vc_row_inner column_margin=&#8221;default&#8221; column_direction=&#8221;default&#8221; column_direction_tablet=&#8221;default&#8221; column_direction_phone=&#8221;default&#8221; top_padding=&#8221;2%&#8221; text_align=&#8221;left&#8221;][vc_column_inner column_padding=&#8221;no-extra-padding&#8221; column_padding_tablet=&#8221;inherit&#8221; column_padding_phone=&#8221;inherit&#8221; column_padding_position=&#8221;all&#8221; column_element_spacing=&#8221;default&#8221; background_color_opacity=&#8221;1&#8243; background_hover_color_opacity=&#8221;1&#8243; column_shadow=&#8221;none&#8221; column_border_radius=&#8221;none&#8221; column_link_target=&#8221;_self&#8221; gradient_direction=&#8221;left_to_right&#8221; overlay_strength=&#8221;0.3&#8243; width=&#8221;1\/3&#8243; tablet_width_inherit=&#8221;default&#8221; bg_image_animation=&#8221;none&#8221; border_type=&#8221;simple&#8221; column_border_width=&#8221;none&#8221; column_border_style=&#8221;solid&#8221;][fancy_box box_style=&#8221;color_box_hover&#8221; icon_family=&#8221;iconsmind&#8221; color=&#8221;extra-color-gradient-1&#8243; color_box_hover_overlay_opacity=&#8221;default&#8221; box_alignment=&#8221;left&#8221; border_radius=&#8221;default&#8221; image_loading=&#8221;default&#8221; icon_iconsmind=&#8221;iconsmind-Gemini-2&#8243; min_height=&#8221;200&#8243;]Desarrollo de medios eficaces para hacer frente a la desesperanza y a la conducta objeto suicida.[\/fancy_box][\/vc_column_inner][vc_column_inner column_padding=&#8221;no-extra-padding&#8221; column_padding_tablet=&#8221;inherit&#8221; column_padding_phone=&#8221;inherit&#8221; column_padding_position=&#8221;all&#8221; column_element_spacing=&#8221;default&#8221; background_color_opacity=&#8221;1&#8243; background_hover_color_opacity=&#8221;1&#8243; column_shadow=&#8221;none&#8221; column_border_radius=&#8221;none&#8221; column_link_target=&#8221;_self&#8221; gradient_direction=&#8221;left_to_right&#8221; overlay_strength=&#8221;0.3&#8243; width=&#8221;1\/3&#8243; tablet_width_inherit=&#8221;default&#8221; bg_image_animation=&#8221;none&#8221; border_type=&#8221;simple&#8221; column_border_width=&#8221;none&#8221; column_border_style=&#8221;solid&#8221;][fancy_box box_style=&#8221;color_box_hover&#8221; icon_family=&#8221;iconsmind&#8221; color=&#8221;extra-color-gradient-1&#8243; color_box_hover_overlay_opacity=&#8221;default&#8221; box_alignment=&#8221;left&#8221; border_radius=&#8221;default&#8221; image_loading=&#8221;default&#8221; icon_iconsmind=&#8221;iconsmind-Police-Woman&#8221; min_height=&#8221;200&#8243;]Aumentar el uso adaptativo de los servicios de salud.[\/fancy_box][\/vc_column_inner][vc_column_inner column_padding=&#8221;no-extra-padding&#8221; column_padding_tablet=&#8221;inherit&#8221; column_padding_phone=&#8221;inherit&#8221; column_padding_position=&#8221;all&#8221; column_element_spacing=&#8221;default&#8221; background_color_opacity=&#8221;1&#8243; background_hover_color_opacity=&#8221;1&#8243; column_shadow=&#8221;none&#8221; column_border_radius=&#8221;none&#8221; column_link_target=&#8221;_self&#8221; gradient_direction=&#8221;left_to_right&#8221; overlay_strength=&#8221;0.3&#8243; width=&#8221;1\/3&#8243; tablet_width_inherit=&#8221;default&#8221; bg_image_animation=&#8221;none&#8221; border_type=&#8221;simple&#8221; column_border_width=&#8221;none&#8221; column_border_style=&#8221;solid&#8221;][fancy_box box_style=&#8221;color_box_hover&#8221; icon_family=&#8221;iconsmind&#8221; color=&#8221;extra-color-gradient-1&#8243; color_box_hover_overlay_opacity=&#8221;default&#8221; box_alignment=&#8221;left&#8221; border_radius=&#8221;default&#8221; image_loading=&#8221;default&#8221; icon_iconsmind=&#8221;iconsmind-Family-Sign&#8221; min_height=&#8221;200&#8243;]Aumentar el uso adaptativo del apoyo o soporte social.[\/fancy_box][\/vc_column_inner][\/vc_row_inner][\/vc_column][\/vc_row]\n","protected":false},"excerpt":{"rendered":"<p>[vc_row type=&#8221;full_width_background&#8221; full_screen_row_position=&#8221;middle&#8221; column_margin=&#8221;default&#8221; column_direction=&#8221;default&#8221; column_direction_tablet=&#8221;default&#8221; column_direction_phone=&#8221;default&#8221; bg_color=&#8221;#333333&#8243; bg_image=&#8221;1289&#8243; bg_position=&#8221;center center&#8221; background_image_loading=&#8221;default&#8221; bg_repeat=&#8221;no-repeat&#8221; full_height=&#8221;yes&#8221; scene_position=&#8221;center&#8221; top_padding=&#8221;0&#8243; constrain_group_1=&#8221;yes&#8221; bottom_padding=&#8221;0&#8243; text_color=&#8221;light&#8221; text_align=&#8221;left&#8221; row_border_radius=&#8221;none&#8221; row_border_radius_applies=&#8221;bg&#8221; color_overlay=&#8221;#0a0a0a&#8221; overlay_strength=&#8221;0.3&#8243; gradient_direction=&#8221;left_to_right&#8221; shape_divider_position=&#8221;bottom&#8221; bg_image_animation=&#8221;none&#8221; parallax_bg=&#8221;true&#8221; parallax_bg_speed=&#8221;fast&#8221; shape_type=&#8221;&#8221;][vc_column&#8230;<\/p>\n","protected":false},"author":4,"featured_media":0,"parent":293,"menu_order":0,"comment_status":"closed","ping_status":"closed","template":"","meta":{"_joinchat":[],"footnotes":""},"class_list":["post-1163","page","type-page","status-publish"],"yoast_head":"<!-- This site is optimized with the Yoast SEO plugin v27.1.1 - https:\/\/yoast.com\/product\/yoast-seo-wordpress\/ -->\n<title>Terapia cognitivo conductual para la prevenci\u00f3n de la conducta suicida.<\/title>\n<meta name=\"description\" content=\"Prevenci\u00f3n de la conducta suicida con terapia cognitivo conductual. Laura Requena, psic\u00f3loga en Vitoria Gasteiz. Tel\u00e9fono 658 490 030\" \/>\n<meta name=\"robots\" content=\"index, follow, max-snippet:-1, max-image-preview:large, max-video-preview:-1\" \/>\n<link rel=\"canonical\" href=\"https:\/\/www.laurarequena.es\/en\/metodos-de-trabajo\/metodo-de-trabajo-para-conducta-suicida-con-terapia-cognitivo-conductual\/\" \/>\n<meta property=\"og:locale\" content=\"en_US\" \/>\n<meta property=\"og:type\" content=\"article\" \/>\n<meta property=\"og:title\" content=\"Terapia cognitivo conductual para la prevenci\u00f3n de la conducta suicida.\" \/>\n<meta property=\"og:description\" content=\"Prevenci\u00f3n de la conducta suicida con terapia cognitivo conductual. Laura Requena, psic\u00f3loga en Vitoria Gasteiz. Tel\u00e9fono 658 490 030\" \/>\n<meta property=\"og:url\" content=\"https:\/\/www.laurarequena.es\/metodos-de-trabajo\/metodo-de-trabajo-para-conducta-suicida-con-terapia-cognitivo-conductual\/\" \/>\n<meta property=\"og:site_name\" content=\"Laura Requena\" \/>\n<meta property=\"article:modified_time\" content=\"2021-09-21T15:01:55+00:00\" \/>\n<meta name=\"twitter:card\" content=\"summary_large_image\" \/>\n<meta name=\"twitter:label1\" content=\"Est. reading time\" \/>\n\t<meta name=\"twitter:data1\" content=\"3 minutes\" \/>\n<script type=\"application\/ld+json\" class=\"yoast-schema-graph\">{\"@context\":\"https:\/\/schema.org\",\"@graph\":[{\"@type\":\"WebPage\",\"@id\":\"https:\/\/www.laurarequena.es\/metodos-de-trabajo\/metodo-de-trabajo-para-conducta-suicida-con-terapia-cognitivo-conductual\/\",\"url\":\"https:\/\/www.laurarequena.es\/metodos-de-trabajo\/metodo-de-trabajo-para-conducta-suicida-con-terapia-cognitivo-conductual\/\",\"name\":\"Terapia cognitivo conductual para la prevenci\u00f3n de la conducta suicida.\",\"isPartOf\":{\"@id\":\"https:\/\/www.laurarequena.es\/#website\"},\"datePublished\":\"2021-09-10T17:52:33+00:00\",\"dateModified\":\"2021-09-21T15:01:55+00:00\",\"description\":\"Prevenci\u00f3n de la conducta suicida con terapia cognitivo conductual. Laura Requena, psic\u00f3loga en Vitoria Gasteiz. Tel\u00e9fono 658 490 030\",\"breadcrumb\":{\"@id\":\"https:\/\/www.laurarequena.es\/metodos-de-trabajo\/metodo-de-trabajo-para-conducta-suicida-con-terapia-cognitivo-conductual\/#breadcrumb\"},\"inLanguage\":\"en-US\",\"potentialAction\":[{\"@type\":\"ReadAction\",\"target\":[\"https:\/\/www.laurarequena.es\/metodos-de-trabajo\/metodo-de-trabajo-para-conducta-suicida-con-terapia-cognitivo-conductual\/\"]}]},{\"@type\":\"BreadcrumbList\",\"@id\":\"https:\/\/www.laurarequena.es\/metodos-de-trabajo\/metodo-de-trabajo-para-conducta-suicida-con-terapia-cognitivo-conductual\/#breadcrumb\",\"itemListElement\":[{\"@type\":\"ListItem\",\"position\":1,\"name\":\"Portada\",\"item\":\"https:\/\/www.laurarequena.es\/\"},{\"@type\":\"ListItem\",\"position\":2,\"name\":\"Metodo de trabajo\",\"item\":\"https:\/\/www.laurarequena.es\/metodos-de-trabajo\/\"},{\"@type\":\"ListItem\",\"position\":3,\"name\":\"M\u00e9todo de trabajo para la conducta suicida con terapia cognitivo conductual\"}]},{\"@type\":\"WebSite\",\"@id\":\"https:\/\/www.laurarequena.es\/#website\",\"url\":\"https:\/\/www.laurarequena.es\/\",\"name\":\"Laura Requena\",\"description\":\"\",\"publisher\":{\"@id\":\"https:\/\/www.laurarequena.es\/#organization\"},\"potentialAction\":[{\"@type\":\"SearchAction\",\"target\":{\"@type\":\"EntryPoint\",\"urlTemplate\":\"https:\/\/www.laurarequena.es\/?s={search_term_string}\"},\"query-input\":{\"@type\":\"PropertyValueSpecification\",\"valueRequired\":true,\"valueName\":\"search_term_string\"}}],\"inLanguage\":\"en-US\"},{\"@type\":\"Organization\",\"@id\":\"https:\/\/www.laurarequena.es\/#organization\",\"name\":\"Centro de Psicoterapia Laura Requena\",\"url\":\"https:\/\/www.laurarequena.es\/\",\"logo\":{\"@type\":\"ImageObject\",\"inLanguage\":\"en-US\",\"@id\":\"https:\/\/www.laurarequena.es\/#\/schema\/logo\/image\/\",\"url\":\"http:\/\/www.laurarequena.es\/wp-content\/uploads\/navbar-laura-requena-ticmatic.png\",\"contentUrl\":\"http:\/\/www.laurarequena.es\/wp-content\/uploads\/navbar-laura-requena-ticmatic.png\",\"width\":1780,\"height\":443,\"caption\":\"Centro de Psicoterapia Laura Requena\"},\"image\":{\"@id\":\"https:\/\/www.laurarequena.es\/#\/schema\/logo\/image\/\"}}]}<\/script>\n<!-- \/ Yoast SEO plugin. -->","yoast_head_json":{"title":"Terapia cognitivo conductual para la prevenci\u00f3n de la conducta suicida.","description":"Prevenci\u00f3n de la conducta suicida con terapia cognitivo conductual. Laura Requena, psic\u00f3loga en Vitoria Gasteiz. Tel\u00e9fono 658 490 030","robots":{"index":"index","follow":"follow","max-snippet":"max-snippet:-1","max-image-preview":"max-image-preview:large","max-video-preview":"max-video-preview:-1"},"canonical":"https:\/\/www.laurarequena.es\/en\/metodos-de-trabajo\/metodo-de-trabajo-para-conducta-suicida-con-terapia-cognitivo-conductual\/","og_locale":"en_US","og_type":"article","og_title":"Terapia cognitivo conductual para la prevenci\u00f3n de la conducta suicida.","og_description":"Prevenci\u00f3n de la conducta suicida con terapia cognitivo conductual. Laura Requena, psic\u00f3loga en Vitoria Gasteiz. Tel\u00e9fono 658 490 030","og_url":"https:\/\/www.laurarequena.es\/metodos-de-trabajo\/metodo-de-trabajo-para-conducta-suicida-con-terapia-cognitivo-conductual\/","og_site_name":"Laura Requena","article_modified_time":"2021-09-21T15:01:55+00:00","twitter_card":"summary_large_image","twitter_misc":{"Est. reading time":"3 minutes"},"schema":{"@context":"https:\/\/schema.org","@graph":[{"@type":"WebPage","@id":"https:\/\/www.laurarequena.es\/metodos-de-trabajo\/metodo-de-trabajo-para-conducta-suicida-con-terapia-cognitivo-conductual\/","url":"https:\/\/www.laurarequena.es\/metodos-de-trabajo\/metodo-de-trabajo-para-conducta-suicida-con-terapia-cognitivo-conductual\/","name":"Terapia cognitivo conductual para la prevenci\u00f3n de la conducta suicida.","isPartOf":{"@id":"https:\/\/www.laurarequena.es\/#website"},"datePublished":"2021-09-10T17:52:33+00:00","dateModified":"2021-09-21T15:01:55+00:00","description":"Prevenci\u00f3n de la conducta suicida con terapia cognitivo conductual. Laura Requena, psic\u00f3loga en Vitoria Gasteiz. Tel\u00e9fono 658 490 030","breadcrumb":{"@id":"https:\/\/www.laurarequena.es\/metodos-de-trabajo\/metodo-de-trabajo-para-conducta-suicida-con-terapia-cognitivo-conductual\/#breadcrumb"},"inLanguage":"en-US","potentialAction":[{"@type":"ReadAction","target":["https:\/\/www.laurarequena.es\/metodos-de-trabajo\/metodo-de-trabajo-para-conducta-suicida-con-terapia-cognitivo-conductual\/"]}]},{"@type":"BreadcrumbList","@id":"https:\/\/www.laurarequena.es\/metodos-de-trabajo\/metodo-de-trabajo-para-conducta-suicida-con-terapia-cognitivo-conductual\/#breadcrumb","itemListElement":[{"@type":"ListItem","position":1,"name":"Portada","item":"https:\/\/www.laurarequena.es\/"},{"@type":"ListItem","position":2,"name":"Metodo de trabajo","item":"https:\/\/www.laurarequena.es\/metodos-de-trabajo\/"},{"@type":"ListItem","position":3,"name":"M\u00e9todo de trabajo para la conducta suicida con terapia cognitivo conductual"}]},{"@type":"WebSite","@id":"https:\/\/www.laurarequena.es\/#website","url":"https:\/\/www.laurarequena.es\/","name":"Laura Requena","description":"","publisher":{"@id":"https:\/\/www.laurarequena.es\/#organization"},"potentialAction":[{"@type":"SearchAction","target":{"@type":"EntryPoint","urlTemplate":"https:\/\/www.laurarequena.es\/?s={search_term_string}"},"query-input":{"@type":"PropertyValueSpecification","valueRequired":true,"valueName":"search_term_string"}}],"inLanguage":"en-US"},{"@type":"Organization","@id":"https:\/\/www.laurarequena.es\/#organization","name":"Centro de Psicoterapia Laura Requena","url":"https:\/\/www.laurarequena.es\/","logo":{"@type":"ImageObject","inLanguage":"en-US","@id":"https:\/\/www.laurarequena.es\/#\/schema\/logo\/image\/","url":"http:\/\/www.laurarequena.es\/wp-content\/uploads\/navbar-laura-requena-ticmatic.png","contentUrl":"http:\/\/www.laurarequena.es\/wp-content\/uploads\/navbar-laura-requena-ticmatic.png","width":1780,"height":443,"caption":"Centro de Psicoterapia Laura Requena"},"image":{"@id":"https:\/\/www.laurarequena.es\/#\/schema\/logo\/image\/"}}]}},"_links":{"self":[{"href":"https:\/\/www.laurarequena.es\/en\/wp-json\/wp\/v2\/pages\/1163","targetHints":{"allow":["GET"]}}],"collection":[{"href":"https:\/\/www.laurarequena.es\/en\/wp-json\/wp\/v2\/pages"}],"about":[{"href":"https:\/\/www.laurarequena.es\/en\/wp-json\/wp\/v2\/types\/page"}],"author":[{"embeddable":true,"href":"https:\/\/www.laurarequena.es\/en\/wp-json\/wp\/v2\/users\/4"}],"replies":[{"embeddable":true,"href":"https:\/\/www.laurarequena.es\/en\/wp-json\/wp\/v2\/comments?post=1163"}],"version-history":[{"count":8,"href":"https:\/\/www.laurarequena.es\/en\/wp-json\/wp\/v2\/pages\/1163\/revisions"}],"predecessor-version":[{"id":1370,"href":"https:\/\/www.laurarequena.es\/en\/wp-json\/wp\/v2\/pages\/1163\/revisions\/1370"}],"up":[{"embeddable":true,"href":"https:\/\/www.laurarequena.es\/en\/wp-json\/wp\/v2\/pages\/293"}],"wp:attachment":[{"href":"https:\/\/www.laurarequena.es\/en\/wp-json\/wp\/v2\/media?parent=1163"}],"curies":[{"name":"wp","href":"https:\/\/api.w.org\/{rel}","templated":true}]}}