{"id":1149,"date":"2021-09-10T19:23:42","date_gmt":"2021-09-10T17:23:42","guid":{"rendered":"http:\/\/www.laurarequena.es\/?page_id=1149"},"modified":"2021-09-21T13:18:28","modified_gmt":"2021-09-21T11:18:28","slug":"metodos-de-trabajo-para-la-conducta-suicida-con-terapia-de-fortaleza","status":"publish","type":"page","link":"https:\/\/www.laurarequena.es\/en\/metodo-de-trabajo\/metodos-de-trabajo-para-la-conducta-suicida-con-terapia-de-fortaleza\/","title":{"rendered":"M\u00e9todo de trabajo para conducta suicida con terapia de fortalezas"},"content":{"rendered":"[vc_row type=&#8221;full_width_background&#8221; full_screen_row_position=&#8221;middle&#8221; column_margin=&#8221;default&#8221; column_direction=&#8221;default&#8221; column_direction_tablet=&#8221;default&#8221; column_direction_phone=&#8221;default&#8221; bg_color=&#8221;#333333&#8243; bg_image=&#8221;1281&#8243; bg_position=&#8221;center center&#8221; background_image_loading=&#8221;default&#8221; bg_repeat=&#8221;no-repeat&#8221; full_height=&#8221;yes&#8221; scene_position=&#8221;center&#8221; top_padding=&#8221;0&#8243; constrain_group_1=&#8221;yes&#8221; bottom_padding=&#8221;0&#8243; text_color=&#8221;light&#8221; text_align=&#8221;left&#8221; row_border_radius=&#8221;none&#8221; row_border_radius_applies=&#8221;bg&#8221; color_overlay=&#8221;#0a0a0a&#8221; overlay_strength=&#8221;0.3&#8243; gradient_direction=&#8221;left_to_right&#8221; shape_divider_position=&#8221;bottom&#8221; bg_image_animation=&#8221;none&#8221; parallax_bg=&#8221;true&#8221; parallax_bg_speed=&#8221;fast&#8221; shape_type=&#8221;&#8221;][vc_column column_padding=&#8221;no-extra-padding&#8221; column_padding_tablet=&#8221;inherit&#8221; column_padding_phone=&#8221;inherit&#8221; column_padding_position=&#8221;all&#8221; column_element_spacing=&#8221;default&#8221; background_color_opacity=&#8221;1&#8243; background_hover_color_opacity=&#8221;1&#8243; column_shadow=&#8221;none&#8221; column_border_radius=&#8221;none&#8221; column_link_target=&#8221;_self&#8221; gradient_direction=&#8221;left_to_right&#8221; overlay_strength=&#8221;0.3&#8243; width=&#8221;1\/1&#8243; tablet_width_inherit=&#8221;default&#8221; tablet_text_alignment=&#8221;default&#8221; phone_text_alignment=&#8221;default&#8221; bg_image_animation=&#8221;none&#8221; border_type=&#8221;simple&#8221; column_border_width=&#8221;none&#8221; column_border_style=&#8221;solid&#8221;][vc_row_inner column_margin=&#8221;default&#8221; column_direction=&#8221;default&#8221; column_direction_tablet=&#8221;default&#8221; column_direction_phone=&#8221;default&#8221; text_align=&#8221;left&#8221;][vc_column_inner column_padding=&#8221;no-extra-padding&#8221; column_padding_tablet=&#8221;inherit&#8221; column_padding_phone=&#8221;inherit&#8221; column_padding_position=&#8221;all&#8221; column_element_spacing=&#8221;default&#8221; background_color_opacity=&#8221;1&#8243; background_hover_color_opacity=&#8221;1&#8243; column_shadow=&#8221;none&#8221; column_border_radius=&#8221;none&#8221; column_link_target=&#8221;_self&#8221; gradient_direction=&#8221;left_to_right&#8221; overlay_strength=&#8221;0.3&#8243; width=&#8221;1\/6&#8243; tablet_width_inherit=&#8221;default&#8221; bg_image_animation=&#8221;none&#8221; enable_animation=&#8221;true&#8221; animation=&#8221;fade-in-from-bottom&#8221; border_type=&#8221;simple&#8221; column_border_width=&#8221;none&#8221; column_border_style=&#8221;solid&#8221;][\/vc_column_inner][vc_column_inner column_padding=&#8221;no-extra-padding&#8221; column_padding_tablet=&#8221;inherit&#8221; column_padding_phone=&#8221;inherit&#8221; column_padding_position=&#8221;all&#8221; column_element_spacing=&#8221;default&#8221; centered_text=&#8221;true&#8221; background_color_opacity=&#8221;1&#8243; background_hover_color_opacity=&#8221;1&#8243; column_shadow=&#8221;none&#8221; column_border_radius=&#8221;none&#8221; column_link_target=&#8221;_self&#8221; gradient_direction=&#8221;left_to_right&#8221; overlay_strength=&#8221;0.3&#8243; width=&#8221;2\/3&#8243; tablet_width_inherit=&#8221;default&#8221; bg_image_animation=&#8221;none&#8221; enable_animation=&#8221;true&#8221; animation=&#8221;fade-in-from-bottom&#8221; border_type=&#8221;simple&#8221; column_border_width=&#8221;none&#8221; column_border_style=&#8221;solid&#8221;][vc_column_text css_animation=&#8221;none&#8221; css=&#8221;.vc_custom_1631720658053{margin-bottom: 15px !important;}&#8221;]\n<h1 style=\"text-align: center;\">M\u00e9todo de trabajo para conducta suicida con terapia de fortalezas<\/h1>\n[\/vc_column_text][\/vc_column_inner][vc_column_inner column_padding=&#8221;no-extra-padding&#8221; column_padding_tablet=&#8221;inherit&#8221; column_padding_phone=&#8221;inherit&#8221; column_padding_position=&#8221;all&#8221; column_element_spacing=&#8221;default&#8221; background_color_opacity=&#8221;1&#8243; background_hover_color_opacity=&#8221;1&#8243; column_shadow=&#8221;none&#8221; column_border_radius=&#8221;none&#8221; column_link_target=&#8221;_self&#8221; gradient_direction=&#8221;left_to_right&#8221; overlay_strength=&#8221;0.3&#8243; width=&#8221;1\/6&#8243; tablet_width_inherit=&#8221;default&#8221; bg_image_animation=&#8221;none&#8221; border_type=&#8221;simple&#8221; column_border_width=&#8221;none&#8221; column_border_style=&#8221;solid&#8221;][\/vc_column_inner][\/vc_row_inner][\/vc_column][\/vc_row][vc_row type=&#8221;in_container&#8221; full_screen_row_position=&#8221;middle&#8221; column_margin=&#8221;default&#8221; column_direction=&#8221;default&#8221; column_direction_tablet=&#8221;default&#8221; column_direction_phone=&#8221;default&#8221; scene_position=&#8221;center&#8221; top_padding=&#8221;4%&#8221; bottom_padding=&#8221;4%&#8221; text_color=&#8221;dark&#8221; text_align=&#8221;left&#8221; row_border_radius=&#8221;none&#8221; row_border_radius_applies=&#8221;bg&#8221; overlay_strength=&#8221;0.3&#8243; gradient_direction=&#8221;left_to_right&#8221; shape_divider_position=&#8221;bottom&#8221; bg_image_animation=&#8221;none&#8221; shape_type=&#8221;&#8221;][vc_column column_padding=&#8221;no-extra-padding&#8221; column_padding_tablet=&#8221;inherit&#8221; column_padding_phone=&#8221;inherit&#8221; column_padding_position=&#8221;all&#8221; column_element_spacing=&#8221;default&#8221; background_color_opacity=&#8221;1&#8243; background_hover_color_opacity=&#8221;1&#8243; column_shadow=&#8221;none&#8221; column_border_radius=&#8221;none&#8221; column_link_target=&#8221;_self&#8221; gradient_direction=&#8221;left_to_right&#8221; overlay_strength=&#8221;0.3&#8243; width=&#8221;1\/1&#8243; tablet_width_inherit=&#8221;default&#8221; tablet_text_alignment=&#8221;default&#8221; phone_text_alignment=&#8221;default&#8221; bg_image_animation=&#8221;none&#8221; border_type=&#8221;simple&#8221; column_border_width=&#8221;none&#8221; column_border_style=&#8221;solid&#8221;][vc_column_text]La psicoterapia positiva proviene de la Psicolog\u00eda Positiva desarrollada por Seligman a partir de 1998 hasta la actualidad.<\/p>\n<p>Propone estrategias para la b\u00fasqueda de la verdadera felicidad, a la que Seligman (2003) define como la \u00abidentificaci\u00f3n y el cultivo de las fortalezas m\u00e1s importantes de la persona y de su uso cotidiano en el trabajo, el amor, el ocio y la educaci\u00f3n de los hijos\u00bb.<\/p>\n<p>As\u00ed, el aplicar las fortalezas personales a lo largo de la vida, ayuda a desarrollar una protecci\u00f3n contra el infortunio, la depresi\u00f3n y las emociones negativas.<\/p>\n<p>Por lo tanto, el rumbo de la vida se orientar\u00e1 hacia \u00e1mbitos m\u00e1s positivos, potenciando la creatividad, la tolerancia, la apertura a nuevas ideas y experiencias (Diener y Seligman, 2002).<\/p>\n<p>Entrenar a las personas vulnerables a la depresi\u00f3n y a las ideas suicidas a un mejor manejo de sus fortalezas ha demostrado ser \u00fatil para reducir la ansiedad, la depresi\u00f3n y mejorar la resiliencia y es una forma de intervenir en la prevenci\u00f3n del riesgo suicida.<\/p>\n<p>Seg\u00fan la OMS (2014) la prevenci\u00f3n de suicidio puede fortalecerse gracias a factores protectores alentadores, como relaciones personales s\u00f3lidas, un sistema personal de creencias y estrategias de afrontamiento positivas.<\/p>\n<p>Esta terapia es utilizada en terapia de grupo, sin embargo, hay aspectos de la misma que se pueden trabajar a nivel individual, combinadas con otras t\u00e9cnicas terap\u00e9uticas.<\/p>\n<p>Es importante entender que el suicido es multidimensional y muy complejo, por lo que la intervenci\u00f3n en consulta es tambi\u00e9n compleja y debe estar adaptada a cada caso con el uso de estas herramientas y otras, que se vayan adaptando a las necesidades de esa persona y se vaya valorando qu\u00e9 funciona mejor.[\/vc_column_text][\/vc_column][\/vc_row][vc_row type=&#8221;in_container&#8221; full_screen_row_position=&#8221;middle&#8221; column_margin=&#8221;default&#8221; column_direction=&#8221;default&#8221; column_direction_tablet=&#8221;default&#8221; column_direction_phone=&#8221;default&#8221; scene_position=&#8221;center&#8221; bottom_padding=&#8221;4%&#8221; text_color=&#8221;dark&#8221; text_align=&#8221;left&#8221; row_border_radius=&#8221;none&#8221; row_border_radius_applies=&#8221;bg&#8221; overlay_strength=&#8221;0.3&#8243; gradient_direction=&#8221;left_to_right&#8221; shape_divider_position=&#8221;bottom&#8221; bg_image_animation=&#8221;none&#8221; shape_type=&#8221;&#8221;][vc_column column_padding=&#8221;no-extra-padding&#8221; column_padding_tablet=&#8221;inherit&#8221; column_padding_phone=&#8221;inherit&#8221; column_padding_position=&#8221;all&#8221; column_element_spacing=&#8221;default&#8221; background_color_opacity=&#8221;1&#8243; background_hover_color_opacity=&#8221;1&#8243; column_shadow=&#8221;none&#8221; column_border_radius=&#8221;none&#8221; column_link_target=&#8221;_self&#8221; gradient_direction=&#8221;left_to_right&#8221; overlay_strength=&#8221;0.3&#8243; width=&#8221;1\/1&#8243; tablet_width_inherit=&#8221;default&#8221; tablet_text_alignment=&#8221;default&#8221; phone_text_alignment=&#8221;default&#8221; bg_image_animation=&#8221;none&#8221; border_type=&#8221;simple&#8221; column_border_width=&#8221;none&#8221; column_border_style=&#8221;solid&#8221;][vc_custom_heading text=&#8221;Ofrezco para tratar la conducta suicida, la terapia de fortalezas, para:&#8221; use_theme_fonts=&#8221;yes&#8221;][vc_row_inner column_margin=&#8221;default&#8221; column_direction=&#8221;default&#8221; column_direction_tablet=&#8221;default&#8221; column_direction_phone=&#8221;default&#8221; top_padding=&#8221;2%&#8221; text_align=&#8221;left&#8221;][vc_column_inner column_padding=&#8221;no-extra-padding&#8221; column_padding_tablet=&#8221;inherit&#8221; column_padding_phone=&#8221;inherit&#8221; column_padding_position=&#8221;all&#8221; column_element_spacing=&#8221;default&#8221; background_color_opacity=&#8221;1&#8243; background_hover_color_opacity=&#8221;1&#8243; column_shadow=&#8221;none&#8221; column_border_radius=&#8221;none&#8221; column_link_target=&#8221;_self&#8221; gradient_direction=&#8221;left_to_right&#8221; overlay_strength=&#8221;0.3&#8243; width=&#8221;1\/3&#8243; tablet_width_inherit=&#8221;default&#8221; bg_image_animation=&#8221;none&#8221; border_type=&#8221;simple&#8221; column_border_width=&#8221;none&#8221; column_border_style=&#8221;solid&#8221;][fancy_box box_style=&#8221;color_box_hover&#8221; icon_family=&#8221;iconsmind&#8221; color=&#8221;extra-color-gradient-1&#8243; color_box_hover_overlay_opacity=&#8221;default&#8221; box_alignment=&#8221;left&#8221; border_radius=&#8221;default&#8221; image_loading=&#8221;default&#8221; icon_iconsmind=&#8221;iconsmind-Gemini-2&#8243; min_height=&#8221;200&#8243;]Ayuda a desarrollar una protecci\u00f3n contra el infortunio, la depresi\u00f3n y las emociones negativas.[\/fancy_box][\/vc_column_inner][vc_column_inner column_padding=&#8221;no-extra-padding&#8221; column_padding_tablet=&#8221;inherit&#8221; column_padding_phone=&#8221;inherit&#8221; column_padding_position=&#8221;all&#8221; column_element_spacing=&#8221;default&#8221; background_color_opacity=&#8221;1&#8243; background_hover_color_opacity=&#8221;1&#8243; column_shadow=&#8221;none&#8221; column_border_radius=&#8221;none&#8221; column_link_target=&#8221;_self&#8221; gradient_direction=&#8221;left_to_right&#8221; overlay_strength=&#8221;0.3&#8243; width=&#8221;1\/3&#8243; tablet_width_inherit=&#8221;default&#8221; bg_image_animation=&#8221;none&#8221; border_type=&#8221;simple&#8221; column_border_width=&#8221;none&#8221; column_border_style=&#8221;solid&#8221;][fancy_box box_style=&#8221;color_box_hover&#8221; icon_family=&#8221;iconsmind&#8221; color=&#8221;extra-color-gradient-1&#8243; color_box_hover_overlay_opacity=&#8221;default&#8221; box_alignment=&#8221;left&#8221; border_radius=&#8221;default&#8221; image_loading=&#8221;default&#8221; icon_iconsmind=&#8221;iconsmind-Cranium&#8221; min_height=&#8221;200&#8243;]Potenciar la creatividad, la tolerancia, la apertura a nuevas ideas y experiencias.[\/fancy_box][\/vc_column_inner][vc_column_inner column_padding=&#8221;no-extra-padding&#8221; column_padding_tablet=&#8221;inherit&#8221; column_padding_phone=&#8221;inherit&#8221; column_padding_position=&#8221;all&#8221; column_element_spacing=&#8221;default&#8221; background_color_opacity=&#8221;1&#8243; background_hover_color_opacity=&#8221;1&#8243; column_shadow=&#8221;none&#8221; column_border_radius=&#8221;none&#8221; column_link_target=&#8221;_self&#8221; gradient_direction=&#8221;left_to_right&#8221; overlay_strength=&#8221;0.3&#8243; width=&#8221;1\/3&#8243; tablet_width_inherit=&#8221;default&#8221; bg_image_animation=&#8221;none&#8221; border_type=&#8221;simple&#8221; column_border_width=&#8221;none&#8221; column_border_style=&#8221;solid&#8221;][fancy_box box_style=&#8221;color_box_hover&#8221; icon_family=&#8221;iconsmind&#8221; color=&#8221;extra-color-gradient-1&#8243; color_box_hover_overlay_opacity=&#8221;default&#8221; box_alignment=&#8221;left&#8221; border_radius=&#8221;default&#8221; image_loading=&#8221;default&#8221; icon_iconsmind=&#8221;iconsmind-Affiliate&#8221; min_height=&#8221;200&#8243;]Reducir la ansiedad, la depresi\u00f3n, mejorar la resiliencia y prevenir el riesgo suicida[\/fancy_box][\/vc_column_inner][\/vc_row_inner][\/vc_column][\/vc_row]\n","protected":false},"excerpt":{"rendered":"<p>[vc_row type=&#8221;full_width_background&#8221; full_screen_row_position=&#8221;middle&#8221; column_margin=&#8221;default&#8221; column_direction=&#8221;default&#8221; column_direction_tablet=&#8221;default&#8221; column_direction_phone=&#8221;default&#8221; bg_color=&#8221;#333333&#8243; bg_image=&#8221;1281&#8243; bg_position=&#8221;center center&#8221; background_image_loading=&#8221;default&#8221; bg_repeat=&#8221;no-repeat&#8221; full_height=&#8221;yes&#8221; scene_position=&#8221;center&#8221; top_padding=&#8221;0&#8243; constrain_group_1=&#8221;yes&#8221; bottom_padding=&#8221;0&#8243; text_color=&#8221;light&#8221; text_align=&#8221;left&#8221; row_border_radius=&#8221;none&#8221; row_border_radius_applies=&#8221;bg&#8221; color_overlay=&#8221;#0a0a0a&#8221; overlay_strength=&#8221;0.3&#8243; gradient_direction=&#8221;left_to_right&#8221; shape_divider_position=&#8221;bottom&#8221; bg_image_animation=&#8221;none&#8221; parallax_bg=&#8221;true&#8221; parallax_bg_speed=&#8221;fast&#8221; shape_type=&#8221;&#8221;][vc_column&#8230;<\/p>\n","protected":false},"author":4,"featured_media":0,"parent":293,"menu_order":0,"comment_status":"closed","ping_status":"closed","template":"","meta":{"_joinchat":[],"footnotes":""},"class_list":["post-1149","page","type-page","status-publish"],"yoast_head":"<!-- This site is optimized with the Yoast SEO plugin v27.1.1 - https:\/\/yoast.com\/product\/yoast-seo-wordpress\/ -->\n<title>Terapia de fortaleza para la conducta suicida de Laura Requena, Vitoria.<\/title>\n<meta name=\"description\" content=\"Terapia de fortalezas y manejo de la resiliencia de Laura Requena, psic\u00f3loga en Vitoria Gasteiz. Contacto: 945046439 658490030.\" \/>\n<meta name=\"robots\" content=\"index, follow, max-snippet:-1, max-image-preview:large, max-video-preview:-1\" \/>\n<link rel=\"canonical\" href=\"https:\/\/www.laurarequena.es\/en\/metodos-de-trabajo\/metodos-de-trabajo-para-la-conducta-suicida-con-terapia-de-fortaleza\/\" \/>\n<meta property=\"og:locale\" content=\"en_US\" \/>\n<meta property=\"og:type\" content=\"article\" \/>\n<meta property=\"og:title\" content=\"Terapia de fortaleza para la conducta suicida de Laura Requena, Vitoria.\" \/>\n<meta property=\"og:description\" content=\"Terapia de fortalezas y manejo de la resiliencia de Laura Requena, psic\u00f3loga en Vitoria Gasteiz. Contacto: 945046439 658490030.\" \/>\n<meta property=\"og:url\" content=\"https:\/\/www.laurarequena.es\/metodos-de-trabajo\/metodos-de-trabajo-para-la-conducta-suicida-con-terapia-de-fortaleza\/\" \/>\n<meta property=\"og:site_name\" content=\"Laura Requena\" \/>\n<meta property=\"article:modified_time\" content=\"2021-09-21T11:18:28+00:00\" \/>\n<meta name=\"twitter:card\" content=\"summary_large_image\" \/>\n<meta name=\"twitter:label1\" content=\"Est. reading time\" \/>\n\t<meta name=\"twitter:data1\" content=\"3 minutes\" \/>\n<script type=\"application\/ld+json\" class=\"yoast-schema-graph\">{\"@context\":\"https:\/\/schema.org\",\"@graph\":[{\"@type\":\"WebPage\",\"@id\":\"https:\/\/www.laurarequena.es\/metodos-de-trabajo\/metodos-de-trabajo-para-la-conducta-suicida-con-terapia-de-fortaleza\/\",\"url\":\"https:\/\/www.laurarequena.es\/metodos-de-trabajo\/metodos-de-trabajo-para-la-conducta-suicida-con-terapia-de-fortaleza\/\",\"name\":\"Terapia de fortaleza para la conducta suicida de Laura Requena, Vitoria.\",\"isPartOf\":{\"@id\":\"https:\/\/www.laurarequena.es\/#website\"},\"datePublished\":\"2021-09-10T17:23:42+00:00\",\"dateModified\":\"2021-09-21T11:18:28+00:00\",\"description\":\"Terapia de fortalezas y manejo de la resiliencia de Laura Requena, psic\u00f3loga en Vitoria Gasteiz. Contacto: 945046439 658490030.\",\"breadcrumb\":{\"@id\":\"https:\/\/www.laurarequena.es\/metodos-de-trabajo\/metodos-de-trabajo-para-la-conducta-suicida-con-terapia-de-fortaleza\/#breadcrumb\"},\"inLanguage\":\"en-US\",\"potentialAction\":[{\"@type\":\"ReadAction\",\"target\":[\"https:\/\/www.laurarequena.es\/metodos-de-trabajo\/metodos-de-trabajo-para-la-conducta-suicida-con-terapia-de-fortaleza\/\"]}]},{\"@type\":\"BreadcrumbList\",\"@id\":\"https:\/\/www.laurarequena.es\/metodos-de-trabajo\/metodos-de-trabajo-para-la-conducta-suicida-con-terapia-de-fortaleza\/#breadcrumb\",\"itemListElement\":[{\"@type\":\"ListItem\",\"position\":1,\"name\":\"Portada\",\"item\":\"https:\/\/www.laurarequena.es\/\"},{\"@type\":\"ListItem\",\"position\":2,\"name\":\"Metodo de trabajo\",\"item\":\"https:\/\/www.laurarequena.es\/metodos-de-trabajo\/\"},{\"@type\":\"ListItem\",\"position\":3,\"name\":\"M\u00e9todo de trabajo para conducta suicida con terapia de fortalezas\"}]},{\"@type\":\"WebSite\",\"@id\":\"https:\/\/www.laurarequena.es\/#website\",\"url\":\"https:\/\/www.laurarequena.es\/\",\"name\":\"Laura Requena\",\"description\":\"\",\"publisher\":{\"@id\":\"https:\/\/www.laurarequena.es\/#organization\"},\"potentialAction\":[{\"@type\":\"SearchAction\",\"target\":{\"@type\":\"EntryPoint\",\"urlTemplate\":\"https:\/\/www.laurarequena.es\/?s={search_term_string}\"},\"query-input\":{\"@type\":\"PropertyValueSpecification\",\"valueRequired\":true,\"valueName\":\"search_term_string\"}}],\"inLanguage\":\"en-US\"},{\"@type\":\"Organization\",\"@id\":\"https:\/\/www.laurarequena.es\/#organization\",\"name\":\"Centro de Psicoterapia Laura Requena\",\"url\":\"https:\/\/www.laurarequena.es\/\",\"logo\":{\"@type\":\"ImageObject\",\"inLanguage\":\"en-US\",\"@id\":\"https:\/\/www.laurarequena.es\/#\/schema\/logo\/image\/\",\"url\":\"http:\/\/www.laurarequena.es\/wp-content\/uploads\/navbar-laura-requena-ticmatic.png\",\"contentUrl\":\"http:\/\/www.laurarequena.es\/wp-content\/uploads\/navbar-laura-requena-ticmatic.png\",\"width\":1780,\"height\":443,\"caption\":\"Centro de Psicoterapia Laura Requena\"},\"image\":{\"@id\":\"https:\/\/www.laurarequena.es\/#\/schema\/logo\/image\/\"}}]}<\/script>\n<!-- \/ Yoast SEO plugin. -->","yoast_head_json":{"title":"Terapia de fortaleza para la conducta suicida de Laura Requena, Vitoria.","description":"Terapia de fortalezas y manejo de la resiliencia de Laura Requena, psic\u00f3loga en Vitoria Gasteiz. Contacto: 945046439 658490030.","robots":{"index":"index","follow":"follow","max-snippet":"max-snippet:-1","max-image-preview":"max-image-preview:large","max-video-preview":"max-video-preview:-1"},"canonical":"https:\/\/www.laurarequena.es\/en\/metodos-de-trabajo\/metodos-de-trabajo-para-la-conducta-suicida-con-terapia-de-fortaleza\/","og_locale":"en_US","og_type":"article","og_title":"Terapia de fortaleza para la conducta suicida de Laura Requena, Vitoria.","og_description":"Terapia de fortalezas y manejo de la resiliencia de Laura Requena, psic\u00f3loga en Vitoria Gasteiz. Contacto: 945046439 658490030.","og_url":"https:\/\/www.laurarequena.es\/metodos-de-trabajo\/metodos-de-trabajo-para-la-conducta-suicida-con-terapia-de-fortaleza\/","og_site_name":"Laura Requena","article_modified_time":"2021-09-21T11:18:28+00:00","twitter_card":"summary_large_image","twitter_misc":{"Est. reading time":"3 minutes"},"schema":{"@context":"https:\/\/schema.org","@graph":[{"@type":"WebPage","@id":"https:\/\/www.laurarequena.es\/metodos-de-trabajo\/metodos-de-trabajo-para-la-conducta-suicida-con-terapia-de-fortaleza\/","url":"https:\/\/www.laurarequena.es\/metodos-de-trabajo\/metodos-de-trabajo-para-la-conducta-suicida-con-terapia-de-fortaleza\/","name":"Terapia de fortaleza para la conducta suicida de Laura Requena, Vitoria.","isPartOf":{"@id":"https:\/\/www.laurarequena.es\/#website"},"datePublished":"2021-09-10T17:23:42+00:00","dateModified":"2021-09-21T11:18:28+00:00","description":"Terapia de fortalezas y manejo de la resiliencia de Laura Requena, psic\u00f3loga en Vitoria Gasteiz. Contacto: 945046439 658490030.","breadcrumb":{"@id":"https:\/\/www.laurarequena.es\/metodos-de-trabajo\/metodos-de-trabajo-para-la-conducta-suicida-con-terapia-de-fortaleza\/#breadcrumb"},"inLanguage":"en-US","potentialAction":[{"@type":"ReadAction","target":["https:\/\/www.laurarequena.es\/metodos-de-trabajo\/metodos-de-trabajo-para-la-conducta-suicida-con-terapia-de-fortaleza\/"]}]},{"@type":"BreadcrumbList","@id":"https:\/\/www.laurarequena.es\/metodos-de-trabajo\/metodos-de-trabajo-para-la-conducta-suicida-con-terapia-de-fortaleza\/#breadcrumb","itemListElement":[{"@type":"ListItem","position":1,"name":"Portada","item":"https:\/\/www.laurarequena.es\/"},{"@type":"ListItem","position":2,"name":"Metodo de trabajo","item":"https:\/\/www.laurarequena.es\/metodos-de-trabajo\/"},{"@type":"ListItem","position":3,"name":"M\u00e9todo de trabajo para conducta suicida con terapia de fortalezas"}]},{"@type":"WebSite","@id":"https:\/\/www.laurarequena.es\/#website","url":"https:\/\/www.laurarequena.es\/","name":"Laura Requena","description":"","publisher":{"@id":"https:\/\/www.laurarequena.es\/#organization"},"potentialAction":[{"@type":"SearchAction","target":{"@type":"EntryPoint","urlTemplate":"https:\/\/www.laurarequena.es\/?s={search_term_string}"},"query-input":{"@type":"PropertyValueSpecification","valueRequired":true,"valueName":"search_term_string"}}],"inLanguage":"en-US"},{"@type":"Organization","@id":"https:\/\/www.laurarequena.es\/#organization","name":"Centro de Psicoterapia Laura Requena","url":"https:\/\/www.laurarequena.es\/","logo":{"@type":"ImageObject","inLanguage":"en-US","@id":"https:\/\/www.laurarequena.es\/#\/schema\/logo\/image\/","url":"http:\/\/www.laurarequena.es\/wp-content\/uploads\/navbar-laura-requena-ticmatic.png","contentUrl":"http:\/\/www.laurarequena.es\/wp-content\/uploads\/navbar-laura-requena-ticmatic.png","width":1780,"height":443,"caption":"Centro de Psicoterapia Laura Requena"},"image":{"@id":"https:\/\/www.laurarequena.es\/#\/schema\/logo\/image\/"}}]}},"_links":{"self":[{"href":"https:\/\/www.laurarequena.es\/en\/wp-json\/wp\/v2\/pages\/1149","targetHints":{"allow":["GET"]}}],"collection":[{"href":"https:\/\/www.laurarequena.es\/en\/wp-json\/wp\/v2\/pages"}],"about":[{"href":"https:\/\/www.laurarequena.es\/en\/wp-json\/wp\/v2\/types\/page"}],"author":[{"embeddable":true,"href":"https:\/\/www.laurarequena.es\/en\/wp-json\/wp\/v2\/users\/4"}],"replies":[{"embeddable":true,"href":"https:\/\/www.laurarequena.es\/en\/wp-json\/wp\/v2\/comments?post=1149"}],"version-history":[{"count":7,"href":"https:\/\/www.laurarequena.es\/en\/wp-json\/wp\/v2\/pages\/1149\/revisions"}],"predecessor-version":[{"id":1349,"href":"https:\/\/www.laurarequena.es\/en\/wp-json\/wp\/v2\/pages\/1149\/revisions\/1349"}],"up":[{"embeddable":true,"href":"https:\/\/www.laurarequena.es\/en\/wp-json\/wp\/v2\/pages\/293"}],"wp:attachment":[{"href":"https:\/\/www.laurarequena.es\/en\/wp-json\/wp\/v2\/media?parent=1149"}],"curies":[{"name":"wp","href":"https:\/\/api.w.org\/{rel}","templated":true}]}}